{"id":3364,"date":"2024-11-08T17:36:55","date_gmt":"2024-11-08T16:36:55","guid":{"rendered":"https:\/\/ws-staging.prolifeeurope.org\/home\/"},"modified":"2025-04-08T13:19:47","modified_gmt":"2025-04-08T11:19:47","slug":"home","status":"publish","type":"page","link":"https:\/\/prolifeeurope.org\/pt-pt\/","title":{"rendered":"Home"},"content":{"rendered":"\r\n<section  class=\"bg-brown\">\r\n    <div class=\"px-5 grid items-center md:grid-cols-2 lg:h-full\">\r\n        <div class=\"-mx-5 h-full bg-orange pt-10 flex items-center justify-center md:mr-0 md:pt-0 [@media(max-width:767px)]:!bg-none\" style=\"background-image:url( https:\/\/prolifeeurope.org\/wp-content\/uploads\/2024\/11\/noise-orange.jpg)\">\r\n            <img loading=\"lazy\" decoding=\"async\" width=\"728\" height=\"541\" src=\"https:\/\/prolifeeurope.org\/wp-content\/uploads\/2024\/11\/04-make-love-manos-1-2-1.png\" class=\"w-full h-full max-w-[689px] object-contain 2xl:ml-auto 2xl:~mr-5\/10\" alt=\"\" srcset=\"https:\/\/prolifeeurope.org\/wp-content\/uploads\/2024\/11\/04-make-love-manos-1-2-1.png 728w, https:\/\/prolifeeurope.org\/wp-content\/uploads\/2024\/11\/04-make-love-manos-1-2-1-300x223.png 300w\" sizes=\"auto, (max-width: 728px) 100vw, 728px\" \/>        <\/div>\r\n        <div class=\"-order-1 flex flex-col items-start py-12 ~gap-y-6\/10 md:order-none md:~px-5\/75px md:~py-5\/150px\">\r\n            <P class=\"text-base font-normal text-cream\/[90%]\">Criar uma cultura de vida em toda a Europa<\/P>\r\n            <h1 class=\"heading-big -ml-1 text-orange [&#038;_span]:font-['Reckless_Light'] [&#038;_span]:font-light [&#038;_span]:-tracking-3 [&#038;_span]:text-cream\">Defende a Vida<br><span>e junta-te<br>\u00e0 nova revolu\u00e7\u00e3o<\/span><\/h1>\r\n            <a class=\"btn btn-yellow\" href=\"https:\/\/prolifeeurope.org\/pt-pt\/doar\/\" role=\"button\" target=\"_self\">\r\n                Doar                <svg width=\"21\" height=\"21\" viewBox=\"0 0 21 21\" fill=\"none\" xmlns=\"http:\/\/www.w3.org\/2000\/svg\">\r\n                    <path fill-rule=\"evenodd\" clip-rule=\"evenodd\" d=\"M11.1545 4.88892L16.1425 10.2095L11.1545 15.5301L10.4705 14.8889L14.418 10.6783H5.5V9.74076H14.418L10.4705 5.53011L11.1545 4.88892Z\" fill=\"#2C1C12\" stroke=\"#2C1C12\" stroke-width=\"0.4\"\/>\r\n                <\/svg>\r\n            <\/a>\r\n        <\/div>\r\n    <\/div>\r\n<\/section>\r\n<section  class=\"bg-orange\">\r\n    <div class=\"main ~py-60px\/138px text-center\">\r\n        <p class=\"heading text-body\/[90%] xl:-tracking-2\">Em todo o mundo, existem cerca de<\/p>\r\n        <h2 id=\"counter\" class=\"heading-big ~text-56\/170 [@media(max-width:389px)]:text-5xl ~leading-56\/170 ~my-6\/28px\" x-data=\"counterAnimation()\" x-intersect.full=\"startAnimation\" x-text=\"formattedNumber\"><\/h2>\r\n        <p class=\"heading text-body\/[90%] xl:-tracking-2 [&#038;_span]:text-cream\">abortos<span>*<\/span> todos os anos, e<\/p>\r\n        <h3 class=\"heading-big ~text-56\/170 ~leading-56\/170 ~mt-14\/120px ~mb-6\/28px\" x-data=\"{ shown: false }\" x-intersect.once=\"shown = true\" :class=\"shown ? 'opacity-0 animate-fadeIn' : 'opacity-0'\">1 em cada 6<\/h3>\r\n        <p class=\"heading text-body\/[90%] xl:-tracking-2\" x-data=\"{ shown: false }\" x-intersect.once=\"shown = true\" :class=\"shown ? 'opacity-0 animate-fadeIn' : 'opacity-0'\">gravidezes na Europa acabam em aborto<\/p>\r\n        <img loading=\"lazy\" decoding=\"async\" width=\"840\" height=\"140\" src=\"https:\/\/prolifeeurope.org\/wp-content\/uploads\/2025\/02\/1-in-6-abortion.svg\" class=\"~w-264px\/560px mx-auto ~my-60px\/130px\" alt=\"\" \/>        <p class=\"text-lg max-w-560px mx-auto [&#038;_a]:underline [&#038;_span]:text-cream\">A crise do aborto \u00e9 A crise humanit\u00e1ria do nosso tempo. \u00c9 uma injusti\u00e7a e uma forma de viol\u00eancia contra mulheres, homens e os seus beb\u00e9s. Diminui a dignidade da vida humana, tornando-se a mais significativa viola\u00e7\u00e3o dos direitos humanos alguma vez ocorrida.  <br \/>\n<br \/>\n<span>*<\/span>De acordo com <a href=\"https:\/\/www.guttmacher.org\/fact-sheet\/induced-abortion-worldwide\" target=\"_blank\">Abortion Worldwide, Guttmacher Institute<\/a><\/p>\r\n    <\/div>\r\n<\/section>\r\n<section  class=\"bg-cream\" x-data=\"carouselFilter()\">\r\n    <div class=\"main ~pt-60px\/120px ~pb-60px\/165px relative\">\r\n        <div class=\"~mb-10\/60px\">\r\n            <h2 class=\"~text-40\/62 ~leading-40\/62 -tracking-2 font-bold text-orange\/[90%] mb-4\">Porqu\u00ea ProLife Europe?<\/h2>\r\n            <p class=\"text-orange\/[90%] text-2xl font-bold\">O que dizem os nossos grupos:<\/p>\r\n        <\/div>\r\n                    <div x-show=\"active == 0\" x-transition:enter=\"transition ease-out duration-300\" x-transition:enter-start=\"opacity-0 transform scale-90\" x-transition:enter-end=\"opacity-100 transform scale-100\" x-transition:leave=\"transition ease-in duration-300\" x-transition:leave-start=\"opacity-100 transform scale-100\" x-transition:leave-end=\"opacity-0 transform scale-90\">\r\n                <div x-data=\"carousel()\" x-init=\"init()\">\r\n                    <div class=\"carousel [&#038;_.flickity-button]:bg-yellow [&#038;_.flickity-button]:border [&#038;_.flickity-button]:border-solid [&#038;_.flickity-button]:border-body\/[90%] [&#038;_.flickity-button]:!bg-no-repeat [&#038;_.flickity-button]:!bg-center [&#038;_.flickity-button-icon]:hidden [&#038;_.flickity-prev-next-button]:-top-[36px] [&#038;_.flickity-prev-next-button]:sm:-top-[15%] [&#038;_.flickity-prev-next-button.previous]:left-auto [&#038;_.flickity-button:hover]:bg-orange [&#038;_.flickity-button:hover]:shadow-none [&#038;_.flickity-prev-next-button.previous]:right-55px [&#038;_.flickity-prev-next-button.previous]:bg-[url('.\/images\/arrow-left.svg')] [&#038;_.flickity-prev-next-button.next]:right-0 [&#038;_.flickity-prev-next-button.next]:bg-[url('.\/images\/arrow-right.svg')] [&#038;_.flickity-page-dots]:-bottom-10\" x-ref=\"carousel\">   \r\n                                                        <div class=\"w-full sm:w-[calc(50%-20px)] lg:w-[calc(33.333333%-27px)] xl:w-[calc(25%-30px)] min-h-full grid gap-7 mx-5 bg-[rgba(255,250,240,1)] rounded-2xl px-6 py-9\">\r\n                                    <p class=\"text-15 text-body\/[90%]\">Proteger os mais fracos, especialmente os n\u00e3o nascidos, sempre foi um dos meus principais objetivos de vida. A ProLife Europe deu-me a oportunidade de dar uma voz a estas crian\u00e7as. <\/p>\r\n                                    <div class=\"flex items-center gap-4 mt-auto\">\r\n                                        <img loading=\"lazy\" decoding=\"async\" width=\"48\" height=\"48\" src=\"https:\/\/prolifeeurope.org\/wp-content\/uploads\/2025\/03\/Group-351.png\" class=\"w-12 h-12 rounded-full\" alt=\"\" \/>                                        <div class=\"\">\r\n                                            <p class=\"text-body\/[90%] text-13 font-bold\">Joaquin<\/p>\r\n                                            <p class=\"text-body\/[60%] text-13\">ProLife Cologne<\/p>\r\n                                        <\/div>\r\n                                    <\/div>\r\n                                <\/div>\r\n                                                        <div class=\"w-full sm:w-[calc(50%-20px)] lg:w-[calc(33.333333%-27px)] xl:w-[calc(25%-30px)] min-h-full grid gap-7 mx-5 bg-[rgba(255,250,240,1)] rounded-2xl px-6 py-9\">\r\n                                    <p class=\"text-15 text-body\/[90%]\">As forma\u00e7\u00f5es da ProLife Europe deram-me uma compreens\u00e3o profunda sobre o aborto e prepararam-me para esclarecer equ\u00edvocos. Seja qual for a perspetiva \u2014 biol\u00f3gica, legal ou \u00e9tica \u2014 sinto-me confiante para explicar porque \u00e9 que cada vida importa. <\/p>\r\n                                    <div class=\"flex items-center gap-4 mt-auto\">\r\n                                        <img loading=\"lazy\" decoding=\"async\" width=\"48\" height=\"48\" src=\"https:\/\/prolifeeurope.org\/wp-content\/uploads\/2025\/03\/Group-356.png\" class=\"w-12 h-12 rounded-full\" alt=\"\" \/>                                        <div class=\"\">\r\n                                            <p class=\"text-body\/[90%] text-13 font-bold\">Stefanie<\/p>\r\n                                            <p class=\"text-body\/[60%] text-13\">ProLife Wuppertal<\/p>\r\n                                        <\/div>\r\n                                    <\/div>\r\n                                <\/div>\r\n                                                        <div class=\"w-full sm:w-[calc(50%-20px)] lg:w-[calc(33.333333%-27px)] xl:w-[calc(25%-30px)] min-h-full grid gap-7 mx-5 bg-[rgba(255,250,240,1)] rounded-2xl px-6 py-9\">\r\n                                    <p class=\"text-15 text-body\/[90%]\">Fazer parte da ProLife Europe mudou verdadeiramente a minha vida. Deu-me esperan\u00e7a, um sentido de perten\u00e7a e a oportunidade de fazer a diferen\u00e7a. <\/p>\r\n                                    <div class=\"flex items-center gap-4 mt-auto\">\r\n                                        <img loading=\"lazy\" decoding=\"async\" width=\"48\" height=\"48\" src=\"https:\/\/prolifeeurope.org\/wp-content\/uploads\/2025\/03\/Group-352.png\" class=\"w-12 h-12 rounded-full\" alt=\"\" \/>                                        <div class=\"\">\r\n                                            <p class=\"text-body\/[90%] text-13 font-bold\">Sophia<\/p>\r\n                                            <p class=\"text-body\/[60%] text-13\">ProLife Heidelberg<\/p>\r\n                                        <\/div>\r\n                                    <\/div>\r\n                                <\/div>\r\n                                                        <div class=\"w-full sm:w-[calc(50%-20px)] lg:w-[calc(33.333333%-27px)] xl:w-[calc(25%-30px)] min-h-full grid gap-7 mx-5 bg-[rgba(255,250,240,1)] rounded-2xl px-6 py-9\">\r\n                                    <p class=\"text-15 text-body\/[90%]\">Precisamos, definitivamente, de um movimento europeu universal, e estou orgulhoso de fazer parte dele.<\/p>\r\n                                    <div class=\"flex items-center gap-4 mt-auto\">\r\n                                        <img loading=\"lazy\" decoding=\"async\" width=\"48\" height=\"48\" src=\"https:\/\/prolifeeurope.org\/wp-content\/uploads\/2025\/03\/Group-353.png\" class=\"w-12 h-12 rounded-full\" alt=\"\" \/>                                        <div class=\"\">\r\n                                            <p class=\"text-body\/[90%] text-13 font-bold\">Vladislav<\/p>\r\n                                            <p class=\"text-body\/[60%] text-13\">ProLife Heidelberg<\/p>\r\n                                        <\/div>\r\n                                    <\/div>\r\n                                <\/div>\r\n                                                        <div class=\"w-full sm:w-[calc(50%-20px)] lg:w-[calc(33.333333%-27px)] xl:w-[calc(25%-30px)] min-h-full grid gap-7 mx-5 bg-[rgba(255,250,240,1)] rounded-2xl px-6 py-9\">\r\n                                    <p class=\"text-15 text-body\/[90%]\">A ProLife Europe n\u00e3o s\u00f3 tornou ainda mais claro para mim o qu\u00e3o importante \u00e9 defender a vida dos n\u00e3o nascidos, como tamb\u00e9m me deu uma estrutura para transformar este compromisso em a\u00e7\u00e3o significativa.<\/p>\r\n                                    <div class=\"flex items-center gap-4 mt-auto\">\r\n                                        <img loading=\"lazy\" decoding=\"async\" width=\"48\" height=\"48\" src=\"https:\/\/prolifeeurope.org\/wp-content\/uploads\/2025\/03\/Group-354.png\" class=\"w-12 h-12 rounded-full\" alt=\"\" \/>                                        <div class=\"\">\r\n                                            <p class=\"text-body\/[90%] text-13 font-bold\">Clara<\/p>\r\n                                            <p class=\"text-body\/[60%] text-13\">ProLife Regensburg<\/p>\r\n                                        <\/div>\r\n                                    <\/div>\r\n                                <\/div>\r\n                                                        <div class=\"w-full sm:w-[calc(50%-20px)] lg:w-[calc(33.333333%-27px)] xl:w-[calc(25%-30px)] min-h-full grid gap-7 mx-5 bg-[rgba(255,250,240,1)] rounded-2xl px-6 py-9\">\r\n                                    <p class=\"text-15 text-body\/[90%]\">Na ProLife Europe, aprendi o poder da conex\u00e3o e da proximidade com as pessoas. \u00c9 impressionante como um simples sorriso e uma perspetiva partilhada em conversas cara a cara podem realmente salvar vidas! <\/p>\r\n                                    <div class=\"flex items-center gap-4 mt-auto\">\r\n                                        <img loading=\"lazy\" decoding=\"async\" width=\"48\" height=\"48\" src=\"https:\/\/prolifeeurope.org\/wp-content\/uploads\/2025\/03\/Group-355.png\" class=\"w-12 h-12 rounded-full\" alt=\"\" \/>                                        <div class=\"\">\r\n                                            <p class=\"text-body\/[90%] text-13 font-bold\">Antanas<\/p>\r\n                                            <p class=\"text-body\/[60%] text-13\">ProLife Vilnius<\/p>\r\n                                        <\/div>\r\n                                    <\/div>\r\n                                <\/div>\r\n                                                        <div class=\"w-full sm:w-[calc(50%-20px)] lg:w-[calc(33.333333%-27px)] xl:w-[calc(25%-30px)] min-h-full grid gap-7 mx-5 bg-[rgba(255,250,240,1)] rounded-2xl px-6 py-9\">\r\n                                    <p class=\"text-15 text-body\/[90%]\">A ProLife Europe mostrou-me que todos t\u00eam a capacidade de fazer a diferen\u00e7a.<\/p>\r\n                                    <div class=\"flex items-center gap-4 mt-auto\">\r\n                                        <img loading=\"lazy\" decoding=\"async\" width=\"48\" height=\"48\" src=\"https:\/\/prolifeeurope.org\/wp-content\/uploads\/2025\/03\/Group-350.png\" class=\"w-12 h-12 rounded-full\" alt=\"\" \/>                                        <div class=\"\">\r\n                                            <p class=\"text-body\/[90%] text-13 font-bold\">Fabian<\/p>\r\n                                            <p class=\"text-body\/[60%] text-13\">ProLife Duisburg<\/p>\r\n                                        <\/div>\r\n                                    <\/div>\r\n                                <\/div>\r\n                                                        <div class=\"w-full sm:w-[calc(50%-20px)] lg:w-[calc(33.333333%-27px)] xl:w-[calc(25%-30px)] min-h-full grid gap-7 mx-5 bg-[rgba(255,250,240,1)] rounded-2xl px-6 py-9\">\r\n                                    <p class=\"text-15 text-body\/[90%]\">A ProLife Europe ajudou-nos a iniciar um grupo pr\u00f3-vida em Aachen para espalhar a mensagem de que cada vida merece prote\u00e7\u00e3o. Num mundo onde o valor da vida \u00e9 questionado, defendemos os mais vulner\u00e1veis. <\/p>\r\n                                    <div class=\"flex items-center gap-4 mt-auto\">\r\n                                        <img loading=\"lazy\" decoding=\"async\" width=\"48\" height=\"48\" src=\"https:\/\/prolifeeurope.org\/wp-content\/uploads\/2025\/03\/Group-357.png\" class=\"w-12 h-12 rounded-full\" alt=\"\" \/>                                        <div class=\"\">\r\n                                            <p class=\"text-body\/[90%] text-13 font-bold\">Lea<\/p>\r\n                                            <p class=\"text-body\/[60%] text-13\">ProLife Aachen<\/p>\r\n                                        <\/div>\r\n                                    <\/div>\r\n                                <\/div>\r\n                                                        <div class=\"w-full sm:w-[calc(50%-20px)] lg:w-[calc(33.333333%-27px)] xl:w-[calc(25%-30px)] min-h-full grid gap-7 mx-5 bg-[rgba(255,250,240,1)] rounded-2xl px-6 py-9\">\r\n                                    <p class=\"text-15 text-body\/[90%]\">Juntar-se a um grupo pr\u00f3-vida significa defender, em conjunto, os direitos humanos e os nascituros. Desde forma\u00e7\u00f5es para debates a a\u00e7\u00f5es de rua, h\u00e1 muitas formas de participar. Experimenta e faz a diferen\u00e7a!  <\/p>\r\n                                    <div class=\"flex items-center gap-4 mt-auto\">\r\n                                        <img loading=\"lazy\" decoding=\"async\" width=\"48\" height=\"48\" src=\"https:\/\/prolifeeurope.org\/wp-content\/uploads\/2025\/03\/Group-358.png\" class=\"w-12 h-12 rounded-full\" alt=\"\" \/>                                        <div class=\"\">\r\n                                            <p class=\"text-body\/[90%] text-13 font-bold\">Maren<\/p>\r\n                                            <p class=\"text-body\/[60%] text-13\">ProLife Gie\u00dfen<\/p>\r\n                                        <\/div>\r\n                                    <\/div>\r\n                                <\/div>\r\n                                                        <div class=\"w-full sm:w-[calc(50%-20px)] lg:w-[calc(33.333333%-27px)] xl:w-[calc(25%-30px)] min-h-full grid gap-7 mx-5 bg-[rgba(255,250,240,1)] rounded-2xl px-6 py-9\">\r\n                                    <p class=\"text-15 text-body\/[90%]\">A ProLife Europe deu-me a oportunidade de defender a dignidade humana enquanto utilizava as minhas compet\u00eancias em comunica\u00e7\u00e3o e trabalho social. \u00c9 um movimento jovem e din\u00e2mico que enfrenta quest\u00f5es \u00e9ticas fundamentais na sociedade atual. <\/p>\r\n                                    <div class=\"flex items-center gap-4 mt-auto\">\r\n                                        <img loading=\"lazy\" decoding=\"async\" width=\"48\" height=\"48\" src=\"https:\/\/prolifeeurope.org\/wp-content\/uploads\/2025\/03\/Group-359.png\" class=\"w-12 h-12 rounded-full\" alt=\"\" \/>                                        <div class=\"\">\r\n                                            <p class=\"text-body\/[90%] text-13 font-bold\">Michael<\/p>\r\n                                            <p class=\"text-body\/[60%] text-13\">ProLife Braunschweig<\/p>\r\n                                        <\/div>\r\n                                    <\/div>\r\n                                <\/div>\r\n                                                        <div class=\"w-full sm:w-[calc(50%-20px)] lg:w-[calc(33.333333%-27px)] xl:w-[calc(25%-30px)] min-h-full grid gap-7 mx-5 bg-[rgba(255,250,240,1)] rounded-2xl px-6 py-9\">\r\n                                    <p class=\"text-15 text-body\/[90%]\">Ser pr\u00f3-vida \u00e9 gratificante! Falar com pessoas de diferentes culturas e religi\u00f5es enriquece a minha perspetiva e, juntos, damos voz aos n\u00e3o nascidos. \u00c9 incr\u00edvel conectar-me com grupos pr\u00f3-vida de toda a Europa.  <\/p>\r\n                                    <div class=\"flex items-center gap-4 mt-auto\">\r\n                                        <img loading=\"lazy\" decoding=\"async\" width=\"48\" height=\"48\" src=\"https:\/\/prolifeeurope.org\/wp-content\/uploads\/2025\/03\/Group-360.png\" class=\"w-12 h-12 rounded-full\" alt=\"\" \/>                                        <div class=\"\">\r\n                                            <p class=\"text-body\/[90%] text-13 font-bold\">Anneke<\/p>\r\n                                            <p class=\"text-body\/[60%] text-13\">ProLife Aachen<\/p>\r\n                                        <\/div>\r\n                                    <\/div>\r\n                                <\/div>\r\n                                                        <div class=\"w-full sm:w-[calc(50%-20px)] lg:w-[calc(33.333333%-27px)] xl:w-[calc(25%-30px)] min-h-full grid gap-7 mx-5 bg-[rgba(255,250,240,1)] rounded-2xl px-6 py-9\">\r\n                                    <p class=\"text-15 text-body\/[90%]\">Sempre vi a import\u00e2ncia de proteger a vida dos n\u00e3o nascidos e a ProLife Europe deu-me as ferramentas certas para agir. Agora, trabalho com estudantes que partilham dos mesmos valores para fazer a diferen\u00e7a na minha cidade. <\/p>\r\n                                    <div class=\"flex items-center gap-4 mt-auto\">\r\n                                        <img loading=\"lazy\" decoding=\"async\" width=\"48\" height=\"48\" src=\"https:\/\/prolifeeurope.org\/wp-content\/uploads\/2025\/03\/Group-361.png\" class=\"w-12 h-12 rounded-full\" alt=\"\" \/>                                        <div class=\"\">\r\n                                            <p class=\"text-body\/[90%] text-13 font-bold\">Karol<\/p>\r\n                                            <p class=\"text-body\/[60%] text-13\">ProLife Braunschweig<\/p>\r\n                                        <\/div>\r\n                                    <\/div>\r\n                                <\/div>\r\n                        \t\r\n                    <\/div>\t\r\n                <\/div>\r\n            <\/div>\r\n                <img decoding=\"async\" src=\"https:\/\/prolifeeurope.org\/wp-content\/themes\/ple\/theme\/images\/pro-life-1.png\" alt=\"Pro-Life\" class=\"hidden xl:block absolute left-[-110px] bottom-[45px]\" \/>\r\n        <img decoding=\"async\" src=\"https:\/\/prolifeeurope.org\/wp-content\/themes\/ple\/theme\/images\/pro-life-2.png\" alt=\"Pro-Life\" class=\"hidden xl:block absolute top-0 right-[371px]\" \/>\r\n        <img decoding=\"async\" src=\"https:\/\/prolifeeurope.org\/wp-content\/themes\/ple\/theme\/images\/pro-life-3.png\" alt=\"Pro-Life\" class=\"hidden xl:block absolute right-[63px] bottom-0\" \/>\r\n    <\/div> \r\n<\/section>\r\n\r\n<script>\r\n   const carousel = () => {\r\n        return {\r\n            active: 0,\r\n            init() {\r\n                const flkty = new Flickity(this.$refs.carousel, {\r\n                    cellAlign: 'left',\r\n                    draggable: true,\r\n                    groupCells: true\r\n                });\r\n                    flkty.on('change', i => this.active = i);\r\n            }\r\n        }\r\n   } \r\n     \r\n    const carouselFilter = () => {\r\n        return {\r\n            active: 0,\r\n            changeActive(i) {\r\n            this.active = i;\r\n            \r\n                this.$nextTick(() => {\r\n                    let flkty = Flickity.data( this.$el.querySelectorAll('.carousel')[i] );\r\n                    flkty.resize();\r\n                });\r\n            }\r\n        }\r\n    }\r\n<\/script>\r\n\r\n<section  class=\"bg-cover bg-center bg-no-repeat\" style=\"background-image:url( https:\/\/prolifeeurope.org\/wp-content\/uploads\/2024\/11\/pink-star-bg.svg)\">\r\n    <div class=\"main ~pt-14\/28 ~pb-20\/138px\">\r\n        <h2 class=\"font-bold text-body\/[90%] ~text-4xl\/54 ~leading-36\/54 ~mb-10\/68px -tracking-2 [&#038;_span]:text-orange\">Os <span>3 Pilares<\/span> do nosso trabalho<\/h2>\r\n                    <div class=\"grid grid-cols-1 items-center gap-y-4 ~md:~gap-x-5\/10 md:grid-cols-3\">\r\n                                        <div class=\"h-full bg-[#FFFAF0] p-6 rounded-2xl\">\r\n                            <img loading=\"lazy\" decoding=\"async\" width=\"56\" height=\"56\" src=\"https:\/\/prolifeeurope.org\/wp-content\/uploads\/2024\/11\/book-open-1.svg\" class=\"mb-6\" alt=\"\" \/>                            <h3 class=\"mb-2 text-2xl text-body\/[90%] font-bold\">Educa\u00e7\u00e3o<\/h3>\r\n                            <p class=\"text-body\/[70%]\">A confian\u00e7a nas tuas convic\u00e7\u00f5es pr\u00f3-vida, enraizada em conhecimento e educa\u00e7\u00e3o, d\u00e1-te for\u00e7a para te manteres firme e inspirares os outros.<\/p>\r\n                        <\/div>\r\n                                        <div class=\"h-full bg-[#FFFAF0] p-6 rounded-2xl\">\r\n                            <img loading=\"lazy\" decoding=\"async\" width=\"56\" height=\"56\" src=\"https:\/\/prolifeeurope.org\/wp-content\/uploads\/2024\/11\/hand-heart-2.svg\" class=\"mb-6\" alt=\"\" \/>                            <h3 class=\"mb-2 text-2xl text-body\/[90%] font-bold\">Apoio<\/h3>\r\n                            <p class=\"text-body\/[70%]\">Conecta homens e mulheres em gravidezes de crise a centros de apoio que talvez n\u00e3o soubessem que existiam, garantindo que recebem o apoio de que realmente necessitam.<\/p>\r\n                        <\/div>\r\n                                        <div class=\"h-full bg-[#FFFAF0] p-6 rounded-2xl\">\r\n                            <img loading=\"lazy\" decoding=\"async\" width=\"56\" height=\"56\" src=\"https:\/\/prolifeeurope.org\/wp-content\/uploads\/2024\/11\/team-1.svg\" class=\"mb-6\" alt=\"\" \/>                            <h3 class=\"mb-2 text-2xl text-body\/[90%] font-bold\">Defesa da causa<\/h3>\r\n                            <p class=\"text-body\/[70%]\">Di\u00e1logos honestos mudam cora\u00e7\u00f5es e mentes. Falar abertamente e estar presente pode, literalmente, salvar vidas. <\/p>\r\n                        <\/div>\r\n                \t\t\r\n            <\/div>\r\n            <\/div>\r\n<\/section>\n<section  style=\"background-color:#225c55\">\n    <div class=\"main ~pt-14\/115px ~pb-20\/150px\">\n        <h2 class=\"heading-big text-center text-body\/[90%] [&#038;_span:last-of-type]:font-['Reckless_Light'] [&#038;_span:last-of-type]:font-light [&#038;_span:last-of-type]:-tracking-3 [&#038;_span:last-of-type]:text-cream sm:text-left ~mb-12\/100px\">Envolve-te: <br><span>o que est\u00e1 a acontecer<\/span><\/h2>\n        <div class=\"relative rounded-xl bg-body\/[90%] max-w-[760px] mx-auto border-b-1 border-b-[#68857B] [&#038;_*]:!font-sans [&#038;_.tribe-common_.tribe-common-b2]:sm:text-15 [&#038;_.tribe-common_.tribe-common-h5]:sm:text-19 [&#038;_.tribe-common_.tribe-common-h6]:sm:text-19 [&#038;_.tribe-events_.tribe-events-c-events-bar\\_\\_search-container]:bg-cream [&#038;_.tribe-common-c-btn]:!bg-green [&#038;_.tribe-common-c-btn:hover]:!bg-green-dark [&#038;_.tribe-common]:bg-[#FFFAF0] [&#038;_.tribe-common]:sm:-translate-x-6 [&#038;_.tribe-common]:sm:-translate-y-6 [&#038;_.evo\\_header\\_title]:flex-wrap [&#038;_.evo\\_header\\_title]:gap-x-5 [&#038;_.evo\\_header\\_title]:gap-y-2 [&#038;_.evo\\_header\\_title]:p-5 [&#038;_.evo\\_header\\_title]:mb-8 [&#038;_.evo\\_header\\_title]:border [&#038;_.evo\\_header\\_title]:border-[#718B83] [&#038;_.evo\\_header\\_title]:rounded-xl [&#038;_#evcal\\_cur]:!~text-32\/5xl [&#038;_#evcal\\_cur]:!text-[#8C9E92] [&#038;_#evcal\\_cur]:!font-normal [&#038;_.evcal\\_arrows]:!size-11 [&#038;_.evcal\\_arrows]:!bg-transparent [&#038;_.evcal\\_arrows]:!border-[#93A79B] [&#038;_.evcal\\_arrows::before]:!border-cream [&#038;_.evcal\\_arrows::before]:!p-5px [&#038;_.evcal\\_arrows::before]:!m-[15px] [&#038;_#evcal\\_prev]:!m-0 [&#038;_.eventon\\_list\\_event]:!mb-3 [&#038;_.tribe-events]:rounded-xl [&#038;_.tribe-events_.tribe-events-l-container]:min-h-0 [&#038;_.tribe-events_:is(button)]:rounded-xl [&#038;_.tribe-events-calendar-list\\_\\_event]:sm:!grid [&#038;_.tribe-events-calendar-list\\_\\_event]:grid-cols-2 [&#038;_.tribe-events-c-subscribe-dropdown\\_\\_container]:!hidden\">\n            <div\n\t class=\"tribe-common tribe-events tribe-events-view tribe-events-view--list alignwide tribe-events-view--shortcode tribe-events-view--shortcode-a10f6950\" \tdata-js=\"tribe-events-view\"\n\tdata-view-rest-url=\"https:\/\/prolifeeurope.org\/pt-pt\/wp-json\/tribe\/views\/v2\/html\"\n\tdata-view-rest-method=\"GET\"\n\tdata-view-manage-url=\"\"\n\t\t\tdata-view-shortcode=\"a10f6950\"\n\t\t\t\tdata-view-breakpoint-pointer=\"058f53eb-23e8-4eba-9fda-55a44e6db837\"\n\t>\n\t<section class=\"tribe-common-l-container tribe-events-l-container\">\n\t\t<div\n\tclass=\"tribe-events-view-loader tribe-common-a11y-hidden\"\n\trole=\"alert\"\n\taria-live=\"polite\"\n>\n\t<span class=\"tribe-events-view-loader__text tribe-common-a11y-visual-hide\">\n\t\t3 eventos encontrados.\t<\/span>\n\t<div class=\"tribe-events-view-loader__dots tribe-common-c-loader\">\n\t\t<svg\n\t class=\"tribe-common-c-svgicon tribe-common-c-svgicon--dot tribe-common-c-loader__dot tribe-common-c-loader__dot--first\" \taria-hidden=\"true\"\n\tviewBox=\"0 0 15 15\"\n\txmlns=\"http:\/\/www.w3.org\/2000\/svg\"\n>\n\t<circle cx=\"7.5\" cy=\"7.5\" r=\"7.5\"\/>\n<\/svg>\n\t\t<svg\n\t class=\"tribe-common-c-svgicon tribe-common-c-svgicon--dot tribe-common-c-loader__dot tribe-common-c-loader__dot--second\" \taria-hidden=\"true\"\n\tviewBox=\"0 0 15 15\"\n\txmlns=\"http:\/\/www.w3.org\/2000\/svg\"\n>\n\t<circle cx=\"7.5\" cy=\"7.5\" r=\"7.5\"\/>\n<\/svg>\n\t\t<svg\n\t class=\"tribe-common-c-svgicon tribe-common-c-svgicon--dot tribe-common-c-loader__dot tribe-common-c-loader__dot--third\" \taria-hidden=\"true\"\n\tviewBox=\"0 0 15 15\"\n\txmlns=\"http:\/\/www.w3.org\/2000\/svg\"\n>\n\t<circle cx=\"7.5\" cy=\"7.5\" r=\"7.5\"\/>\n<\/svg>\n\t<\/div>\n<\/div>\n\n\t\t<script type=\"application\/ld+json\">\r\n[{\"@context\":\"http:\/\/schema.org\",\"@type\":\"Event\",\"name\":\"Why Pro-life? P1\",\"description\":\"&lt;p&gt;2nd of 4 training sessions: basics https:\/\/docs.google.com\/forms\/d\/e\/1FAIpQLSdn-yO0DeG6fgCfhBsbumGcbO4nbwM-PIzJSUPWsj5upZR3QQ\/viewform&lt;\/p&gt;\\\\n\",\"image\":\"https:\/\/prolifeeurope.org\/wp-content\/uploads\/2025\/02\/why-pro-life-1b.png\",\"url\":\"https:\/\/prolifeeurope.org\/pt-pt\/event\/why-pro-life-p1\/\",\"eventAttendanceMode\":\"https:\/\/schema.org\/OnlineEventAttendanceMode\",\"eventStatus\":\"https:\/\/schema.org\/EventScheduled\",\"startDate\":\"2026-04-29T19:00:00+02:00\",\"endDate\":\"2026-04-29T21:00:00+02:00\",\"performer\":\"Organization\",\"location\":{\"@type\":\"VirtualLocation\",\"url\":\"https:\/\/prolifeeurope.org\/pt-pt\/event\/why-pro-life-p1\/\"}},{\"@context\":\"http:\/\/schema.org\",\"@type\":\"Event\",\"name\":\"Why Pro-life? P2\",\"description\":\"&lt;p&gt;2nd of 4 training sessions: conversation tools https:\/\/docs.google.com\/forms\/d\/e\/1FAIpQLSdn-yO0DeG6fgCfhBsbumGcbO4nbwM-PIzJSUPWsj5upZR3QQ\/viewform&lt;\/p&gt;\\\\n\",\"image\":\"https:\/\/prolifeeurope.org\/wp-content\/uploads\/2025\/11\/why-pro-life-2b-Ls4kFd.png\",\"url\":\"https:\/\/prolifeeurope.org\/pt-pt\/event\/why-pro-life-p2\/\",\"eventAttendanceMode\":\"https:\/\/schema.org\/OnlineEventAttendanceMode\",\"eventStatus\":\"https:\/\/schema.org\/EventScheduled\",\"startDate\":\"2026-05-06T19:00:00+02:00\",\"endDate\":\"2026-05-06T21:00:00+02:00\",\"performer\":\"Organization\",\"location\":{\"@type\":\"VirtualLocation\",\"url\":\"https:\/\/prolifeeurope.org\/pt-pt\/event\/why-pro-life-p2\/\"}},{\"@context\":\"http:\/\/schema.org\",\"@type\":\"Event\",\"name\":\"Why Pro-life? P3\",\"description\":\"&lt;p&gt;3rd of 4 training sessions: science and philosophy https:\/\/docs.google.com\/forms\/d\/e\/1FAIpQLSdn-yO0DeG6fgCfhBsbumGcbO4nbwM-PIzJSUPWsj5upZR3QQ\/viewform&lt;\/p&gt;\\\\n\",\"image\":\"https:\/\/prolifeeurope.org\/wp-content\/uploads\/2025\/11\/why-pro-life-3b-gnDWk1.png\",\"url\":\"https:\/\/prolifeeurope.org\/pt-pt\/event\/why-pro-life-p3\/\",\"eventAttendanceMode\":\"https:\/\/schema.org\/OnlineEventAttendanceMode\",\"eventStatus\":\"https:\/\/schema.org\/EventScheduled\",\"startDate\":\"2026-05-13T19:00:00+02:00\",\"endDate\":\"2026-05-13T21:00:00+02:00\",\"performer\":\"Organization\",\"location\":{\"@type\":\"VirtualLocation\",\"url\":\"https:\/\/prolifeeurope.org\/pt-pt\/event\/why-pro-life-p3\/\"}}]\r\n<\/script>\n\t\t<script data-js=\"tribe-events-view-data\" type=\"application\/json\">\n\t{\"slug\":\"list\",\"prev_url\":\"https:\\\/\\\/prolifeeurope.org\\\/pt-pt\\\/eventos\\\/lista\\\/?rest_route=%2Fwp%2Fv2%2Fpages%2F3364&shortcode=a10f6950&eventDisplay=past\",\"next_url\":\"https:\\\/\\\/prolifeeurope.org\\\/pt-pt\\\/eventos\\\/lista\\\/p\\u00e1gina\\\/2\\\/?shortcode=a10f6950\",\"view_class\":\"Tribe\\\\Events\\\\Views\\\\V2\\\\Views\\\\List_View\",\"view_slug\":\"list\",\"view_label\":\"Lista\",\"title\":\"Eventos de 28.04. \\u2013 13.05. \\u2013 ProLife Europe\",\"events\":[10000215,10000221,10000228],\"url\":\"https:\\\/\\\/prolifeeurope.org\\\/pt-pt\\\/eventos\\\/lista\\\/?shortcode=a10f6950\",\"url_event_date\":false,\"bar\":{\"keyword\":\"\",\"date\":\"\"},\"today\":\"2026-04-28 00:00:00\",\"now\":\"2026-04-28 17:21:36\",\"home_url\":\"https:\\\/\\\/prolifeeurope.org\\\/pt-pt\\\/\",\"rest_url\":\"https:\\\/\\\/prolifeeurope.org\\\/pt-pt\\\/wp-json\\\/tribe\\\/views\\\/v2\\\/html\",\"rest_method\":\"GET\",\"rest_nonce\":\"\",\"should_manage_url\":false,\"today_url\":\"https:\\\/\\\/prolifeeurope.org\\\/pt-pt\\\/eventos\\\/lista\\\/?rest_route=%2Fwp%2Fv2%2Fpages%2F3364&shortcode=a10f6950\",\"today_title\":\"Clique para seleccionar a data de hoje\",\"today_label\":\"Hoje\",\"prev_label\":\"\",\"next_label\":\"\",\"date_formats\":{\"compact\":\"d\\\/m\\\/Y\",\"month_and_year_compact\":\"m\\\/Y\",\"month_and_year\":\"F Y\",\"time_range_separator\":\" - \",\"date_time_separator\":\" , \"},\"messages\":[],\"start_of_week\":\"1\",\"header_title\":\"\",\"header_title_element\":\"h1\",\"content_title\":\"\",\"show_content_title\":false,\"breadcrumbs\":[],\"backlink\":false,\"before_events\":\"\",\"after_events\":\"\",\"display_events_bar\":true,\"disable_event_search\":false,\"live_refresh\":true,\"ical\":{\"display_link\":true,\"link\":{\"url\":\"https:\\\/\\\/prolifeeurope.org\\\/pt-pt\\\/eventos\\\/lista\\\/?shortcode=a10f6950&#038;ical=1\",\"text\":\"Exportar Eventos\",\"title\":\"Utilize esta op\\u00e7\\u00e3o para partilhar com os calend\\u00e1rios Google, calend\\u00e1rios Apple e outras aplica\\u00e7\\u00f5es compat\\u00edveis\"}},\"container_classes\":[\"tribe-common\",\"tribe-events\",\"tribe-events-view\",\"tribe-events-view--list\",\"alignwide\",\"tribe-events-view--shortcode\",\"tribe-events-view--shortcode-a10f6950\"],\"container_data\":{\"shortcode\":\"a10f6950\"},\"is_past\":false,\"breakpoints\":{\"xsmall\":500,\"medium\":768,\"full\":960},\"breakpoint_pointer\":\"058f53eb-23e8-4eba-9fda-55a44e6db837\",\"is_initial_load\":false,\"public_views\":{\"list\":{\"view_class\":\"Tribe\\\\Events\\\\Views\\\\V2\\\\Views\\\\List_View\",\"view_url\":\"https:\\\/\\\/prolifeeurope.org\\\/pt-pt\\\/eventos\\\/lista\\\/?shortcode=a10f6950\",\"view_label\":\"Lista\",\"aria_label\":\"Mostrar Eventos na vista Lista\"},\"month\":{\"view_class\":\"Tribe\\\\Events\\\\Views\\\\V2\\\\Views\\\\Month_View\",\"view_url\":\"https:\\\/\\\/prolifeeurope.org\\\/pt-pt\\\/eventos\\\/(\\\/?:month|monat|Monat|mnesis|m\\u0117nesis|maand|miesic|miesi\\u0105c|ms|m\\u00eas)\\\/&shortcode=a10f6950\",\"view_label\":\"M\\u00eas\",\"aria_label\":\"Mostrar Eventos na vista M\\u00eas\"},\"photo\":{\"view_class\":\"Tribe\\\\Events\\\\Pro\\\\Views\\\\V2\\\\Views\\\\Photo_View\",\"view_url\":\"https:\\\/\\\/prolifeeurope.org\\\/pt-pt\\\/eventos\\\/photo\\\/?shortcode=a10f6950\",\"view_label\":\"Photo\",\"aria_label\":\"Mostrar Eventos na vista Photo\"}},\"show_latest_past\":true,\"past\":false,\"show_now\":true,\"now_label\":\"Agora\",\"now_label_mobile\":\"Agora\",\"show_end\":true,\"selected_start_datetime\":\"2026-04-28\",\"selected_start_date_mobile\":\"28\\\/04\\\/2026\",\"selected_start_date_label\":\"28.04.\",\"selected_end_datetime\":\"2026-05-13\",\"selected_end_date_mobile\":\"13\\\/05\\\/2026\",\"selected_end_date_label\":\"13.05.\",\"datepicker_date\":\"28\\\/04\\\/2026\",\"subscribe_links\":{\"gcal\":{\"label\":\"Calend\\u00e1rio Google\",\"single_label\":\"Adicionar ao Calend\\u00e1rio Google\",\"visible\":true,\"block_slug\":\"hasGoogleCalendar\"},\"ical\":{\"label\":\"iCalendar\",\"single_label\":\"Adicionar ao iCalendar\",\"visible\":true,\"block_slug\":\"hasiCal\"},\"outlook-365\":{\"label\":\"Outlook 365\",\"single_label\":\"Outlook 365\",\"visible\":true,\"block_slug\":\"hasOutlook365\"},\"outlook-live\":{\"label\":\"Outlook Live\",\"single_label\":\"Outlook Live\",\"visible\":true,\"block_slug\":\"hasOutlookLive\"},\"ics\":{\"label\":\"Exportar ficheiro .ics\",\"single_label\":\"Exportar ficheiro .ics\",\"visible\":true,\"block_slug\":null},\"outlook-ics\":{\"label\":\"Exportar para ficheiro Outlook .ics\",\"single_label\":\"Exportar para ficheiro Outlook .ics\",\"visible\":true,\"block_slug\":null}},\"display_recurring_toggle\":false,\"_context\":{\"slug\":\"list\",\"should_manage_url\":false},\"text\":\"Carregando...\",\"classes\":[\"tribe-common-c-loader__dot\",\"tribe-common-c-loader__dot--third\"]}<\/script>\n\n\t\t\n\t\t\n<header  class=\"tribe-events-header tribe-events-header--has-event-search\" >\n\t<div class=\"tribe-events-header__content-title\">\n\t<h1 class=\"screen-reader-text tec-a11y-title-hidden\">Eventos<\/h1><\/div>\n\n\t\n\t\n\t<div\n\t class=\"tribe-events-header__events-bar tribe-events-c-events-bar tribe-events-c-events-bar--border\" \tdata-js=\"tribe-events-events-bar\"\n>\n\n\t<h2 class=\"tribe-common-a11y-visual-hide\">\n\t\tNavega\u00e7\u00e3o de pesquisa e visualiza\u00e7\u00e3o de Eventos\t<\/h2>\n\n\t\t\t<button\n\tclass=\"tribe-events-c-events-bar__search-button\"\n\taria-controls=\"tribe-events-search-container\"\n\taria-expanded=\"false\"\n\tdata-js=\"tribe-events-search-button\"\n>\n\t<svg\n\t class=\"tribe-common-c-svgicon tribe-common-c-svgicon--search tribe-events-c-events-bar__search-button-icon-svg\" \taria-hidden=\"true\"\n\tviewBox=\"0 0 16 16\"\n\txmlns=\"http:\/\/www.w3.org\/2000\/svg\"\n>\n\t<path fill-rule=\"evenodd\" clip-rule=\"evenodd\" d=\"M11.164 10.133L16 14.97 14.969 16l-4.836-4.836a6.225 6.225 0 01-3.875 1.352 6.24 6.24 0 01-4.427-1.832A6.272 6.272 0 010 6.258 6.24 6.24 0 011.831 1.83 6.272 6.272 0 016.258 0c1.67 0 3.235.658 4.426 1.831a6.272 6.272 0 011.832 4.427c0 1.422-.48 2.773-1.352 3.875zM6.258 1.458c-1.28 0-2.49.498-3.396 1.404-1.866 1.867-1.866 4.925 0 6.791a4.774 4.774 0 003.396 1.405c1.28 0 2.489-.498 3.395-1.405 1.867-1.866 1.867-4.924 0-6.79a4.774 4.774 0 00-3.395-1.405z\"\/>\n<\/svg>\n\t<span class=\"tribe-events-c-events-bar__search-button-text tribe-common-a11y-visual-hide\">\n\t\tPesquisar\t<\/span>\n<\/button>\n\n\t\t<div\n\t\t\tclass=\"tribe-events-c-events-bar__search-container\"\n\t\t\tid=\"tribe-events-search-container\"\n\t\t\tdata-js=\"tribe-events-search-container\"\n\t\t>\n\t\t\t<div\n\tclass=\"tribe-events-c-events-bar__search\"\n\tid=\"tribe-events-events-bar-search\"\n\tdata-js=\"tribe-events-events-bar-search\"\n>\n\t<form\n\t\tclass=\"tribe-events-c-search tribe-events-c-events-bar__search-form\"\n\t\tmethod=\"get\"\n\t\tdata-js=\"tribe-events-view-form\"\n\t\trole=\"search\"\n\t>\n\t\t<input type=\"hidden\" name=\"tribe-events-views[url]\" value=\"https:\/\/prolifeeurope.org\/pt-pt\/eventos\/lista\/?shortcode=a10f6950\" \/>\n\n\t\t<div class=\"tribe-events-c-search__input-group\">\n\t\t\t<div\n\tclass=\"tribe-common-form-control-text tribe-events-c-search__input-control tribe-events-c-search__input-control--keyword\"\n\tdata-js=\"tribe-events-events-bar-input-control\"\n>\n\t<label class=\"tribe-common-form-control-text__label\" for=\"tribe-events-events-bar-keyword\">\n\t\tDigite a palavra-chave. Procure por Eventos com palavra-chave.\t<\/label>\n\t<input\n\t\tclass=\"tribe-common-form-control-text__input tribe-events-c-search__input\"\n\t\tdata-js=\"tribe-events-events-bar-input-control-input\"\n\t\ttype=\"text\"\n\t\tid=\"tribe-events-events-bar-keyword\"\n\t\tname=\"tribe-events-views[tribe-bar-search]\"\n\t\tvalue=\"\"\n\t\tplaceholder=\"Procurar por eventos\"\n\t\taria-label=\"Digite a palavra-chave. Procure por eventos com palavra-chave.\"\n\t\/>\n\t<svg\n\t class=\"tribe-common-c-svgicon tribe-common-c-svgicon--search tribe-events-c-search__input-control-icon-svg\" \taria-hidden=\"true\"\n\tviewBox=\"0 0 16 16\"\n\txmlns=\"http:\/\/www.w3.org\/2000\/svg\"\n>\n\t<path fill-rule=\"evenodd\" clip-rule=\"evenodd\" d=\"M11.164 10.133L16 14.97 14.969 16l-4.836-4.836a6.225 6.225 0 01-3.875 1.352 6.24 6.24 0 01-4.427-1.832A6.272 6.272 0 010 6.258 6.24 6.24 0 011.831 1.83 6.272 6.272 0 016.258 0c1.67 0 3.235.658 4.426 1.831a6.272 6.272 0 011.832 4.427c0 1.422-.48 2.773-1.352 3.875zM6.258 1.458c-1.28 0-2.49.498-3.396 1.404-1.866 1.867-1.866 4.925 0 6.791a4.774 4.774 0 003.396 1.405c1.28 0 2.489-.498 3.395-1.405 1.867-1.866 1.867-4.924 0-6.79a4.774 4.774 0 00-3.395-1.405z\"\/>\n<\/svg>\n<\/div>\n\t\t<\/div>\n\n\t\t<button\n\tclass=\"tribe-common-c-btn tribe-events-c-search__button\"\n\ttype=\"submit\"\n\tname=\"submit-bar\"\n>\n\tPesquisar Eventos<\/button>\n\t<\/form>\n<\/div>\n\t\t<\/div>\n\t\n\t<div class=\"tribe-events-c-events-bar__views\">\n\t<h3 class=\"tribe-common-a11y-visual-hide\">\n\t\tNavega\u00e7\u00e3o de visualiza\u00e7\u00e3o de Evento\t<\/h3>\n\t<div  class=\"tribe-events-c-view-selector tribe-events-c-view-selector--labels tribe-events-c-view-selector--tabs\"  data-js=\"tribe-events-view-selector\">\n\t\t<button\n\t\t\tclass=\"tribe-events-c-view-selector__button tribe-common-c-btn__clear\"\n\t\t\tdata-js=\"tribe-events-view-selector-button\"\n\t\t\taria-current=\"true\"\n\t\t\taria-description=\"Selecione a vista de calend\u00e1rio\"\n\t\t>\n\t\t\t<span class=\"tribe-events-c-view-selector__button-icon\">\n\t\t\t\t<svg\n\t class=\"tribe-common-c-svgicon tribe-common-c-svgicon--list tribe-events-c-view-selector__button-icon-svg\" \taria-hidden=\"true\"\n\tviewBox=\"0 0 19 19\"\n\txmlns=\"http:\/\/www.w3.org\/2000\/svg\"\n>\n\t<path fill-rule=\"evenodd\" clip-rule=\"evenodd\" d=\"M.451.432V17.6c0 .238.163.432.364.432H18.12c.2 0 .364-.194.364-.432V.432c0-.239-.163-.432-.364-.432H.815c-.2 0-.364.193-.364.432zm.993.81h16.024V3.56H1.444V1.24zM17.468 3.56H1.444v13.227h16.024V3.56z\" class=\"tribe-common-c-svgicon__svg-fill\"\/>\n\t<g clip-path=\"url(#tribe-events-c-view-selector__button-icon-svg-0)\" class=\"tribe-common-c-svgicon__svg-fill\">\n\t\t<path fill-rule=\"evenodd\" clip-rule=\"evenodd\" d=\"M11.831 4.912v1.825c0 .504.409.913.913.913h1.825a.913.913 0 00.912-.913V4.912A.913.913 0 0014.57 4h-1.825a.912.912 0 00-.913.912z\"\/>\n\t\t<path d=\"M8.028 7.66a.449.449 0 00.446-.448v-.364c0-.246-.2-.448-.446-.448h-4.13a.449.449 0 00-.447.448v.364c0 .246.201.448.447.448h4.13zM9.797 5.26a.449.449 0 00.447-.448v-.364c0-.246-.201-.448-.447-.448h-5.9a.449.449 0 00-.446.448v.364c0 .246.201.448.447.448h5.9z\"\/>\n\t<\/g>\n\t<g clip-path=\"url(#tribe-events-c-view-selector__button-icon-svg-1)\" class=\"tribe-common-c-svgicon__svg-fill\">\n\t\t\t<path fill-rule=\"evenodd\" clip-rule=\"evenodd\" d=\"M11.831 10.912v1.825c0 .505.409.913.913.913h1.825a.913.913 0 00.912-.912v-1.825A.913.913 0 0014.57 10h-1.825a.912.912 0 00-.913.912z\"\/>\n\t\t<path d=\"M8.028 13.66a.449.449 0 00.446-.448v-.364c0-.246-.2-.448-.446-.448h-4.13a.449.449 0 00-.447.448v.364c0 .246.201.448.447.448h4.13zM9.797 11.26a.449.449 0 00.447-.448v-.364c0-.246-.201-.448-.447-.448h-5.9a.449.449 0 00-.446.448v.364c0 .246.201.448.447.448h5.9z\"\/>\n\t<\/g>\n\t<defs>\n\t\t<clipPath id=\"tribe-events-c-view-selector__button-icon-svg-0\">\n\t\t\t<path transform=\"translate(3.451 4)\" d=\"M0 0h13v4H0z\"\/>\n\t\t<\/clipPath>\n\t\t<clipPath id=\"tribe-events-c-view-selector__button-icon-svg-1\">\n\t\t\t<path transform=\"translate(3.451 10)\" d=\"M0 0h13v4H0z\"\/>\n\t\t<\/clipPath>\n\t<\/defs>\n<\/svg>\n\t\t\t<\/span>\n\t\t\t<span class=\"tribe-events-c-view-selector__button-text tribe-common-a11y-visual-hide\">\n\t\t\t\tLista\t\t\t<\/span>\n\t\t\t<svg\n\t class=\"tribe-common-c-svgicon tribe-common-c-svgicon--caret-down tribe-events-c-view-selector__button-icon-caret-svg\" \taria-hidden=\"true\"\n\tviewBox=\"0 0 10 7\"\n\txmlns=\"http:\/\/www.w3.org\/2000\/svg\"\n>\n\t<path fill-rule=\"evenodd\" clip-rule=\"evenodd\" d=\"M1.008.609L5 4.6 8.992.61l.958.958L5 6.517.05 1.566l.958-.958z\" class=\"tribe-common-c-svgicon__svg-fill\"\/>\n<\/svg>\n\t\t<\/button>\n\t\t<div\n\tclass=\"tribe-events-c-view-selector__content\"\n\tid=\"tribe-events-view-selector-content\"\n\tdata-js=\"tribe-events-view-selector-list-container\"\n>\n\t<ul class=\"tribe-events-c-view-selector__list\">\n\t\t\t\t\t<li\n\t class=\"tribe-events-c-view-selector__list-item tribe-events-c-view-selector__list-item--list tribe-events-c-view-selector__list-item--active\" >\n\t<a\n\t\thref=\"https:\/\/prolifeeurope.org\/pt-pt\/eventos\/lista\/?shortcode=a10f6950\"\n\t\tclass=\"tribe-events-c-view-selector__list-item-link\"\n\t\tdata-js=\"tribe-events-view-link\"\n\t\taria-label=\"Mostrar Eventos na vista Lista\"\n\t\t\t\taria-current=\"true\"\n\t\t\t>\n\t\t<span class=\"tribe-events-c-view-selector__list-item-icon\">\n\t\t\t<svg\n\t class=\"tribe-common-c-svgicon tribe-common-c-svgicon--list tribe-events-c-view-selector__list-item-icon-svg\" \taria-hidden=\"true\"\n\tviewBox=\"0 0 19 19\"\n\txmlns=\"http:\/\/www.w3.org\/2000\/svg\"\n>\n\t<path fill-rule=\"evenodd\" clip-rule=\"evenodd\" d=\"M.451.432V17.6c0 .238.163.432.364.432H18.12c.2 0 .364-.194.364-.432V.432c0-.239-.163-.432-.364-.432H.815c-.2 0-.364.193-.364.432zm.993.81h16.024V3.56H1.444V1.24zM17.468 3.56H1.444v13.227h16.024V3.56z\" class=\"tribe-common-c-svgicon__svg-fill\"\/>\n\t<g clip-path=\"url(#tribe-events-c-view-selector__list-item-icon-svg-0)\" class=\"tribe-common-c-svgicon__svg-fill\">\n\t\t<path fill-rule=\"evenodd\" clip-rule=\"evenodd\" d=\"M11.831 4.912v1.825c0 .504.409.913.913.913h1.825a.913.913 0 00.912-.913V4.912A.913.913 0 0014.57 4h-1.825a.912.912 0 00-.913.912z\"\/>\n\t\t<path d=\"M8.028 7.66a.449.449 0 00.446-.448v-.364c0-.246-.2-.448-.446-.448h-4.13a.449.449 0 00-.447.448v.364c0 .246.201.448.447.448h4.13zM9.797 5.26a.449.449 0 00.447-.448v-.364c0-.246-.201-.448-.447-.448h-5.9a.449.449 0 00-.446.448v.364c0 .246.201.448.447.448h5.9z\"\/>\n\t<\/g>\n\t<g clip-path=\"url(#tribe-events-c-view-selector__list-item-icon-svg-1)\" class=\"tribe-common-c-svgicon__svg-fill\">\n\t\t\t<path fill-rule=\"evenodd\" clip-rule=\"evenodd\" d=\"M11.831 10.912v1.825c0 .505.409.913.913.913h1.825a.913.913 0 00.912-.912v-1.825A.913.913 0 0014.57 10h-1.825a.912.912 0 00-.913.912z\"\/>\n\t\t<path d=\"M8.028 13.66a.449.449 0 00.446-.448v-.364c0-.246-.2-.448-.446-.448h-4.13a.449.449 0 00-.447.448v.364c0 .246.201.448.447.448h4.13zM9.797 11.26a.449.449 0 00.447-.448v-.364c0-.246-.201-.448-.447-.448h-5.9a.449.449 0 00-.446.448v.364c0 .246.201.448.447.448h5.9z\"\/>\n\t<\/g>\n\t<defs>\n\t\t<clipPath id=\"tribe-events-c-view-selector__list-item-icon-svg-0\">\n\t\t\t<path transform=\"translate(3.451 4)\" d=\"M0 0h13v4H0z\"\/>\n\t\t<\/clipPath>\n\t\t<clipPath id=\"tribe-events-c-view-selector__list-item-icon-svg-1\">\n\t\t\t<path transform=\"translate(3.451 10)\" d=\"M0 0h13v4H0z\"\/>\n\t\t<\/clipPath>\n\t<\/defs>\n<\/svg>\n\t\t<\/span>\n\t\t<span class=\"tribe-events-c-view-selector__list-item-text\">\n\t\t\tLista\t\t<\/span>\n\t<\/a>\n<\/li>\n\t\t\t\t\t<li\n\t class=\"tribe-events-c-view-selector__list-item tribe-events-c-view-selector__list-item--month\" >\n\t<a\n\t\thref=\"https:\/\/prolifeeurope.org\/pt-pt\/eventos\/(\/?:month|monat|Monat|mnesis|m\u0117nesis|maand|miesic|miesi\u0105c|ms|m\u00eas)\/&#038;shortcode=a10f6950\"\n\t\tclass=\"tribe-events-c-view-selector__list-item-link\"\n\t\tdata-js=\"tribe-events-view-link\"\n\t\taria-label=\"Mostrar Eventos na vista M\u00eas\"\n\t\t\t>\n\t\t<span class=\"tribe-events-c-view-selector__list-item-icon\">\n\t\t\t<svg\n\t class=\"tribe-common-c-svgicon tribe-common-c-svgicon--month tribe-events-c-view-selector__list-item-icon-svg\" \taria-hidden=\"true\"\n\tviewBox=\"0 0 18 19\"\n\txmlns=\"http:\/\/www.w3.org\/2000\/svg\"\n>\n\t<path fill-rule=\"evenodd\" clip-rule=\"evenodd\" d=\"M0 .991v17.04c0 .236.162.428.361.428h17.175c.2 0 .361-.192.361-.429V.991c0-.237-.162-.428-.361-.428H.36C.161.563 0 .754 0 .99zm.985.803H16.89v2.301H.985v-2.3zM16.89 5.223H.985v12H16.89v-12zM6.31 7.366v.857c0 .237.192.429.429.429h.857a.429.429 0 00.428-.429v-.857a.429.429 0 00-.428-.429H6.74a.429.429 0 00-.429.429zm3.429.857v-.857c0-.237.191-.429.428-.429h.857c.237 0 .429.192.429.429v.857a.429.429 0 01-.429.429h-.857a.429.429 0 01-.428-.429zm3.428-.857v.857c0 .237.192.429.429.429h.857a.429.429 0 00.428-.429v-.857a.429.429 0 00-.428-.429h-.857a.429.429 0 00-.429.429zm-6.857 4.286v-.858c0-.236.192-.428.429-.428h.857c.236 0 .428.192.428.428v.858a.429.429 0 01-.428.428H6.74a.429.429 0 01-.429-.428zm3.429-.858v.858c0 .236.191.428.428.428h.857a.429.429 0 00.429-.428v-.858a.429.429 0 00-.429-.428h-.857a.428.428 0 00-.428.428zm3.428.858v-.858c0-.236.192-.428.429-.428h.857c.236 0 .428.192.428.428v.858a.429.429 0 01-.428.428h-.857a.429.429 0 01-.429-.428zm-10.286-.858v.858c0 .236.192.428.429.428h.857a.429.429 0 00.429-.428v-.858a.429.429 0 00-.429-.428h-.857a.429.429 0 00-.429.428zm0 4.286v-.857c0-.237.192-.429.429-.429h.857c.237 0 .429.192.429.429v.857a.429.429 0 01-.429.429h-.857a.429.429 0 01-.429-.429zm3.429-.857v.857c0 .237.192.429.429.429h.857a.429.429 0 00.428-.429v-.857a.429.429 0 00-.428-.429H6.74a.429.429 0 00-.429.429zm3.429.857v-.857c0-.237.191-.429.428-.429h.857c.237 0 .429.192.429.429v.857a.429.429 0 01-.429.429h-.857a.429.429 0 01-.428-.429z\" class=\"tribe-common-c-svgicon__svg-fill\"\/>\n<\/svg>\n\t\t<\/span>\n\t\t<span class=\"tribe-events-c-view-selector__list-item-text\">\n\t\t\tM\u00eas\t\t<\/span>\n\t<\/a>\n<\/li>\n\t\t\t\t\t<li\n\t class=\"tribe-events-c-view-selector__list-item tribe-events-c-view-selector__list-item--photo\" >\n\t<a\n\t\thref=\"https:\/\/prolifeeurope.org\/pt-pt\/eventos\/photo\/?shortcode=a10f6950\"\n\t\tclass=\"tribe-events-c-view-selector__list-item-link\"\n\t\tdata-js=\"tribe-events-view-link\"\n\t\taria-label=\"Mostrar Eventos na vista Photo\"\n\t\t\t>\n\t\t<span class=\"tribe-events-c-view-selector__list-item-icon\">\n\t\t\t<svg\n\t class=\"tribe-common-c-svgicon tribe-common-c-svgicon--photo tribe-events-c-view-selector__list-item-icon-svg\" \taria-hidden=\"true\"\n\tviewBox=\"0 0 19 18\"\n\txmlns=\"http:\/\/www.w3.org\/2000\/svg\"\n>\n\t<path fill-rule=\"evenodd\" clip-rule=\"evenodd\" d=\"M17.536 0H.539a.484.484 0 00-.495.483v17.034c0 .27.218.483.495.483h16.997a.484.484 0 00.495-.483V.483A.484.484 0 0017.536 0zm-.515.986V13.73l-1.907-2.938c-.555-.58-1.584-.58-2.139 0l-1.327 1.41-3.841-4.31a1.548 1.548 0 00-1.169-.502c-.435 0-.871.193-1.148.522l-4.436 4.929V.986h15.967zM1.054 14.329v2.705h15.987v-1.835l-2.66-3.73c-.178-.175-.495-.175-.653 0l-1.703 1.816c-.1.097-.218.174-.377.155a.569.569 0 01-.376-.174L7.054 8.53a.577.577 0 00-.416-.174.504.504 0 00-.396.174l-5.188 5.798z\" class=\"tribe-common-c-svgicon__svg-fill\"\/><path fill-rule=\"evenodd\" clip-rule=\"evenodd\" d=\"M14.682 5.875c0 1.043-.825 1.875-1.82 1.875-.993 0-1.818-.832-1.818-1.875C11.044 4.83 11.85 4 12.863 4c1.012 0 1.819.831 1.819 1.875zm-.957 0c0-.483-.393-.89-.862-.89s-.863.407-.863.89c0 .483.394.889.863.889s.862-.406.862-.89z\" class=\"tribe-common-c-svgicon__svg-fill\"\/>\n<\/svg>\n\t\t<\/span>\n\t\t<span class=\"tribe-events-c-view-selector__list-item-text\">\n\t\t\tPhoto\t\t<\/span>\n\t<\/a>\n<\/li>\n\t\t\t<\/ul>\n<\/div>\n\t<\/div>\n<\/div>\n\n<\/div>\n\n\t<div class=\"tribe-events-c-top-bar tribe-events-header__top-bar\">\n\n\t<nav class=\"tribe-events-c-top-bar__nav tribe-common-a11y-hidden\" aria-label=\"Top eventos list pagination\">\n\t<ul class=\"tribe-events-c-top-bar__nav-list\">\n\t\t<li class=\"tribe-events-c-top-bar__nav-list-item\">\n\t<a\n\t\thref=\"https:\/\/prolifeeurope.org\/pt-pt\/eventos\/lista\/?rest_route=%2Fwp%2Fv2%2Fpages%2F3364&#038;shortcode=a10f6950&#038;eventDisplay=past\"\n\t\tclass=\"tribe-common-c-btn-icon tribe-common-c-btn-icon--caret-left tribe-events-c-top-bar__nav-link tribe-events-c-top-bar__nav-link--prev\"\n\t\taria-label=\"Eventos anteriores\"\n\t\ttitle=\"Eventos anteriores\"\n\t\tdata-js=\"tribe-events-view-link\"\n\t>\n\t\t<svg\n\t class=\"tribe-common-c-svgicon tribe-common-c-svgicon--caret-left tribe-common-c-btn-icon__icon-svg tribe-events-c-top-bar__nav-link-icon-svg\" \taria-hidden=\"true\"\n\tviewBox=\"0 0 10 16\"\n\txmlns=\"http:\/\/www.w3.org\/2000\/svg\"\n>\n\t<path d=\"M9.7 14.4l-1.5 1.5L.3 8 8.2.1l1.5 1.5L3.3 8l6.4 6.4z\"\/>\n<\/svg>\n\t<\/a>\n<\/li>\n\n\t\t<li class=\"tribe-events-c-top-bar__nav-list-item\">\n\t<a\n\t\thref=\"https:\/\/prolifeeurope.org\/pt-pt\/eventos\/lista\/p\u00e1gina\/2\/?shortcode=a10f6950\"\n\t\tclass=\"tribe-common-c-btn-icon tribe-common-c-btn-icon--caret-right tribe-events-c-top-bar__nav-link tribe-events-c-top-bar__nav-link--next\"\n\t\taria-label=\"Eventos seguintes\"\n\t\ttitle=\"Eventos seguintes\"\n\t\tdata-js=\"tribe-events-view-link\"\n\t>\n\t\t<svg\n\t class=\"tribe-common-c-svgicon tribe-common-c-svgicon--caret-right tribe-common-c-btn-icon__icon-svg tribe-events-c-top-bar__nav-link-icon-svg\" \taria-hidden=\"true\"\n\tviewBox=\"0 0 10 16\"\n\txmlns=\"http:\/\/www.w3.org\/2000\/svg\"\n>\n\t<path d=\"M.3 1.6L1.8.1 9.7 8l-7.9 7.9-1.5-1.5L6.7 8 .3 1.6z\"\/>\n<\/svg>\n\t<\/a>\n<\/li>\n\t<\/ul>\n<\/nav>\n\n\t<a\n\thref=\"https:\/\/prolifeeurope.org\/pt-pt\/eventos\/lista\/?rest_route=%2Fwp%2Fv2%2Fpages%2F3364&#038;shortcode=a10f6950\"\n\tclass=\"tribe-common-c-btn-border-small tribe-events-c-top-bar__today-button tribe-common-a11y-hidden\"\n\tdata-js=\"tribe-events-view-link\"\n\taria-description=\"Clique para seleccionar a data de hoje\"\n>\n\tHoje<\/a>\n\n\t<div class=\"tribe-events-c-top-bar__datepicker\">\n\t<button\n\t\tclass=\"tribe-common-c-btn__clear tribe-common-h3 tribe-common-h--alt tribe-events-c-top-bar__datepicker-button\"\n\t\tdata-js=\"tribe-events-top-bar-datepicker-button\"\n\t\ttype=\"button\"\n\t\taria-description=\"Clique para alternar o seletor de data\"\n\t>\n\t\t<time\n\t\t\tdatetime=\"2026-04-28\"\n\t\t\tclass=\"tribe-events-c-top-bar__datepicker-time\"\n\t\t>\n\t\t\t\t\t\t\t<span class=\"tribe-events-c-top-bar__datepicker-mobile\">\n\t\t\t\t\tAgora\t\t\t\t<\/span>\n\t\t\t\t<span class=\"tribe-events-c-top-bar__datepicker-desktop tribe-common-a11y-hidden\">\n\t\t\t\t\tAgora\t\t\t\t<\/span>\n\t\t\t\t\t<\/time>\n\t\t\t\t\t<span class=\"tribe-events-c-top-bar__datepicker-separator\"> &#8211; <\/span>\n\t\t\t<time\n\t\t\t\tdatetime=\"2026-05-13\"\n\t\t\t\tclass=\"tribe-events-c-top-bar__datepicker-time\"\n\t\t\t>\n\t\t\t\t<span class=\"tribe-events-c-top-bar__datepicker-mobile\">\n\t\t\t\t\t13\/05\/2026\t\t\t\t<\/span>\n\t\t\t\t<span class=\"tribe-events-c-top-bar__datepicker-desktop tribe-common-a11y-hidden\">\n\t\t\t\t\t13.05.\t\t\t\t<\/span>\n\t\t\t<\/time>\n\t\t\t\t<svg\n\t class=\"tribe-common-c-svgicon tribe-common-c-svgicon--caret-down tribe-events-c-top-bar__datepicker-button-icon-svg\" \taria-hidden=\"true\"\n\tviewBox=\"0 0 10 7\"\n\txmlns=\"http:\/\/www.w3.org\/2000\/svg\"\n>\n\t<path fill-rule=\"evenodd\" clip-rule=\"evenodd\" d=\"M1.008.609L5 4.6 8.992.61l.958.958L5 6.517.05 1.566l.958-.958z\" class=\"tribe-common-c-svgicon__svg-fill\"\/>\n<\/svg>\n\t<\/button>\n\t<label\n\t\tclass=\"tribe-events-c-top-bar__datepicker-label tribe-common-a11y-visual-hide\"\n\t\tfor=\"tribe-events-top-bar-date\"\n\t>\n\t\tSelecione a data.\t<\/label>\n\t<input\n\t\ttype=\"text\"\n\t\tclass=\"tribe-events-c-top-bar__datepicker-input tribe-common-a11y-visual-hide\"\n\t\tdata-js=\"tribe-events-top-bar-date\"\n\t\tid=\"tribe-events-top-bar-date\"\n\t\tname=\"tribe-events-views[tribe-bar-date]\"\n\t\tvalue=\"28\/04\/2026\"\n\t\ttabindex=\"-1\"\n\t\tautocomplete=\"off\"\n\t\treadonly=\"readonly\"\n\t\/>\n\t<div class=\"tribe-events-c-top-bar__datepicker-container\" data-js=\"tribe-events-top-bar-datepicker-container\"><\/div>\n\t<template class=\"tribe-events-c-top-bar__datepicker-template-prev-icon\">\n\t\t<svg\n\t class=\"tribe-common-c-svgicon tribe-common-c-svgicon--caret-left tribe-events-c-top-bar__datepicker-nav-icon-svg\" \taria-hidden=\"true\"\n\tviewBox=\"0 0 10 16\"\n\txmlns=\"http:\/\/www.w3.org\/2000\/svg\"\n>\n\t<path d=\"M9.7 14.4l-1.5 1.5L.3 8 8.2.1l1.5 1.5L3.3 8l6.4 6.4z\"\/>\n<\/svg>\n\t<\/template>\n\t<template class=\"tribe-events-c-top-bar__datepicker-template-next-icon\">\n\t\t<svg\n\t class=\"tribe-common-c-svgicon tribe-common-c-svgicon--caret-right tribe-events-c-top-bar__datepicker-nav-icon-svg\" \taria-hidden=\"true\"\n\tviewBox=\"0 0 10 16\"\n\txmlns=\"http:\/\/www.w3.org\/2000\/svg\"\n>\n\t<path d=\"M.3 1.6L1.8.1 9.7 8l-7.9 7.9-1.5-1.5L6.7 8 .3 1.6z\"\/>\n<\/svg>\n\t<\/template>\n<\/div>\n\n\t\n\t<div class=\"tribe-events-c-top-bar__actions tribe-common-a11y-hidden\">\n\t<\/div>\n\n<\/div>\n<\/header>\n\n\t\t\n\t\t<ul\n\t\t\tclass=\"tribe-events-calendar-list\"\n\t\t\taria-label=\"\n\t\t\tLista de Eventos\t\t\t\"\n\t\t>\n\n\t\t\t\t\t\t\t\n\t\t\t\t<li class=\"tribe-events-calendar-list__month-separator\">\n\t<h3>\n\t\t<time\n\t\t\tclass=\"tribe-events-calendar-list__month-separator-text tribe-common-h7 tribe-common-h6--min-medium tribe-common-h--alt\"\n\t\t>\n\t\t\tAbril 2026\t\t<\/time>\n\t<\/h3>\n<\/li>\n\n\t\t\t\t<li  class=\"tribe-common-g-row tribe-events-calendar-list__event-row\" >\n\n\t<div  class=\"tribe-events-calendar-list__event-date-tag tribe-common-g-col post-10000215 tribe_events type-tribe_events status-publish has-post-thumbnail hentry tribe_events_cat-training-pt-pt cat_training-pt-pt tribe-events-virtual-event\"  >\n\t<time class=\"tribe-events-calendar-list__event-date-tag-datetime\" datetime=\"2026-04-29\" aria-hidden=\"true\">\n\t\t<span class=\"tribe-events-calendar-list__event-date-tag-weekday\">\n\t\t\tQua\t\t<\/span>\n\t\t<span class=\"tribe-events-calendar-list__event-date-tag-daynum tribe-common-h5 tribe-common-h4--min-medium\">\n\t\t\t29\t\t<\/span>\n\t<\/time>\n<\/div>\n\n\t<div class=\"tribe-events-calendar-list__event-wrapper tribe-common-g-col\">\n\t\t<article  class=\"tribe-events-calendar-list__event tribe-common-g-row tribe-common-g-row--gutters post-10000215 tribe_events type-tribe_events status-publish has-post-thumbnail hentry tribe_events_cat-training-pt-pt cat_training-pt-pt tribe-events-virtual-event\" >\n\t\t\t<div class=\"tribe-events-calendar-list__event-featured-image-wrapper tribe-common-g-col\">\n\t<img\n\t\tclass=\"tribe-events-calendar-list__event-featured-image\"\n\t\tsrc=\"https:\/\/prolifeeurope.org\/wp-content\/uploads\/2025\/02\/why-pro-life-1b.png\"\n\t\t\t\t\tsrcset=\"https:\/\/prolifeeurope.org\/wp-content\/uploads\/2025\/02\/why-pro-life-1b-300x169.png 300w, https:\/\/prolifeeurope.org\/wp-content\/uploads\/2025\/02\/why-pro-life-1b-1024x576.png 1024w, https:\/\/prolifeeurope.org\/wp-content\/uploads\/2025\/02\/why-pro-life-1b-768x432.png 768w, https:\/\/prolifeeurope.org\/wp-content\/uploads\/2025\/02\/why-pro-life-1b.png 1440w\"\n\t\t\t\t\t\t\talt=\"\"\n\t\t\t\t\t\t\ttitle=\"why-pro-life-1b\"\n\t\t\t\tclass=\"tribe-events-calendar-list__event-featured-image\"\n\t\t\t\t\twidth=\"1440\"\n\t\t\theight=\"810\"\n\t\t\t\/>\n<\/div>\n\n\t\t\t<div class=\"tribe-events-calendar-list__event-details tribe-common-g-col\">\n\n\t\t\t\t<header class=\"tribe-events-calendar-list__event-header\">\n\t\t\t\t\t<h4 class=\"tribe-events-calendar-list__event-title tribe-common-h6 tribe-common-h4--min-medium\">\n\t<a\n\t\thref=\"https:\/\/prolifeeurope.org\/pt-pt\/event\/why-pro-life-p1\/\"\n\t\ttitle=\"Why Pro-life? P1\"\n\t\trel=\"bookmark\"\n\t\tclass=\"tribe-events-calendar-list__event-title-link tribe-common-anchor-thin\"\n\t>\n\t\tWhy Pro-life? P1\t<\/a>\n<\/h4>\n\t\t\t\t\t<div class=\"tribe-events-calendar-list__event-datetime-wrapper tribe-common-b2\">\n\t\t<time class=\"tribe-events-calendar-list__event-datetime\" datetime=\"2026-04-29\">\n\t\t<span class=\"tribe-event-date-start\">29.04. , 19:00<\/span> &#8211; <span class=\"tribe-event-time\">21:00<\/span> <span class='timezone'> CEST <\/span>\t<\/time>\n\t<\/div>\n\t\t\t\t\t<div class=\"tribe-common-b2 tribe-common-b2--bold tribe-events-virtual-virtual-event\">\n\t<span class=\"tribe-events-virtual-virtual-event__icon\" aria-hidden=\"true\">\n\t\t<svg\n\t class=\"tribe-common-c-svgicon tribe-common-c-svgicon--virtual tribe-events-virtual-virtual-event__icon-svg\" \taria-hidden=\"true\"\n\tviewBox=\"0 0 26 16\"\n\txmlns=\"http:\/\/www.w3.org\/2000\/svg\"\n>\n\t<g fill-rule=\"evenodd\" stroke-linecap=\"round\" stroke-linejoin=\"round\" stroke-width=\"2\" transform=\"translate(1 1)\">\n\t\t<path d=\"M18 10.7333333c2.16-2.09999997 2.16-5.44444441 0-7.46666663M21.12 13.7666667c3.84-3.7333334 3.84-9.80000003 0-13.53333337M6 10.7333333C3.84 8.63333333 3.84 5.28888889 6 3.26666667M2.88 13.7666667C-.96 10.0333333-.96 3.96666667 2.88.23333333\" class=\"tribe-common-c-svgicon__svg-stroke\"\/><ellipse cx=\"12\" cy=\"7\" rx=\"2.4\" ry=\"2.33333333\" class=\"tribe-common-c-svgicon__svg-stroke\"\/>\n\t<\/g>\n<\/svg>\n\t<\/span>\n\t<span class=\"tribe-events-virtual-virtual-event__text\">\n\t\tOnline Evento\t<\/span>\n<\/div>\n\t\t\t\t\t\t\t\t\t<\/header>\n\n\t\t\t\t<div class=\"tribe-events-calendar-list__event-description tribe-common-b2 tribe-common-a11y-hidden\">\n\t<p>2nd of 4 training sessions: basics https:\/\/docs.google.com\/forms\/d\/e\/1FAIpQLSdn-yO0DeG6fgCfhBsbumGcbO4nbwM-PIzJSUPWsj5upZR3QQ\/viewform<\/p>\n<\/div>\n\t\t\t\t\n\t\t\t<\/div>\n\t\t<\/article>\n\t<\/div>\n\n<\/li>\n\n\t\t\t\t\t\t\t\n\t\t\t\t<li class=\"tribe-events-calendar-list__month-separator\">\n\t<h3>\n\t\t<time\n\t\t\tclass=\"tribe-events-calendar-list__month-separator-text tribe-common-h7 tribe-common-h6--min-medium tribe-common-h--alt\"\n\t\t>\n\t\t\tMaio 2026\t\t<\/time>\n\t<\/h3>\n<\/li>\n\n\t\t\t\t<li  class=\"tribe-common-g-row tribe-events-calendar-list__event-row\" >\n\n\t<div  class=\"tribe-events-calendar-list__event-date-tag tribe-common-g-col post-10000221 tribe_events type-tribe_events status-publish has-post-thumbnail hentry tribe_events_cat-training-pt-pt cat_training-pt-pt tribe-events-virtual-event\"  >\n\t<time class=\"tribe-events-calendar-list__event-date-tag-datetime\" datetime=\"2026-05-06\" aria-hidden=\"true\">\n\t\t<span class=\"tribe-events-calendar-list__event-date-tag-weekday\">\n\t\t\tQua\t\t<\/span>\n\t\t<span class=\"tribe-events-calendar-list__event-date-tag-daynum tribe-common-h5 tribe-common-h4--min-medium\">\n\t\t\t6\t\t<\/span>\n\t<\/time>\n<\/div>\n\n\t<div class=\"tribe-events-calendar-list__event-wrapper tribe-common-g-col\">\n\t\t<article  class=\"tribe-events-calendar-list__event tribe-common-g-row tribe-common-g-row--gutters post-10000221 tribe_events type-tribe_events status-publish has-post-thumbnail hentry tribe_events_cat-training-pt-pt cat_training-pt-pt tribe-events-virtual-event\" >\n\t\t\t<div class=\"tribe-events-calendar-list__event-featured-image-wrapper tribe-common-g-col\">\n\t<img\n\t\tclass=\"tribe-events-calendar-list__event-featured-image\"\n\t\tsrc=\"https:\/\/prolifeeurope.org\/wp-content\/uploads\/2025\/11\/why-pro-life-2b-Ls4kFd.png\"\n\t\t\t\t\tsrcset=\"https:\/\/prolifeeurope.org\/wp-content\/uploads\/2025\/11\/why-pro-life-2b-Ls4kFd-300x169.png 300w, https:\/\/prolifeeurope.org\/wp-content\/uploads\/2025\/11\/why-pro-life-2b-Ls4kFd-1024x576.png 1024w, https:\/\/prolifeeurope.org\/wp-content\/uploads\/2025\/11\/why-pro-life-2b-Ls4kFd-768x432.png 768w, https:\/\/prolifeeurope.org\/wp-content\/uploads\/2025\/11\/why-pro-life-2b-Ls4kFd.png 1440w\"\n\t\t\t\t\t\t\talt=\"\"\n\t\t\t\t\t\t\ttitle=\"why-pro-life-2b-Ls4kFd\"\n\t\t\t\tclass=\"tribe-events-calendar-list__event-featured-image\"\n\t\t\t\t\twidth=\"1440\"\n\t\t\theight=\"810\"\n\t\t\t\/>\n<\/div>\n\n\t\t\t<div class=\"tribe-events-calendar-list__event-details tribe-common-g-col\">\n\n\t\t\t\t<header class=\"tribe-events-calendar-list__event-header\">\n\t\t\t\t\t<h4 class=\"tribe-events-calendar-list__event-title tribe-common-h6 tribe-common-h4--min-medium\">\n\t<a\n\t\thref=\"https:\/\/prolifeeurope.org\/pt-pt\/event\/why-pro-life-p2\/\"\n\t\ttitle=\"Why Pro-life? P2\"\n\t\trel=\"bookmark\"\n\t\tclass=\"tribe-events-calendar-list__event-title-link tribe-common-anchor-thin\"\n\t>\n\t\tWhy Pro-life? P2\t<\/a>\n<\/h4>\n\t\t\t\t\t<div class=\"tribe-events-calendar-list__event-datetime-wrapper tribe-common-b2\">\n\t\t<time class=\"tribe-events-calendar-list__event-datetime\" datetime=\"2026-05-06\">\n\t\t<span class=\"tribe-event-date-start\">06.05. , 19:00<\/span> &#8211; <span class=\"tribe-event-time\">21:00<\/span> <span class='timezone'> CEST <\/span>\t<\/time>\n\t<\/div>\n\t\t\t\t\t<div class=\"tribe-common-b2 tribe-common-b2--bold tribe-events-virtual-virtual-event\">\n\t<span class=\"tribe-events-virtual-virtual-event__icon\" aria-hidden=\"true\">\n\t\t<svg\n\t class=\"tribe-common-c-svgicon tribe-common-c-svgicon--virtual tribe-events-virtual-virtual-event__icon-svg\" \taria-hidden=\"true\"\n\tviewBox=\"0 0 26 16\"\n\txmlns=\"http:\/\/www.w3.org\/2000\/svg\"\n>\n\t<g fill-rule=\"evenodd\" stroke-linecap=\"round\" stroke-linejoin=\"round\" stroke-width=\"2\" transform=\"translate(1 1)\">\n\t\t<path d=\"M18 10.7333333c2.16-2.09999997 2.16-5.44444441 0-7.46666663M21.12 13.7666667c3.84-3.7333334 3.84-9.80000003 0-13.53333337M6 10.7333333C3.84 8.63333333 3.84 5.28888889 6 3.26666667M2.88 13.7666667C-.96 10.0333333-.96 3.96666667 2.88.23333333\" class=\"tribe-common-c-svgicon__svg-stroke\"\/><ellipse cx=\"12\" cy=\"7\" rx=\"2.4\" ry=\"2.33333333\" class=\"tribe-common-c-svgicon__svg-stroke\"\/>\n\t<\/g>\n<\/svg>\n\t<\/span>\n\t<span class=\"tribe-events-virtual-virtual-event__text\">\n\t\tOnline Evento\t<\/span>\n<\/div>\n\t\t\t\t\t\t\t\t\t<\/header>\n\n\t\t\t\t<div class=\"tribe-events-calendar-list__event-description tribe-common-b2 tribe-common-a11y-hidden\">\n\t<p>2nd of 4 training sessions: conversation tools https:\/\/docs.google.com\/forms\/d\/e\/1FAIpQLSdn-yO0DeG6fgCfhBsbumGcbO4nbwM-PIzJSUPWsj5upZR3QQ\/viewform<\/p>\n<\/div>\n\t\t\t\t\n\t\t\t<\/div>\n\t\t<\/article>\n\t<\/div>\n\n<\/li>\n\n\t\t\t\t\t\t\t\n\t\t\t\t\n\t\t\t\t<li  class=\"tribe-common-g-row tribe-events-calendar-list__event-row\" >\n\n\t<div  class=\"tribe-events-calendar-list__event-date-tag tribe-common-g-col post-10000228 tribe_events type-tribe_events status-publish has-post-thumbnail hentry tribe_events_cat-training-pt-pt cat_training-pt-pt tribe-events-virtual-event\"  >\n\t<time class=\"tribe-events-calendar-list__event-date-tag-datetime\" datetime=\"2026-05-13\" aria-hidden=\"true\">\n\t\t<span class=\"tribe-events-calendar-list__event-date-tag-weekday\">\n\t\t\tQua\t\t<\/span>\n\t\t<span class=\"tribe-events-calendar-list__event-date-tag-daynum tribe-common-h5 tribe-common-h4--min-medium\">\n\t\t\t13\t\t<\/span>\n\t<\/time>\n<\/div>\n\n\t<div class=\"tribe-events-calendar-list__event-wrapper tribe-common-g-col\">\n\t\t<article  class=\"tribe-events-calendar-list__event tribe-common-g-row tribe-common-g-row--gutters post-10000228 tribe_events type-tribe_events status-publish has-post-thumbnail hentry tribe_events_cat-training-pt-pt cat_training-pt-pt tribe-events-virtual-event\" >\n\t\t\t<div class=\"tribe-events-calendar-list__event-featured-image-wrapper tribe-common-g-col\">\n\t<img\n\t\tclass=\"tribe-events-calendar-list__event-featured-image\"\n\t\tsrc=\"https:\/\/prolifeeurope.org\/wp-content\/uploads\/2025\/11\/why-pro-life-3b-gnDWk1.png\"\n\t\t\t\t\tsrcset=\"https:\/\/prolifeeurope.org\/wp-content\/uploads\/2025\/11\/why-pro-life-3b-gnDWk1-300x169.png 300w, https:\/\/prolifeeurope.org\/wp-content\/uploads\/2025\/11\/why-pro-life-3b-gnDWk1-1024x576.png 1024w, https:\/\/prolifeeurope.org\/wp-content\/uploads\/2025\/11\/why-pro-life-3b-gnDWk1-768x432.png 768w, https:\/\/prolifeeurope.org\/wp-content\/uploads\/2025\/11\/why-pro-life-3b-gnDWk1.png 1440w\"\n\t\t\t\t\t\t\talt=\"\"\n\t\t\t\t\t\t\ttitle=\"why-pro-life-3b-gnDWk1\"\n\t\t\t\tclass=\"tribe-events-calendar-list__event-featured-image\"\n\t\t\t\t\twidth=\"1440\"\n\t\t\theight=\"810\"\n\t\t\t\/>\n<\/div>\n\n\t\t\t<div class=\"tribe-events-calendar-list__event-details tribe-common-g-col\">\n\n\t\t\t\t<header class=\"tribe-events-calendar-list__event-header\">\n\t\t\t\t\t<h4 class=\"tribe-events-calendar-list__event-title tribe-common-h6 tribe-common-h4--min-medium\">\n\t<a\n\t\thref=\"https:\/\/prolifeeurope.org\/pt-pt\/event\/why-pro-life-p3\/\"\n\t\ttitle=\"Why Pro-life? P3\"\n\t\trel=\"bookmark\"\n\t\tclass=\"tribe-events-calendar-list__event-title-link tribe-common-anchor-thin\"\n\t>\n\t\tWhy Pro-life? P3\t<\/a>\n<\/h4>\n\t\t\t\t\t<div class=\"tribe-events-calendar-list__event-datetime-wrapper tribe-common-b2\">\n\t\t<time class=\"tribe-events-calendar-list__event-datetime\" datetime=\"2026-05-13\">\n\t\t<span class=\"tribe-event-date-start\">13.05. , 19:00<\/span> &#8211; <span class=\"tribe-event-time\">21:00<\/span> <span class='timezone'> CEST <\/span>\t<\/time>\n\t<\/div>\n\t\t\t\t\t<div class=\"tribe-common-b2 tribe-common-b2--bold tribe-events-virtual-virtual-event\">\n\t<span class=\"tribe-events-virtual-virtual-event__icon\" aria-hidden=\"true\">\n\t\t<svg\n\t class=\"tribe-common-c-svgicon tribe-common-c-svgicon--virtual tribe-events-virtual-virtual-event__icon-svg\" \taria-hidden=\"true\"\n\tviewBox=\"0 0 26 16\"\n\txmlns=\"http:\/\/www.w3.org\/2000\/svg\"\n>\n\t<g fill-rule=\"evenodd\" stroke-linecap=\"round\" stroke-linejoin=\"round\" stroke-width=\"2\" transform=\"translate(1 1)\">\n\t\t<path d=\"M18 10.7333333c2.16-2.09999997 2.16-5.44444441 0-7.46666663M21.12 13.7666667c3.84-3.7333334 3.84-9.80000003 0-13.53333337M6 10.7333333C3.84 8.63333333 3.84 5.28888889 6 3.26666667M2.88 13.7666667C-.96 10.0333333-.96 3.96666667 2.88.23333333\" class=\"tribe-common-c-svgicon__svg-stroke\"\/><ellipse cx=\"12\" cy=\"7\" rx=\"2.4\" ry=\"2.33333333\" class=\"tribe-common-c-svgicon__svg-stroke\"\/>\n\t<\/g>\n<\/svg>\n\t<\/span>\n\t<span class=\"tribe-events-virtual-virtual-event__text\">\n\t\tOnline Evento\t<\/span>\n<\/div>\n\t\t\t\t\t\t\t\t\t<\/header>\n\n\t\t\t\t<div class=\"tribe-events-calendar-list__event-description tribe-common-b2 tribe-common-a11y-hidden\">\n\t<p>3rd of 4 training sessions: science and philosophy https:\/\/docs.google.com\/forms\/d\/e\/1FAIpQLSdn-yO0DeG6fgCfhBsbumGcbO4nbwM-PIzJSUPWsj5upZR3QQ\/viewform<\/p>\n<\/div>\n\t\t\t\t\n\t\t\t<\/div>\n\t\t<\/article>\n\t<\/div>\n\n<\/li>\n\n\t\t\t\n\t\t<\/ul>\n\n\t\t<nav class=\"tribe-events-calendar-list-nav tribe-events-c-nav\" aria-label=\"Bottom eventos list pagination\">\n\t<ul class=\"tribe-events-c-nav__list\">\n\t\t<li class=\"tribe-events-c-nav__list-item tribe-events-c-nav__list-item--prev\">\n\t<a\n\t\thref=\"https:\/\/prolifeeurope.org\/pt-pt\/eventos\/lista\/?rest_route=%2Fwp%2Fv2%2Fpages%2F3364&#038;shortcode=a10f6950&#038;eventDisplay=past\"\n\t\trel=\"prev\"\n\t\tclass=\"tribe-events-c-nav__prev tribe-common-b2 tribe-common-b1--min-medium\"\n\t\tdata-js=\"tribe-events-view-link\"\n\t\taria-label=\"Eventos anteriores\"\n\t\ttitle=\"Eventos anteriores\"\n\t>\n\t\t<svg\n\t class=\"tribe-common-c-svgicon tribe-common-c-svgicon--caret-left tribe-events-c-nav__prev-icon-svg\" \taria-hidden=\"true\"\n\tviewBox=\"0 0 10 16\"\n\txmlns=\"http:\/\/www.w3.org\/2000\/svg\"\n>\n\t<path d=\"M9.7 14.4l-1.5 1.5L.3 8 8.2.1l1.5 1.5L3.3 8l6.4 6.4z\"\/>\n<\/svg>\n\t\t<span class=\"tribe-events-c-nav__prev-label\">\n\t\t\t<span class=\"tribe-events-c-nav__prev-label-plural tribe-common-a11y-visual-hide\">Eventos<\/span> anteriores\t\t<\/span>\n\t<\/a>\n<\/li>\n\n\t\t<li class=\"tribe-events-c-nav__list-item tribe-events-c-nav__list-item--today\">\n\t<a\n\t\thref=\"https:\/\/prolifeeurope.org\/pt-pt\/eventos\/lista\/?rest_route=%2Fwp%2Fv2%2Fpages%2F3364&#038;shortcode=a10f6950\"\n\t\tclass=\"tribe-events-c-nav__today tribe-common-b2\"\n\t\tdata-js=\"tribe-events-view-link\"\n\t\taria-label=\"Clique para seleccionar a data de hoje\"\n\t\ttitle=\"Clique para seleccionar a data de hoje\"\n\t>\n\t\tHoje\t<\/a>\n<\/li>\n\n\t\t<li class=\"tribe-events-c-nav__list-item tribe-events-c-nav__list-item--next\">\n\t<a\n\t\thref=\"https:\/\/prolifeeurope.org\/pt-pt\/eventos\/lista\/p\u00e1gina\/2\/?shortcode=a10f6950\"\n\t\trel=\"next\"\n\t\tclass=\"tribe-events-c-nav__next tribe-common-b2 tribe-common-b1--min-medium\"\n\t\tdata-js=\"tribe-events-view-link\"\n\t\taria-label=\"Eventos seguintes\"\n\t\ttitle=\"Eventos seguintes\"\n\t>\n\t\t<span class=\"tribe-events-c-nav__next-label\">\n\t\t\t<span class=\"tribe-events-c-nav__next-label-plural tribe-common-a11y-visual-hide\">Eventos<\/span> seguintes\t\t<\/span>\n\t\t<svg\n\t class=\"tribe-common-c-svgicon tribe-common-c-svgicon--caret-right tribe-events-c-nav__next-icon-svg\" \taria-hidden=\"true\"\n\tviewBox=\"0 0 10 16\"\n\txmlns=\"http:\/\/www.w3.org\/2000\/svg\"\n>\n\t<path d=\"M.3 1.6L1.8.1 9.7 8l-7.9 7.9-1.5-1.5L6.7 8 .3 1.6z\"\/>\n<\/svg>\n\t<\/a>\n<\/li>\n\t<\/ul>\n<\/nav>\n\n\t\t<div class=\"tribe-events-c-subscribe-dropdown__container\">\n\t<div class=\"tribe-events-c-subscribe-dropdown\">\n\t\t<div class=\"tribe-common-c-btn-border tribe-events-c-subscribe-dropdown__button\">\n\t\t\t<button\n\t\t\t\tclass=\"tribe-events-c-subscribe-dropdown__button-text tribe-common-c-btn--clear\"\n\t\t\t\taria-expanded=\"false\"\n\t\t\t\taria-controls=\"tribe-events-subscribe-dropdown-content\"\n\t\t\t\taria-label=\"\"\n\t\t\t>\n\t\t\t\tSubscrever o calend\u00e1rio\t\t\t<\/button>\n\t\t\t<svg\n\t class=\"tribe-common-c-svgicon tribe-common-c-svgicon--caret-down tribe-events-c-subscribe-dropdown__button-icon\" \taria-hidden=\"true\"\n\tviewBox=\"0 0 10 7\"\n\txmlns=\"http:\/\/www.w3.org\/2000\/svg\"\n>\n\t<path fill-rule=\"evenodd\" clip-rule=\"evenodd\" d=\"M1.008.609L5 4.6 8.992.61l.958.958L5 6.517.05 1.566l.958-.958z\" class=\"tribe-common-c-svgicon__svg-fill\"\/>\n<\/svg>\n\t\t<\/div>\n\t\t<div id=\"tribe-events-c-subscribe-dropdown-content\" class=\"tribe-events-c-subscribe-dropdown__content\">\n\t\t\t<ul class=\"tribe-events-c-subscribe-dropdown__list\">\n\t\t\t\t\t\t\t\t\t\n<li class=\"tribe-events-c-subscribe-dropdown__list-item tribe-events-c-subscribe-dropdown__list-item--gcal\">\n\t<a\n\t\thref=\"https:\/\/www.google.com\/calendar\/render?cid=webcal%3A%2F%2Fprolifeeurope.org%2Fpt-pt%2F%3Fpost_type%3Dtribe_events%26ical%3D1%26eventDisplay%3Dlist\"\n\t\tclass=\"tribe-events-c-subscribe-dropdown__list-item-link\"\n\t\ttarget=\"_blank\"\n\t\trel=\"noopener noreferrer nofollow noindex\"\n\t>\n\t\tCalend\u00e1rio Google\t<\/a>\n<\/li>\n\t\t\t\t\t\t\t\t\t\n<li class=\"tribe-events-c-subscribe-dropdown__list-item tribe-events-c-subscribe-dropdown__list-item--ical\">\n\t<a\n\t\thref=\"webcal:\/\/prolifeeurope.org\/pt-pt\/?post_type=tribe_events&#038;ical=1&#038;eventDisplay=list\"\n\t\tclass=\"tribe-events-c-subscribe-dropdown__list-item-link\"\n\t\ttarget=\"_blank\"\n\t\trel=\"noopener noreferrer nofollow noindex\"\n\t>\n\t\tiCalendar\t<\/a>\n<\/li>\n\t\t\t\t\t\t\t\t\t\n<li class=\"tribe-events-c-subscribe-dropdown__list-item tribe-events-c-subscribe-dropdown__list-item--outlook-365\">\n\t<a\n\t\thref=\"https:\/\/outlook.office.com\/owa?path=\/calendar\/action\/compose&#038;rru=addsubscription&#038;url=webcal%3A%2F%2Fprolifeeurope.org%2Fpt-pt%2F%3Fpost_type%3Dtribe_events%26ical%3D1%26eventDisplay%3Dlist&#038;name=ProLife+Europe+Pr\u00f3ximos+Eventos+\u2013+ProLife+Europe\"\n\t\tclass=\"tribe-events-c-subscribe-dropdown__list-item-link\"\n\t\ttarget=\"_blank\"\n\t\trel=\"noopener noreferrer nofollow noindex\"\n\t>\n\t\tOutlook 365\t<\/a>\n<\/li>\n\t\t\t\t\t\t\t\t\t\n<li class=\"tribe-events-c-subscribe-dropdown__list-item tribe-events-c-subscribe-dropdown__list-item--outlook-live\">\n\t<a\n\t\thref=\"https:\/\/outlook.live.com\/owa?path=\/calendar\/action\/compose&#038;rru=addsubscription&#038;url=webcal%3A%2F%2Fprolifeeurope.org%2Fpt-pt%2F%3Fpost_type%3Dtribe_events%26ical%3D1%26eventDisplay%3Dlist&#038;name=ProLife+Europe+Pr\u00f3ximos+Eventos+\u2013+ProLife+Europe\"\n\t\tclass=\"tribe-events-c-subscribe-dropdown__list-item-link\"\n\t\ttarget=\"_blank\"\n\t\trel=\"noopener noreferrer nofollow noindex\"\n\t>\n\t\tOutlook Live\t<\/a>\n<\/li>\n\t\t\t\t\t\t\t\t\t\n<li class=\"tribe-events-c-subscribe-dropdown__list-item tribe-events-c-subscribe-dropdown__list-item--ics\">\n\t<a\n\t\thref=\"https:\/\/prolifeeurope.org\/pt-pt\/eventos\/lista\/?shortcode=a10f6950&#038;ical=1\"\n\t\tclass=\"tribe-events-c-subscribe-dropdown__list-item-link\"\n\t\ttarget=\"_blank\"\n\t\trel=\"noopener noreferrer nofollow noindex\"\n\t>\n\t\tExportar ficheiro .ics\t<\/a>\n<\/li>\n\t\t\t\t\t\t\t\t\t\n<li class=\"tribe-events-c-subscribe-dropdown__list-item tribe-events-c-subscribe-dropdown__list-item--outlook-ics\">\n\t<a\n\t\thref=\"https:\/\/prolifeeurope.org\/pt-pt\/eventos\/lista\/?shortcode=a10f6950&#038;outlook-ical=1#038;ical=1\"\n\t\tclass=\"tribe-events-c-subscribe-dropdown__list-item-link\"\n\t\ttarget=\"_blank\"\n\t\trel=\"noopener noreferrer nofollow noindex\"\n\t>\n\t\tExportar para ficheiro Outlook .ics\t<\/a>\n<\/li>\n\t\t\t\t\t\t\t<\/ul>\n\t\t<\/div>\n\t<\/div>\n<\/div>\n\n\t\t\n\t<\/section>\n<\/div>\n\n<script data-js='tribe-events-view-nonce-data' type='application\/json'>{\"tvn1\":\"9d2e4d5a0d\",\"tvn2\":\"\"}<\/script>            <img decoding=\"async\" src=\"https:\/\/prolifeeurope.org\/wp-content\/themes\/ple\/theme\/images\/lets-change-the-culture-orange.svg\" alt=\"Let's change the culture\" class=\"hidden lg:block absolute -left-72 bottom-[54%]\" \/>\n            <img decoding=\"async\" src=\"https:\/\/prolifeeurope.org\/wp-content\/themes\/ple\/theme\/images\/lets-change-the-culture-blue.svg\" alt=\"Let's change the culture\" class=\"hidden lg:block absolute right-[-15%] top-[-18%]\" \/>                \n\t\t\t<img decoding=\"async\" src=\"https:\/\/prolifeeurope.org\/wp-content\/themes\/ple\/theme\/images\/lets-change-the-culture-yellow.svg\" alt=\"Let's change the culture\" class=\"hidden lg:block absolute bottom-[-12%] right-[-15%]\" \/>        \t\t\t\t\t\t\t\t\t\t\t\t\t\t\t\t\t\t\t\t\t\t\t\t\t\t\t\t\t\t\t\t\t\t\t\t\t\t\t\t\t\t\t\t\t\t\t\t\t  \n        <\/div>\n    <\/div>\n<\/section>\n<section  style=\"background-color:#ECE3CF\">\n    <div class=\"main grid grid-cols-1 items-center ~md:~gap-10\/36 ~py-60px\/100px md:grid-cols-2\">\n        <div class=\"content flex flex-col items-start ~gap-y-26px\/8 md:max-w-460px \">\n            <h2 class=\"heading text-body\/[90%]  \"><span style=\"font-weight: 600;\"><span style=\"color: #F36025;\">N\u00e3o tens de mudar o mundo inteiro sozinho;<\/span> mas a tua contribui\u00e7\u00e3o individual pode ser insubstitu\u00edvel.<\/span><\/h2>\n                                                    <p class=\"text-lg text-body\/[75%] [&#038;_span]:text-orange\">Ao dedicares tempo da tua vida e ao unires esfor\u00e7os com os outros, podes participar em a\u00e7\u00f5es \u2014 como a\u00e7\u00f5es de rua, palestras pr\u00f3-vida ou a organiza\u00e7\u00e3o de bancas informativas \u2014 promovendo a dignidade da vida humana. Pequenas a\u00e7\u00f5es com um impacto eterno. <\/p>\n            \t                                                    <\/div>\n                            <div>\n                <video class=\"rounded-2xl\" playsinline autoplay loop muted>\n                    <source src=\"https:\/\/prolifeeurope.org\/wp-content\/themes\/ple\/theme\/videos\/video.webm\" type=\"video\/webm\">\n                <\/video>\n            <\/div>\n            <\/div>\n<\/section>","protected":false},"excerpt":{"rendered":"","protected":false},"author":14,"featured_media":0,"parent":0,"menu_order":0,"comment_status":"closed","ping_status":"closed","template":"","meta":{"_acf_changed":false,"_monsterinsights_skip_tracking":false,"_monsterinsights_sitenote_active":false,"_monsterinsights_sitenote_note":"","_monsterinsights_sitenote_category":0,"footnotes":""},"topic":[],"class_list":["post-3364","page","type-page","status-publish","hentry"],"acf":[],"yoast_head":"<!-- This site is optimized with the Yoast SEO plugin v27.2 - https:\/\/yoast.com\/product\/yoast-seo-wordpress\/ -->\n<title>Home - ProLife Europe<\/title>\n<meta name=\"description\" content=\"Existimos para expor a verdade sobre o aborto e ajudar os estudantes a defender e criar uma cultura de vida em toda a Europa.\" \/>\n<meta name=\"robots\" content=\"index, follow, max-snippet:-1, max-image-preview:large, max-video-preview:-1\" \/>\n<link rel=\"canonical\" href=\"https:\/\/prolifeeurope.org\/pt-pt\/\" \/>\n<meta property=\"og:locale\" content=\"pt_PT\" \/>\n<meta property=\"og:type\" content=\"article\" \/>\n<meta property=\"og:title\" content=\"Home - ProLife Europe\" \/>\n<meta property=\"og:description\" content=\"Existimos para expor a verdade sobre o aborto e ajudar os estudantes a defender e criar uma cultura de vida em toda a Europa.\" \/>\n<meta property=\"og:url\" content=\"https:\/\/prolifeeurope.org\/pt-pt\/\" \/>\n<meta property=\"og:site_name\" content=\"ProLife Europe\" \/>\n<meta property=\"article:publisher\" content=\"https:\/\/www.facebook.com\/ProLifeEurope\/\" \/>\n<meta property=\"article:modified_time\" content=\"2025-04-08T11:19:47+00:00\" \/>\n<meta name=\"twitter:card\" content=\"summary_large_image\" \/>\n<script type=\"application\/ld+json\" class=\"yoast-schema-graph\">{\"@context\":\"https:\/\/schema.org\",\"@graph\":[{\"@type\":\"WebPage\",\"@id\":\"https:\/\/prolifeeurope.org\/pt-pt\/\",\"url\":\"https:\/\/prolifeeurope.org\/pt-pt\/\",\"name\":\"Home - ProLife Europe\",\"isPartOf\":{\"@id\":\"https:\/\/prolifeeurope.org\/pt-pt\/#website\"},\"datePublished\":\"2024-11-08T16:36:55+00:00\",\"dateModified\":\"2025-04-08T11:19:47+00:00\",\"description\":\"Existimos para expor a verdade sobre o aborto e ajudar os estudantes a defender e criar uma cultura de vida em toda a Europa.\",\"breadcrumb\":{\"@id\":\"https:\/\/prolifeeurope.org\/pt-pt\/#breadcrumb\"},\"inLanguage\":\"pt-PT\",\"potentialAction\":[{\"@type\":\"ReadAction\",\"target\":[\"https:\/\/prolifeeurope.org\/pt-pt\/\"]}]},{\"@type\":\"BreadcrumbList\",\"@id\":\"https:\/\/prolifeeurope.org\/pt-pt\/#breadcrumb\",\"itemListElement\":[{\"@type\":\"ListItem\",\"position\":1,\"name\":\"Home\",\"item\":\"https:\/\/prolifeeurope.org\/pt-pt\/\"},{\"@type\":\"ListItem\",\"position\":2,\"name\":\"Home\"}]},{\"@type\":\"WebSite\",\"@id\":\"https:\/\/prolifeeurope.org\/pt-pt\/#website\",\"url\":\"https:\/\/prolifeeurope.org\/pt-pt\/\",\"name\":\"ProLife Europe\",\"description\":\"\",\"publisher\":{\"@id\":\"https:\/\/prolifeeurope.org\/pt-pt\/#organization\"},\"potentialAction\":[{\"@type\":\"SearchAction\",\"target\":{\"@type\":\"EntryPoint\",\"urlTemplate\":\"https:\/\/prolifeeurope.org\/pt-pt\/?s={search_term_string}\"},\"query-input\":{\"@type\":\"PropertyValueSpecification\",\"valueRequired\":true,\"valueName\":\"search_term_string\"}}],\"inLanguage\":\"pt-PT\"},{\"@type\":\"Organization\",\"@id\":\"https:\/\/prolifeeurope.org\/pt-pt\/#organization\",\"name\":\"ProLife Europe\",\"url\":\"https:\/\/prolifeeurope.org\/pt-pt\/\",\"logo\":{\"@type\":\"ImageObject\",\"inLanguage\":\"pt-PT\",\"@id\":\"https:\/\/prolifeeurope.org\/pt-pt\/#\/schema\/logo\/image\/\",\"url\":\"https:\/\/prolifeeurope.org\/wp-content\/uploads\/2024\/11\/logo-3.svg\",\"contentUrl\":\"https:\/\/prolifeeurope.org\/wp-content\/uploads\/2024\/11\/logo-3.svg\",\"width\":166,\"height\":170,\"caption\":\"ProLife Europe\"},\"image\":{\"@id\":\"https:\/\/prolifeeurope.org\/pt-pt\/#\/schema\/logo\/image\/\"},\"sameAs\":[\"https:\/\/www.facebook.com\/ProLifeEurope\/\",\"https:\/\/www.instagram.com\/prolife_europe\/\",\"https:\/\/www.youtube.com\/channel\/UC7olgmdiSVEHZUiP554XozA\"]}]}<\/script>\n<!-- \/ Yoast SEO plugin. -->","yoast_head_json":{"title":"Home - ProLife Europe","description":"Existimos para expor a verdade sobre o aborto e ajudar os estudantes a defender e criar uma cultura de vida em toda a Europa.","robots":{"index":"index","follow":"follow","max-snippet":"max-snippet:-1","max-image-preview":"max-image-preview:large","max-video-preview":"max-video-preview:-1"},"canonical":"https:\/\/prolifeeurope.org\/pt-pt\/","og_locale":"pt_PT","og_type":"article","og_title":"Home - ProLife Europe","og_description":"Existimos para expor a verdade sobre o aborto e ajudar os estudantes a defender e criar uma cultura de vida em toda a Europa.","og_url":"https:\/\/prolifeeurope.org\/pt-pt\/","og_site_name":"ProLife Europe","article_publisher":"https:\/\/www.facebook.com\/ProLifeEurope\/","article_modified_time":"2025-04-08T11:19:47+00:00","twitter_card":"summary_large_image","schema":{"@context":"https:\/\/schema.org","@graph":[{"@type":"WebPage","@id":"https:\/\/prolifeeurope.org\/pt-pt\/","url":"https:\/\/prolifeeurope.org\/pt-pt\/","name":"Home - ProLife Europe","isPartOf":{"@id":"https:\/\/prolifeeurope.org\/pt-pt\/#website"},"datePublished":"2024-11-08T16:36:55+00:00","dateModified":"2025-04-08T11:19:47+00:00","description":"Existimos para expor a verdade sobre o aborto e ajudar os estudantes a defender e criar uma cultura de vida em toda a Europa.","breadcrumb":{"@id":"https:\/\/prolifeeurope.org\/pt-pt\/#breadcrumb"},"inLanguage":"pt-PT","potentialAction":[{"@type":"ReadAction","target":["https:\/\/prolifeeurope.org\/pt-pt\/"]}]},{"@type":"BreadcrumbList","@id":"https:\/\/prolifeeurope.org\/pt-pt\/#breadcrumb","itemListElement":[{"@type":"ListItem","position":1,"name":"Home","item":"https:\/\/prolifeeurope.org\/pt-pt\/"},{"@type":"ListItem","position":2,"name":"Home"}]},{"@type":"WebSite","@id":"https:\/\/prolifeeurope.org\/pt-pt\/#website","url":"https:\/\/prolifeeurope.org\/pt-pt\/","name":"ProLife Europe","description":"","publisher":{"@id":"https:\/\/prolifeeurope.org\/pt-pt\/#organization"},"potentialAction":[{"@type":"SearchAction","target":{"@type":"EntryPoint","urlTemplate":"https:\/\/prolifeeurope.org\/pt-pt\/?s={search_term_string}"},"query-input":{"@type":"PropertyValueSpecification","valueRequired":true,"valueName":"search_term_string"}}],"inLanguage":"pt-PT"},{"@type":"Organization","@id":"https:\/\/prolifeeurope.org\/pt-pt\/#organization","name":"ProLife Europe","url":"https:\/\/prolifeeurope.org\/pt-pt\/","logo":{"@type":"ImageObject","inLanguage":"pt-PT","@id":"https:\/\/prolifeeurope.org\/pt-pt\/#\/schema\/logo\/image\/","url":"https:\/\/prolifeeurope.org\/wp-content\/uploads\/2024\/11\/logo-3.svg","contentUrl":"https:\/\/prolifeeurope.org\/wp-content\/uploads\/2024\/11\/logo-3.svg","width":166,"height":170,"caption":"ProLife Europe"},"image":{"@id":"https:\/\/prolifeeurope.org\/pt-pt\/#\/schema\/logo\/image\/"},"sameAs":["https:\/\/www.facebook.com\/ProLifeEurope\/","https:\/\/www.instagram.com\/prolife_europe\/","https:\/\/www.youtube.com\/channel\/UC7olgmdiSVEHZUiP554XozA"]}]}},"_links":{"self":[{"href":"https:\/\/prolifeeurope.org\/pt-pt\/wp-json\/wp\/v2\/pages\/3364","targetHints":{"allow":["GET"]}}],"collection":[{"href":"https:\/\/prolifeeurope.org\/pt-pt\/wp-json\/wp\/v2\/pages"}],"about":[{"href":"https:\/\/prolifeeurope.org\/pt-pt\/wp-json\/wp\/v2\/types\/page"}],"author":[{"embeddable":true,"href":"https:\/\/prolifeeurope.org\/pt-pt\/wp-json\/wp\/v2\/users\/14"}],"replies":[{"embeddable":true,"href":"https:\/\/prolifeeurope.org\/pt-pt\/wp-json\/wp\/v2\/comments?post=3364"}],"version-history":[{"count":4,"href":"https:\/\/prolifeeurope.org\/pt-pt\/wp-json\/wp\/v2\/pages\/3364\/revisions"}],"predecessor-version":[{"id":3759,"href":"https:\/\/prolifeeurope.org\/pt-pt\/wp-json\/wp\/v2\/pages\/3364\/revisions\/3759"}],"wp:attachment":[{"href":"https:\/\/prolifeeurope.org\/pt-pt\/wp-json\/wp\/v2\/media?parent=3364"}],"wp:term":[{"taxonomy":"topic","embeddable":true,"href":"https:\/\/prolifeeurope.org\/pt-pt\/wp-json\/wp\/v2\/topic?post=3364"}],"curies":[{"name":"wp","href":"https:\/\/api.w.org\/{rel}","templated":true}]}}