{"id":2625,"date":"2025-01-28T17:01:09","date_gmt":"2025-01-28T16:01:09","guid":{"rendered":"https:\/\/ws-staging.prolifeeurope.org\/adocao-nacional\/"},"modified":"2025-03-26T19:13:16","modified_gmt":"2025-03-26T18:13:16","slug":"adocao-nacional","status":"publish","type":"page","link":"https:\/\/prolifeeurope.org\/pt-pt\/informa-te\/adocao-nacional\/","title":{"rendered":"Ado\u00e7\u00e3o nacional"},"content":{"rendered":"\n<p><strong>Ado\u00e7\u00e3o nacional<\/strong> \u00e9 o processo de ado\u00e7\u00e3o de uma crian\u00e7a dentro do mesmo pa\u00eds, envolvendo, geralmente, crian\u00e7as em acolhimento familiar, crian\u00e7as que foram voluntariamente entregues pelos seus pais biol\u00f3gicos ou ado\u00e7\u00f5es de enteados. Os passos e as regulamenta\u00e7\u00f5es para a ado\u00e7\u00e3o nacional variam de pa\u00eds para pa\u00eds, mas o processo segue, em geral, uma estrutura legal organizada, destinada a garantir os melhores interesses da crian\u00e7a. <\/p>\n\n<h3 class=\"wp-block-heading\">Passos Principais para Ado\u00e7\u00e3o Nacional<\/h3>\n\n<ol class=\"wp-block-list\">\n<li><strong>Elegibilidade e Requisitos<\/strong>:\n<ul class=\"wp-block-list\">\n<li><strong>Pais Adotivos<\/strong>: Os requisitos variam, mas os pais adotivos em potencial geralmente precisam de ter uma certa idade (normalmente 21 anos ou mais) e cumprir crit\u00e9rios espec\u00edficos de sa\u00fade, financeiros e sociais. Em muitos pa\u00edses, indiv\u00edduos solteiros, casais do mesmo sexo e casais heterossexuais podem adotar, embora as regras difiram de acordo com a regi\u00e3o. <\/li>\n\n\n\n<li><strong>Avalia\u00e7\u00e3o do Domic\u00edlio <\/strong>: Os potenciais pais adotivos devem passar por uma <strong>avalia\u00e7\u00e3o ao domic\u00edlio <\/strong>para avaliar a sua capacidade de proporcionar um ambiente seguro e est\u00e1vel para a crian\u00e7a. Isso envolve verifica\u00e7\u00f5es de antecedentes, entrevistas, visitas domiciliares e avalia\u00e7\u00f5es da estabilidade financeira. <\/li>\n<\/ul>\n<\/li>\n\n\n\n<li><strong>Tipos de Ado\u00e7\u00e3o Nacional <\/strong>:\n<ul class=\"wp-block-list\">\n<li><strong>Ado\u00e7\u00e3o ap\u00f3s Acolhimento Familiar Social<\/strong>: Envolve a ado\u00e7\u00e3o de crian\u00e7as do sistema de acolhimento familiar. Estas crian\u00e7as podem ter sido removidas das suas fam\u00edlias biol\u00f3gicas devido a abuso, neglig\u00eancia ou outras circunst\u00e2ncias. A ado\u00e7\u00e3o ap\u00f3s acolhimento familiar \u00e9 frequentemente seguida quando os direitos dos pais biol\u00f3gicos da crian\u00e7a tenham sido terminados legalmente.  <\/li>\n\n\n\n<li><strong> Ado\u00e7\u00e3o Privada<\/strong>: Na ado\u00e7\u00e3o nacional privada, os pais biol\u00f3gicos entregam voluntariamente os seus direitos parentais, e a crian\u00e7a \u00e9 colocada com os pais adotivos atrav\u00e9s de uma ag\u00eancia ou advogado. Isso pode envolver rec\u00e9m-nascidos ou crian\u00e7as pequenas. <\/li>\n\n\n\n<li><strong>Ado\u00e7\u00e3o de Enteado<\/strong>: Um padrasto ou madrasta adota o filho biol\u00f3gico do seu c\u00f4njuge, o que geralmente ocorre quando o progenitor biol\u00f3gico faleceu ou deixou de estar envolvido na vida da crian\u00e7a.<\/li>\n\n\n\n<li><strong>Ado\u00e7\u00e3o por Parentes<\/strong>: Familiares (como av\u00f3s ou tios\/tias) adotam o filho de um parente devido \u00e0 incapacidade dos pais biol\u00f3gicos de cuidar da crian\u00e7a.<\/li>\n<\/ul>\n<\/li>\n\n\n\n<li><strong>Processo de Coloca\u00e7\u00e3o<\/strong>:\n<ul class=\"wp-block-list\">\n<li>Uma vez que uma fam\u00edlia esteja aprovada, pode ser emparelhada com uma crian\u00e7a atrav\u00e9s de um sistema p\u00fablico de acolhimento familiar, uma ag\u00eancia de ado\u00e7\u00e3o ou um acordo direto com os pais biol\u00f3gicos. Em alguns casos, os pais adotivos em potencial podem ter que esperar meses ou at\u00e9 anos, dependendo da disponibilidade de crian\u00e7as adot\u00e1veis e das suas prefer\u00eancias (por exemplo, idade, sa\u00fade). <\/li>\n<\/ul>\n<\/li>\n\n\n\n<li><strong>Procedimentos Jur\u00eddicos<\/strong>:\n<ul class=\"wp-block-list\">\n<li>Ap\u00f3s o emparelhamento, os processos legais garantem que a ado\u00e7\u00e3o da crian\u00e7a seja permanente e vinculativa. Normalmente envolve sess\u00f5es presenciais em tribunal e a documenta\u00e7\u00e3o necess\u00e1ria para terminar os direitos dos pais biol\u00f3gicos e a sua transfer\u00eancia para os pais adotivos. <\/li>\n\n\n\n<li>Em muitos pa\u00edses, pode ocorrer um per\u00edodo interm\u00e9dio em que a crian\u00e7a \u00e9 colocada com a fam\u00edlia temporariamente antes de a ado\u00e7\u00e3o ser finalizada.<\/li>\n<\/ul>\n<\/li>\n\n\n\n<li><strong>Processo P\u00f3s-ado\u00e7\u00e3o<\/strong>:\n<ul class=\"wp-block-list\">\n<li>Ap\u00f3s a ado\u00e7\u00e3o ser finalizada, alguns pa\u00edses exigem visitas ou <strong>acompanhamentos p\u00f3s-ado\u00e7\u00e3o<\/strong> por assistentes sociais para garantir que a crian\u00e7a est\u00e1 a ajustar-se bem.<\/li>\n\n\n\n<li>Dependendo do tipo de ado\u00e7\u00e3o, podem ser mantidos acordos de contacto entre os pais biol\u00f3gicos e os pais adotivos (<strong>ado\u00e7\u00f5es abertas<\/strong>). Nas ado\u00e7\u00f5es abertas, existe algum tipo de comunica\u00e7\u00e3o entre a crian\u00e7a e os seus pais biol\u00f3gicos, enquanto as <strong>ado\u00e7\u00f5es fechadas<\/strong> mant\u00eam a privacidade para todas as partes envolvidas. <\/li>\n<\/ul>\n<\/li>\n<\/ol>\n\n<h3 class=\"wp-block-heading\">Fatores de influ\u00eancia na Ado\u00e7\u00e3o Nacional:<\/h3>\n\n<ul class=\"wp-block-list\">\n<li><strong>Custos<\/strong>: A ado\u00e7\u00e3o nacional costuma ser menos dispendiosa do que a ado\u00e7\u00e3o internacional, especialmente quando realizada atrav\u00e9s do sistema de acolhimento familiar, onde os custos s\u00e3o geralmente subsidiados pelo governo. Ado\u00e7\u00f5es privadas podem custar entre 10.000 e 30.000 d\u00f3lares. <\/li>\n\n\n\n<li><strong>Tempos de Espera<\/strong>: A dura\u00e7\u00e3o do processo varia dependendo do tipo de ado\u00e7\u00e3o. A ado\u00e7\u00e3o ap\u00f3s acolhimento familiar pode demorar mais devido \u00e0 possibilidade de reunifica\u00e7\u00e3o com os pais biol\u00f3gicos, enquanto as ado\u00e7\u00f5es privadas podem ter tempos de espera mais curtos. <\/li>\n\n\n\n<li><strong>Ado\u00e7\u00e3o de Crian\u00e7as Mais Velhas<\/strong>: Muitas crian\u00e7as dispon\u00edveis para ado\u00e7\u00e3o dom\u00e9stica s\u00e3o mais velhas ou t\u00eam necessidades especiais, o que leva algumas fam\u00edlias a esperar mais tempo caso prefiram adotar crian\u00e7as mais novas ou rec\u00e9m-nascidos.<\/li>\n<\/ul>\n\n<h3 class=\"wp-block-heading\">Estat\u00edsticas (vari\u00e1veis de pa\u00eds para pa\u00eds):<\/h3>\n\n<ul class=\"wp-block-list\">\n<li>Nos <strong>Estados Unidos<\/strong>, cerca de <strong>120.000 <\/strong>crian\u00e7as s\u00e3o adotadas em cada ano, onde muitas destas ado\u00e7\u00f5es ocorrem atrav\u00e9s do sistema de acolhimento familiar.<\/li>\n\n\n\n<li>Na <strong>Europa<\/strong>, as taxas de ado\u00e7\u00e3o s\u00e3o mais baixas, com muitos pa\u00edses a focarem-se em modelos nacionais de ado\u00e7\u00e3o ap\u00f3s acolhimento familiar.<\/li>\n<\/ul>\n\n<h3 class=\"wp-block-heading\">Vantagens da Ado\u00e7\u00e3o Dom\u00e9stica:<\/h3>\n\n<ul class=\"wp-block-list\">\n<li><strong>Proximidade<\/strong>: A ado\u00e7\u00e3o nacional permite que os pais adotivos construam uma rela\u00e7\u00e3o com os pais biol\u00f3gicos, se desejado, e apresenta menos quest\u00f5es log\u00edsticas (por exemplo, sem necessidade de viagens, processos legais mais f\u00e1ceis).<\/li>\n\n\n\n<li><strong>Servi\u00e7os de Apoio<\/strong>: Muitos pa\u00edses oferecem <strong>apoio p\u00f3s-ado\u00e7\u00e3o<\/strong> e <strong>ajuda financeira<\/strong> para fam\u00edlias adotivas, especialmente aquelas que adotam crian\u00e7as do sistema de acolhimento familiar.<\/li>\n<\/ul>\n\n<hr class=\"wp-block-separator has-alpha-channel-opacity\"\/>\n\n<p>A ado\u00e7\u00e3o nacional proporciona \u00e0s crian\u00e7as uma fam\u00edlia permanente dentro do seu pa\u00eds de origem, com estruturas legais e sociais em vigor para proteger os interesses tanto da crian\u00e7a como dos pais adotivos.<\/p>\n\n<p><\/p>\n","protected":false},"excerpt":{"rendered":"<p>Ado\u00e7\u00e3o nacional \u00e9 o processo de ado\u00e7\u00e3o de uma crian\u00e7a dentro do mesmo pa\u00eds, envolvendo, geralmente, crian\u00e7as em acolhimento familiar, crian\u00e7as que foram voluntariamente entregues pelos seus pais biol\u00f3gicos ou<a href=\"https:\/\/prolifeeurope.org\/pt-pt\/informa-te\/adocao-nacional\/\">Continue reading <span class=\"sr-only\">&#8220;Ado\u00e7\u00e3o nacional&#8221;<\/span><\/a><\/p>\n","protected":false},"author":14,"featured_media":0,"parent":2808,"menu_order":0,"comment_status":"closed","ping_status":"closed","template":"page-topic.php","meta":{"_acf_changed":false,"_monsterinsights_skip_tracking":false,"_monsterinsights_sitenote_active":false,"_monsterinsights_sitenote_note":"","_monsterinsights_sitenote_category":0,"footnotes":""},"topic":[],"class_list":["post-2625","page","type-page","status-publish","hentry"],"acf":[],"yoast_head":"<!-- This site is optimized with the Yoast SEO plugin v27.2 - https:\/\/yoast.com\/product\/yoast-seo-wordpress\/ -->\n<title>Ado\u00e7\u00e3o nacional - ProLife Europe<\/title>\n<meta name=\"description\" content=\"Os passos e as regulamenta\u00e7\u00f5es para a ado\u00e7\u00e3o nacional variam de pa\u00eds para pa\u00eds. Estas regulamenta\u00e7\u00f5es t\u00eam como objetivo servir os melhores interesses da crian\u00e7a.\" \/>\n<meta name=\"robots\" content=\"index, follow, max-snippet:-1, max-image-preview:large, max-video-preview:-1\" \/>\n<link rel=\"canonical\" href=\"https:\/\/prolifeeurope.org\/pt-pt\/informa-te\/adocao-nacional\/\" \/>\n<meta property=\"og:locale\" content=\"pt_PT\" \/>\n<meta property=\"og:type\" content=\"article\" \/>\n<meta property=\"og:title\" content=\"Ado\u00e7\u00e3o nacional - ProLife Europe\" \/>\n<meta property=\"og:description\" content=\"Os passos e as regulamenta\u00e7\u00f5es para a ado\u00e7\u00e3o nacional variam de pa\u00eds para pa\u00eds. Estas regulamenta\u00e7\u00f5es t\u00eam como objetivo servir os melhores interesses da crian\u00e7a.\" \/>\n<meta property=\"og:url\" content=\"https:\/\/prolifeeurope.org\/pt-pt\/informa-te\/adocao-nacional\/\" \/>\n<meta property=\"og:site_name\" content=\"ProLife Europe\" \/>\n<meta property=\"article:publisher\" content=\"https:\/\/www.facebook.com\/ProLifeEurope\/\" \/>\n<meta property=\"article:modified_time\" content=\"2025-03-26T18:13:16+00:00\" \/>\n<meta name=\"twitter:card\" content=\"summary_large_image\" \/>\n<meta name=\"twitter:label1\" content=\"Tempo estimado de leitura\" \/>\n\t<meta name=\"twitter:data1\" content=\"4 minutos\" \/>\n<script type=\"application\/ld+json\" class=\"yoast-schema-graph\">{\"@context\":\"https:\/\/schema.org\",\"@graph\":[{\"@type\":\"WebPage\",\"@id\":\"https:\/\/prolifeeurope.org\/pt-pt\/informa-te\/adocao-nacional\/\",\"url\":\"https:\/\/prolifeeurope.org\/pt-pt\/informa-te\/adocao-nacional\/\",\"name\":\"Ado\u00e7\u00e3o nacional - ProLife Europe\",\"isPartOf\":{\"@id\":\"https:\/\/prolifeeurope.org\/pt-pt\/#website\"},\"datePublished\":\"2025-01-28T16:01:09+00:00\",\"dateModified\":\"2025-03-26T18:13:16+00:00\",\"description\":\"Os passos e as regulamenta\u00e7\u00f5es para a ado\u00e7\u00e3o nacional variam de pa\u00eds para pa\u00eds. Estas regulamenta\u00e7\u00f5es t\u00eam como objetivo servir os melhores interesses da crian\u00e7a.\",\"breadcrumb\":{\"@id\":\"https:\/\/prolifeeurope.org\/pt-pt\/informa-te\/adocao-nacional\/#breadcrumb\"},\"inLanguage\":\"pt-PT\",\"potentialAction\":[{\"@type\":\"ReadAction\",\"target\":[\"https:\/\/prolifeeurope.org\/pt-pt\/informa-te\/adocao-nacional\/\"]}]},{\"@type\":\"BreadcrumbList\",\"@id\":\"https:\/\/prolifeeurope.org\/pt-pt\/informa-te\/adocao-nacional\/#breadcrumb\",\"itemListElement\":[{\"@type\":\"ListItem\",\"position\":1,\"name\":\"Home\",\"item\":\"https:\/\/prolifeeurope.org\/pt-pt\/\"},{\"@type\":\"ListItem\",\"position\":2,\"name\":\"Informa-te\",\"item\":\"https:\/\/prolifeeurope.org\/pt-pt\/informa-te\/\"},{\"@type\":\"ListItem\",\"position\":3,\"name\":\"Ado\u00e7\u00e3o nacional\"}]},{\"@type\":\"WebSite\",\"@id\":\"https:\/\/prolifeeurope.org\/pt-pt\/#website\",\"url\":\"https:\/\/prolifeeurope.org\/pt-pt\/\",\"name\":\"ProLife Europe\",\"description\":\"\",\"publisher\":{\"@id\":\"https:\/\/prolifeeurope.org\/pt-pt\/#organization\"},\"potentialAction\":[{\"@type\":\"SearchAction\",\"target\":{\"@type\":\"EntryPoint\",\"urlTemplate\":\"https:\/\/prolifeeurope.org\/pt-pt\/?s={search_term_string}\"},\"query-input\":{\"@type\":\"PropertyValueSpecification\",\"valueRequired\":true,\"valueName\":\"search_term_string\"}}],\"inLanguage\":\"pt-PT\"},{\"@type\":\"Organization\",\"@id\":\"https:\/\/prolifeeurope.org\/pt-pt\/#organization\",\"name\":\"ProLife Europe\",\"url\":\"https:\/\/prolifeeurope.org\/pt-pt\/\",\"logo\":{\"@type\":\"ImageObject\",\"inLanguage\":\"pt-PT\",\"@id\":\"https:\/\/prolifeeurope.org\/pt-pt\/#\/schema\/logo\/image\/\",\"url\":\"https:\/\/prolifeeurope.org\/wp-content\/uploads\/2024\/11\/logo-3.svg\",\"contentUrl\":\"https:\/\/prolifeeurope.org\/wp-content\/uploads\/2024\/11\/logo-3.svg\",\"width\":166,\"height\":170,\"caption\":\"ProLife Europe\"},\"image\":{\"@id\":\"https:\/\/prolifeeurope.org\/pt-pt\/#\/schema\/logo\/image\/\"},\"sameAs\":[\"https:\/\/www.facebook.com\/ProLifeEurope\/\",\"https:\/\/www.instagram.com\/prolife_europe\/\",\"https:\/\/www.youtube.com\/channel\/UC7olgmdiSVEHZUiP554XozA\"]}]}<\/script>\n<!-- \/ Yoast SEO plugin. -->","yoast_head_json":{"title":"Ado\u00e7\u00e3o nacional - ProLife Europe","description":"Os passos e as regulamenta\u00e7\u00f5es para a ado\u00e7\u00e3o nacional variam de pa\u00eds para pa\u00eds. Estas regulamenta\u00e7\u00f5es t\u00eam como objetivo servir os melhores interesses da crian\u00e7a.","robots":{"index":"index","follow":"follow","max-snippet":"max-snippet:-1","max-image-preview":"max-image-preview:large","max-video-preview":"max-video-preview:-1"},"canonical":"https:\/\/prolifeeurope.org\/pt-pt\/informa-te\/adocao-nacional\/","og_locale":"pt_PT","og_type":"article","og_title":"Ado\u00e7\u00e3o nacional - ProLife Europe","og_description":"Os passos e as regulamenta\u00e7\u00f5es para a ado\u00e7\u00e3o nacional variam de pa\u00eds para pa\u00eds. Estas regulamenta\u00e7\u00f5es t\u00eam como objetivo servir os melhores interesses da crian\u00e7a.","og_url":"https:\/\/prolifeeurope.org\/pt-pt\/informa-te\/adocao-nacional\/","og_site_name":"ProLife Europe","article_publisher":"https:\/\/www.facebook.com\/ProLifeEurope\/","article_modified_time":"2025-03-26T18:13:16+00:00","twitter_card":"summary_large_image","twitter_misc":{"Tempo estimado de leitura":"4 minutos"},"schema":{"@context":"https:\/\/schema.org","@graph":[{"@type":"WebPage","@id":"https:\/\/prolifeeurope.org\/pt-pt\/informa-te\/adocao-nacional\/","url":"https:\/\/prolifeeurope.org\/pt-pt\/informa-te\/adocao-nacional\/","name":"Ado\u00e7\u00e3o nacional - ProLife Europe","isPartOf":{"@id":"https:\/\/prolifeeurope.org\/pt-pt\/#website"},"datePublished":"2025-01-28T16:01:09+00:00","dateModified":"2025-03-26T18:13:16+00:00","description":"Os passos e as regulamenta\u00e7\u00f5es para a ado\u00e7\u00e3o nacional variam de pa\u00eds para pa\u00eds. Estas regulamenta\u00e7\u00f5es t\u00eam como objetivo servir os melhores interesses da crian\u00e7a.","breadcrumb":{"@id":"https:\/\/prolifeeurope.org\/pt-pt\/informa-te\/adocao-nacional\/#breadcrumb"},"inLanguage":"pt-PT","potentialAction":[{"@type":"ReadAction","target":["https:\/\/prolifeeurope.org\/pt-pt\/informa-te\/adocao-nacional\/"]}]},{"@type":"BreadcrumbList","@id":"https:\/\/prolifeeurope.org\/pt-pt\/informa-te\/adocao-nacional\/#breadcrumb","itemListElement":[{"@type":"ListItem","position":1,"name":"Home","item":"https:\/\/prolifeeurope.org\/pt-pt\/"},{"@type":"ListItem","position":2,"name":"Informa-te","item":"https:\/\/prolifeeurope.org\/pt-pt\/informa-te\/"},{"@type":"ListItem","position":3,"name":"Ado\u00e7\u00e3o nacional"}]},{"@type":"WebSite","@id":"https:\/\/prolifeeurope.org\/pt-pt\/#website","url":"https:\/\/prolifeeurope.org\/pt-pt\/","name":"ProLife Europe","description":"","publisher":{"@id":"https:\/\/prolifeeurope.org\/pt-pt\/#organization"},"potentialAction":[{"@type":"SearchAction","target":{"@type":"EntryPoint","urlTemplate":"https:\/\/prolifeeurope.org\/pt-pt\/?s={search_term_string}"},"query-input":{"@type":"PropertyValueSpecification","valueRequired":true,"valueName":"search_term_string"}}],"inLanguage":"pt-PT"},{"@type":"Organization","@id":"https:\/\/prolifeeurope.org\/pt-pt\/#organization","name":"ProLife Europe","url":"https:\/\/prolifeeurope.org\/pt-pt\/","logo":{"@type":"ImageObject","inLanguage":"pt-PT","@id":"https:\/\/prolifeeurope.org\/pt-pt\/#\/schema\/logo\/image\/","url":"https:\/\/prolifeeurope.org\/wp-content\/uploads\/2024\/11\/logo-3.svg","contentUrl":"https:\/\/prolifeeurope.org\/wp-content\/uploads\/2024\/11\/logo-3.svg","width":166,"height":170,"caption":"ProLife Europe"},"image":{"@id":"https:\/\/prolifeeurope.org\/pt-pt\/#\/schema\/logo\/image\/"},"sameAs":["https:\/\/www.facebook.com\/ProLifeEurope\/","https:\/\/www.instagram.com\/prolife_europe\/","https:\/\/www.youtube.com\/channel\/UC7olgmdiSVEHZUiP554XozA"]}]}},"_links":{"self":[{"href":"https:\/\/prolifeeurope.org\/pt-pt\/wp-json\/wp\/v2\/pages\/2625","targetHints":{"allow":["GET"]}}],"collection":[{"href":"https:\/\/prolifeeurope.org\/pt-pt\/wp-json\/wp\/v2\/pages"}],"about":[{"href":"https:\/\/prolifeeurope.org\/pt-pt\/wp-json\/wp\/v2\/types\/page"}],"author":[{"embeddable":true,"href":"https:\/\/prolifeeurope.org\/pt-pt\/wp-json\/wp\/v2\/users\/14"}],"replies":[{"embeddable":true,"href":"https:\/\/prolifeeurope.org\/pt-pt\/wp-json\/wp\/v2\/comments?post=2625"}],"version-history":[{"count":3,"href":"https:\/\/prolifeeurope.org\/pt-pt\/wp-json\/wp\/v2\/pages\/2625\/revisions"}],"predecessor-version":[{"id":3454,"href":"https:\/\/prolifeeurope.org\/pt-pt\/wp-json\/wp\/v2\/pages\/2625\/revisions\/3454"}],"up":[{"embeddable":true,"href":"https:\/\/prolifeeurope.org\/pt-pt\/wp-json\/wp\/v2\/pages\/2808"}],"wp:attachment":[{"href":"https:\/\/prolifeeurope.org\/pt-pt\/wp-json\/wp\/v2\/media?parent=2625"}],"wp:term":[{"taxonomy":"topic","embeddable":true,"href":"https:\/\/prolifeeurope.org\/pt-pt\/wp-json\/wp\/v2\/topic?post=2625"}],"curies":[{"name":"wp","href":"https:\/\/api.w.org\/{rel}","templated":true}]}}