{"id":2615,"date":"2025-01-15T17:51:48","date_gmt":"2025-01-15T16:51:48","guid":{"rendered":"https:\/\/ws-staging.prolifeeurope.org\/aborto-no-contexto-da-contracecao-hormonal-e-do-dispositivo-intra-uterino-diu\/"},"modified":"2025-03-26T16:54:52","modified_gmt":"2025-03-26T15:54:52","slug":"aborto-no-contexto-da-contracecao-hormonal-e-do-dispositivo-intra-uterino-diu","status":"publish","type":"page","link":"https:\/\/prolifeeurope.org\/pt-pt\/informa-te\/aborto-no-contexto-da-contracecao-hormonal-e-do-dispositivo-intra-uterino-diu\/","title":{"rendered":"Aborto no contexto da contrace\u00e7\u00e3o hormonal e do dispositivo intra-uterino (DIU)"},"content":{"rendered":"\n<blockquote class=\"wp-block-quote is-layout-flow wp-block-quote-is-layout-flow\">\n<h3 class=\"wp-block-heading\"><em>&#8220;Em vez de precisarem de um aborto, as pessoas deveriam ser mais cuidadosas e usar contrace\u00e7\u00e3o para prevenir a gravidez.&#8221;<\/em><\/h3>\n<\/blockquote>\n\n<p>Embora seja uma cren\u00e7a generalizada, esta ideia \u00e9 falsa, uma vez que todos os contracetivos hormonais, assim como o DIU de cobre, podem levar a um aborto no in\u00edcio da gravidez. Como? Embora a maioria destes m\u00e9todos contracetivos tente prevenir a fertiliza\u00e7\u00e3o (principalmente, tornando o muco cervical mais espesso, o que impede os espermatozoides de entrarem no \u00fatero), n\u00e3o s\u00e3o 100% eficazes. Se a fertiliza\u00e7\u00e3o ocorrer, uma nova vida humana come\u00e7ou. Devido ao muco cervical espesso, o embri\u00e3o n\u00e3o consegue implantar-se no \u00fatero e, por isso, o embri\u00e3o morre e \u00e9 expelido, sem que a mulher saiba que esteve gr\u00e1vida durante um curto per\u00edodo de tempo.    <\/p>\n\n<p>Se quiseres saber mais sobre este tema, visita:<\/p>\n\n<p class=\"has-small-font-size\"><a href=\"https:\/\/en.unav.edu\/web\/humanities-and-medical-ethics-unit\/bioethics-material\/las-pildoras-contraceptivas-modernas-incluyen-en-su-mecanismo-de-accion-un-efecto-abortifaciente#gsc.tab=0\" target=\"_blank\" rel=\"noreferrer noopener\">https:\/\/en.unav.edu\/web\/humanities-and-medical-ethics-unit\/bioethics-material\/las-pildoras-contraceptivas-modernas-incluyen-en-su-mecanismo-de-accion-un-efecto-abortifaciente#gsc.tab=0<\/a><\/p>\n\n<p class=\"has-small-font-size\"><a href=\"https:\/\/digitalcommons.cedarville.edu\/cgi\/viewcontent.cgi?article=1050&amp;context=science_and_mathematics_publications\" target=\"_blank\" rel=\"noreferrer noopener\">https:\/\/digitalcommons.cedarville.edu\/cgi\/viewcontent.cgi?article=1050&amp;context=science_and_mathematics_publications<\/a><\/p>\n\n<p class=\"has-small-font-size\"><a href=\"https:\/\/www.hli.org\/resources\/if-you-take-birth-control-while-pregnant-will-it-kill-the-baby\/\" target=\"_blank\" rel=\"noreferrer noopener\">https:\/\/www.hli.org\/resources\/if-you-take-birth-control-while-pregnant-will-it-kill-the-baby\/<\/a><\/p>\n\n<p class=\"has-small-font-size\"><a href=\"https:\/\/www.imabe.org\/imabeinfos\/zur-frage-der-nidationshemmung-oraler-kontrazeptiva\" target=\"_blank\" rel=\"noreferrer noopener\">https:\/\/www.imabe.org\/imabeinfos\/zur-frage-der-nidationshemmung-oraler-kontrazeptiva<\/a><\/p>\n","protected":false},"excerpt":{"rendered":"<p>&#8220;Em vez de precisarem de um aborto, as pessoas deveriam ser mais cuidadosas e usar contrace\u00e7\u00e3o para prevenir a gravidez.&#8221; Embora seja uma cren\u00e7a generalizada, esta ideia \u00e9 falsa, uma<a href=\"https:\/\/prolifeeurope.org\/pt-pt\/informa-te\/aborto-no-contexto-da-contracecao-hormonal-e-do-dispositivo-intra-uterino-diu\/\">Continue reading <span class=\"sr-only\">&#8220;Aborto no contexto da contrace\u00e7\u00e3o hormonal e do dispositivo intra-uterino (DIU)&#8221;<\/span><\/a><\/p>\n","protected":false},"author":14,"featured_media":0,"parent":2808,"menu_order":0,"comment_status":"closed","ping_status":"closed","template":"page-topic.php","meta":{"_acf_changed":false,"_monsterinsights_skip_tracking":false,"_monsterinsights_sitenote_active":false,"_monsterinsights_sitenote_note":"","_monsterinsights_sitenote_category":0,"footnotes":""},"topic":[],"class_list":["post-2615","page","type-page","status-publish","hentry"],"acf":[],"yoast_head":"<!-- This site is optimized with the Yoast SEO plugin v27.2 - https:\/\/yoast.com\/product\/yoast-seo-wordpress\/ -->\n<title>Aborto no contexto da contrace\u00e7\u00e3o hormonal e do dispositivo intra-uterino (DIU) - ProLife Europe<\/title>\n<meta name=\"description\" content=\"Todos os contracetivos hormonais, assim como o dispositivo intra-uterino (DIU) de cobre, n\u00e3o s\u00f3 atuam como contracetivos, mas tamb\u00e9m podem ter um efeito anti-implanta\u00e7\u00e3o.\" \/>\n<meta name=\"robots\" content=\"index, follow, max-snippet:-1, max-image-preview:large, max-video-preview:-1\" \/>\n<link rel=\"canonical\" href=\"https:\/\/prolifeeurope.org\/pt-pt\/informa-te\/aborto-no-contexto-da-contracecao-hormonal-e-do-dispositivo-intra-uterino-diu\/\" \/>\n<meta property=\"og:locale\" content=\"pt_PT\" \/>\n<meta property=\"og:type\" content=\"article\" \/>\n<meta property=\"og:title\" content=\"Aborto no contexto da contrace\u00e7\u00e3o hormonal e do dispositivo intra-uterino (DIU) - ProLife Europe\" \/>\n<meta property=\"og:description\" content=\"Todos os contracetivos hormonais, assim como o dispositivo intra-uterino (DIU) de cobre, n\u00e3o s\u00f3 atuam como contracetivos, mas tamb\u00e9m podem ter um efeito anti-implanta\u00e7\u00e3o.\" \/>\n<meta property=\"og:url\" content=\"https:\/\/prolifeeurope.org\/pt-pt\/informa-te\/aborto-no-contexto-da-contracecao-hormonal-e-do-dispositivo-intra-uterino-diu\/\" \/>\n<meta property=\"og:site_name\" content=\"ProLife Europe\" \/>\n<meta property=\"article:publisher\" content=\"https:\/\/www.facebook.com\/ProLifeEurope\/\" \/>\n<meta property=\"article:modified_time\" content=\"2025-03-26T15:54:52+00:00\" \/>\n<meta name=\"twitter:card\" content=\"summary_large_image\" \/>\n<script type=\"application\/ld+json\" class=\"yoast-schema-graph\">{\"@context\":\"https:\/\/schema.org\",\"@graph\":[{\"@type\":\"WebPage\",\"@id\":\"https:\/\/prolifeeurope.org\/pt-pt\/informa-te\/aborto-no-contexto-da-contracecao-hormonal-e-do-dispositivo-intra-uterino-diu\/\",\"url\":\"https:\/\/prolifeeurope.org\/pt-pt\/informa-te\/aborto-no-contexto-da-contracecao-hormonal-e-do-dispositivo-intra-uterino-diu\/\",\"name\":\"Aborto no contexto da contrace\u00e7\u00e3o hormonal e do dispositivo intra-uterino (DIU) - ProLife Europe\",\"isPartOf\":{\"@id\":\"https:\/\/prolifeeurope.org\/pt-pt\/#website\"},\"datePublished\":\"2025-01-15T16:51:48+00:00\",\"dateModified\":\"2025-03-26T15:54:52+00:00\",\"description\":\"Todos os contracetivos hormonais, assim como o dispositivo intra-uterino (DIU) de cobre, n\u00e3o s\u00f3 atuam como contracetivos, mas tamb\u00e9m podem ter um efeito anti-implanta\u00e7\u00e3o.\",\"breadcrumb\":{\"@id\":\"https:\/\/prolifeeurope.org\/pt-pt\/informa-te\/aborto-no-contexto-da-contracecao-hormonal-e-do-dispositivo-intra-uterino-diu\/#breadcrumb\"},\"inLanguage\":\"pt-PT\",\"potentialAction\":[{\"@type\":\"ReadAction\",\"target\":[\"https:\/\/prolifeeurope.org\/pt-pt\/informa-te\/aborto-no-contexto-da-contracecao-hormonal-e-do-dispositivo-intra-uterino-diu\/\"]}]},{\"@type\":\"BreadcrumbList\",\"@id\":\"https:\/\/prolifeeurope.org\/pt-pt\/informa-te\/aborto-no-contexto-da-contracecao-hormonal-e-do-dispositivo-intra-uterino-diu\/#breadcrumb\",\"itemListElement\":[{\"@type\":\"ListItem\",\"position\":1,\"name\":\"Home\",\"item\":\"https:\/\/prolifeeurope.org\/pt-pt\/\"},{\"@type\":\"ListItem\",\"position\":2,\"name\":\"Informa-te\",\"item\":\"https:\/\/prolifeeurope.org\/pt-pt\/informa-te\/\"},{\"@type\":\"ListItem\",\"position\":3,\"name\":\"Aborto no contexto da contrace\u00e7\u00e3o hormonal e do dispositivo intra-uterino (DIU)\"}]},{\"@type\":\"WebSite\",\"@id\":\"https:\/\/prolifeeurope.org\/pt-pt\/#website\",\"url\":\"https:\/\/prolifeeurope.org\/pt-pt\/\",\"name\":\"ProLife Europe\",\"description\":\"\",\"publisher\":{\"@id\":\"https:\/\/prolifeeurope.org\/pt-pt\/#organization\"},\"potentialAction\":[{\"@type\":\"SearchAction\",\"target\":{\"@type\":\"EntryPoint\",\"urlTemplate\":\"https:\/\/prolifeeurope.org\/pt-pt\/?s={search_term_string}\"},\"query-input\":{\"@type\":\"PropertyValueSpecification\",\"valueRequired\":true,\"valueName\":\"search_term_string\"}}],\"inLanguage\":\"pt-PT\"},{\"@type\":\"Organization\",\"@id\":\"https:\/\/prolifeeurope.org\/pt-pt\/#organization\",\"name\":\"ProLife Europe\",\"url\":\"https:\/\/prolifeeurope.org\/pt-pt\/\",\"logo\":{\"@type\":\"ImageObject\",\"inLanguage\":\"pt-PT\",\"@id\":\"https:\/\/prolifeeurope.org\/pt-pt\/#\/schema\/logo\/image\/\",\"url\":\"https:\/\/prolifeeurope.org\/wp-content\/uploads\/2024\/11\/logo-3.svg\",\"contentUrl\":\"https:\/\/prolifeeurope.org\/wp-content\/uploads\/2024\/11\/logo-3.svg\",\"width\":166,\"height\":170,\"caption\":\"ProLife Europe\"},\"image\":{\"@id\":\"https:\/\/prolifeeurope.org\/pt-pt\/#\/schema\/logo\/image\/\"},\"sameAs\":[\"https:\/\/www.facebook.com\/ProLifeEurope\/\",\"https:\/\/www.instagram.com\/prolife_europe\/\",\"https:\/\/www.youtube.com\/channel\/UC7olgmdiSVEHZUiP554XozA\"]}]}<\/script>\n<!-- \/ Yoast SEO plugin. -->","yoast_head_json":{"title":"Aborto no contexto da contrace\u00e7\u00e3o hormonal e do dispositivo intra-uterino (DIU) - ProLife Europe","description":"Todos os contracetivos hormonais, assim como o dispositivo intra-uterino (DIU) de cobre, n\u00e3o s\u00f3 atuam como contracetivos, mas tamb\u00e9m podem ter um efeito anti-implanta\u00e7\u00e3o.","robots":{"index":"index","follow":"follow","max-snippet":"max-snippet:-1","max-image-preview":"max-image-preview:large","max-video-preview":"max-video-preview:-1"},"canonical":"https:\/\/prolifeeurope.org\/pt-pt\/informa-te\/aborto-no-contexto-da-contracecao-hormonal-e-do-dispositivo-intra-uterino-diu\/","og_locale":"pt_PT","og_type":"article","og_title":"Aborto no contexto da contrace\u00e7\u00e3o hormonal e do dispositivo intra-uterino (DIU) - ProLife Europe","og_description":"Todos os contracetivos hormonais, assim como o dispositivo intra-uterino (DIU) de cobre, n\u00e3o s\u00f3 atuam como contracetivos, mas tamb\u00e9m podem ter um efeito anti-implanta\u00e7\u00e3o.","og_url":"https:\/\/prolifeeurope.org\/pt-pt\/informa-te\/aborto-no-contexto-da-contracecao-hormonal-e-do-dispositivo-intra-uterino-diu\/","og_site_name":"ProLife Europe","article_publisher":"https:\/\/www.facebook.com\/ProLifeEurope\/","article_modified_time":"2025-03-26T15:54:52+00:00","twitter_card":"summary_large_image","schema":{"@context":"https:\/\/schema.org","@graph":[{"@type":"WebPage","@id":"https:\/\/prolifeeurope.org\/pt-pt\/informa-te\/aborto-no-contexto-da-contracecao-hormonal-e-do-dispositivo-intra-uterino-diu\/","url":"https:\/\/prolifeeurope.org\/pt-pt\/informa-te\/aborto-no-contexto-da-contracecao-hormonal-e-do-dispositivo-intra-uterino-diu\/","name":"Aborto no contexto da contrace\u00e7\u00e3o hormonal e do dispositivo intra-uterino (DIU) - ProLife Europe","isPartOf":{"@id":"https:\/\/prolifeeurope.org\/pt-pt\/#website"},"datePublished":"2025-01-15T16:51:48+00:00","dateModified":"2025-03-26T15:54:52+00:00","description":"Todos os contracetivos hormonais, assim como o dispositivo intra-uterino (DIU) de cobre, n\u00e3o s\u00f3 atuam como contracetivos, mas tamb\u00e9m podem ter um efeito anti-implanta\u00e7\u00e3o.","breadcrumb":{"@id":"https:\/\/prolifeeurope.org\/pt-pt\/informa-te\/aborto-no-contexto-da-contracecao-hormonal-e-do-dispositivo-intra-uterino-diu\/#breadcrumb"},"inLanguage":"pt-PT","potentialAction":[{"@type":"ReadAction","target":["https:\/\/prolifeeurope.org\/pt-pt\/informa-te\/aborto-no-contexto-da-contracecao-hormonal-e-do-dispositivo-intra-uterino-diu\/"]}]},{"@type":"BreadcrumbList","@id":"https:\/\/prolifeeurope.org\/pt-pt\/informa-te\/aborto-no-contexto-da-contracecao-hormonal-e-do-dispositivo-intra-uterino-diu\/#breadcrumb","itemListElement":[{"@type":"ListItem","position":1,"name":"Home","item":"https:\/\/prolifeeurope.org\/pt-pt\/"},{"@type":"ListItem","position":2,"name":"Informa-te","item":"https:\/\/prolifeeurope.org\/pt-pt\/informa-te\/"},{"@type":"ListItem","position":3,"name":"Aborto no contexto da contrace\u00e7\u00e3o hormonal e do dispositivo intra-uterino (DIU)"}]},{"@type":"WebSite","@id":"https:\/\/prolifeeurope.org\/pt-pt\/#website","url":"https:\/\/prolifeeurope.org\/pt-pt\/","name":"ProLife Europe","description":"","publisher":{"@id":"https:\/\/prolifeeurope.org\/pt-pt\/#organization"},"potentialAction":[{"@type":"SearchAction","target":{"@type":"EntryPoint","urlTemplate":"https:\/\/prolifeeurope.org\/pt-pt\/?s={search_term_string}"},"query-input":{"@type":"PropertyValueSpecification","valueRequired":true,"valueName":"search_term_string"}}],"inLanguage":"pt-PT"},{"@type":"Organization","@id":"https:\/\/prolifeeurope.org\/pt-pt\/#organization","name":"ProLife Europe","url":"https:\/\/prolifeeurope.org\/pt-pt\/","logo":{"@type":"ImageObject","inLanguage":"pt-PT","@id":"https:\/\/prolifeeurope.org\/pt-pt\/#\/schema\/logo\/image\/","url":"https:\/\/prolifeeurope.org\/wp-content\/uploads\/2024\/11\/logo-3.svg","contentUrl":"https:\/\/prolifeeurope.org\/wp-content\/uploads\/2024\/11\/logo-3.svg","width":166,"height":170,"caption":"ProLife Europe"},"image":{"@id":"https:\/\/prolifeeurope.org\/pt-pt\/#\/schema\/logo\/image\/"},"sameAs":["https:\/\/www.facebook.com\/ProLifeEurope\/","https:\/\/www.instagram.com\/prolife_europe\/","https:\/\/www.youtube.com\/channel\/UC7olgmdiSVEHZUiP554XozA"]}]}},"_links":{"self":[{"href":"https:\/\/prolifeeurope.org\/pt-pt\/wp-json\/wp\/v2\/pages\/2615","targetHints":{"allow":["GET"]}}],"collection":[{"href":"https:\/\/prolifeeurope.org\/pt-pt\/wp-json\/wp\/v2\/pages"}],"about":[{"href":"https:\/\/prolifeeurope.org\/pt-pt\/wp-json\/wp\/v2\/types\/page"}],"author":[{"embeddable":true,"href":"https:\/\/prolifeeurope.org\/pt-pt\/wp-json\/wp\/v2\/users\/14"}],"replies":[{"embeddable":true,"href":"https:\/\/prolifeeurope.org\/pt-pt\/wp-json\/wp\/v2\/comments?post=2615"}],"version-history":[{"count":2,"href":"https:\/\/prolifeeurope.org\/pt-pt\/wp-json\/wp\/v2\/pages\/2615\/revisions"}],"predecessor-version":[{"id":3432,"href":"https:\/\/prolifeeurope.org\/pt-pt\/wp-json\/wp\/v2\/pages\/2615\/revisions\/3432"}],"up":[{"embeddable":true,"href":"https:\/\/prolifeeurope.org\/pt-pt\/wp-json\/wp\/v2\/pages\/2808"}],"wp:attachment":[{"href":"https:\/\/prolifeeurope.org\/pt-pt\/wp-json\/wp\/v2\/media?parent=2615"}],"wp:term":[{"taxonomy":"topic","embeddable":true,"href":"https:\/\/prolifeeurope.org\/pt-pt\/wp-json\/wp\/v2\/topic?post=2615"}],"curies":[{"name":"wp","href":"https:\/\/api.w.org\/{rel}","templated":true}]}}