{"id":2565,"date":"2024-11-26T15:45:08","date_gmt":"2024-11-26T14:45:08","guid":{"rendered":"https:\/\/ws-staging.prolifeeurope.org\/equipa-te\/"},"modified":"2025-10-28T15:54:50","modified_gmt":"2025-10-28T14:54:50","slug":"equipa-te","status":"publish","type":"page","link":"https:\/\/prolifeeurope.org\/pt-pt\/equipa-te\/","title":{"rendered":"Equipa-te"},"content":{"rendered":"\r\n<section  class=\"bg-orange\">\r\n    <div class=\"wide py-6 grid items-center ~gap-5\/10 xl:gap-0 md:grid-cols-2\">\r\n        <div class=\"xl:ml-93px xl:z-10\">\r\n            <h1 class=\"text-cream font-bold ~text-56\/150 ~leading-56\/128 ~-tracking-3\/11 ~mb-5\/50px\">Equipa-te<\/h1>\r\n            <p class=\"text-lg md:max-w-460px\">Descobre as ferramentas, recursos e conhecimento que precisas para defender a vida com confian\u00e7a e causar um impacto duradouro por toda a Europa.<\/p>\r\n        <\/div>\r\n        <div class=\"xl:-ml-93px\">\r\n            <img loading=\"lazy\" decoding=\"async\" width=\"1552\" height=\"1400\" src=\"https:\/\/prolifeeurope.org\/wp-content\/uploads\/2025\/01\/get-equipped-hero-2.jpg\" class=\"attachment-full size-full\" alt=\"\" srcset=\"https:\/\/prolifeeurope.org\/wp-content\/uploads\/2025\/01\/get-equipped-hero-2.jpg 1552w, https:\/\/prolifeeurope.org\/wp-content\/uploads\/2025\/01\/get-equipped-hero-2-300x271.jpg 300w, https:\/\/prolifeeurope.org\/wp-content\/uploads\/2025\/01\/get-equipped-hero-2-1024x924.jpg 1024w, https:\/\/prolifeeurope.org\/wp-content\/uploads\/2025\/01\/get-equipped-hero-2-768x693.jpg 768w, https:\/\/prolifeeurope.org\/wp-content\/uploads\/2025\/01\/get-equipped-hero-2-1536x1386.jpg 1536w\" sizes=\"auto, (max-width: 1552px) 100vw, 1552px\" \/>        <\/div>\r\n    <\/div>\r\n<\/section>\n\n\n<section id=\"content-with-image__get-equipped\"  style=\"background-color:#225C55\">\n    <div class=\"main grid grid-cols-1 items-center ~md:~gap-10\/36 ~py-60px\/100px md:grid-cols-2\">\n        <div class=\"content flex flex-col items-start ~gap-y-26px\/8 md:max-w-460px \">\n            <h2 class=\"heading text-body\/[90%] heading-big \"><span style=\"color: #ECE3CF;\">Curso Intensivo<\/span><\/h2>\n                                        <div class=\"hidden\">\n                    <img loading=\"lazy\" decoding=\"async\" width=\"683\" height=\"586\" src=\"https:\/\/prolifeeurope.org\/wp-content\/uploads\/2024\/11\/Group-111-1.png\" class=\"attachment-full size-full\" alt=\"\" srcset=\"https:\/\/prolifeeurope.org\/wp-content\/uploads\/2024\/11\/Group-111-1.png 683w, https:\/\/prolifeeurope.org\/wp-content\/uploads\/2024\/11\/Group-111-1-300x257.png 300w\" sizes=\"auto, (max-width: 683px) 100vw, 683px\" \/>                <\/div>\n                                        <p class=\"text-lg text-body\/[75%] [&#038;_span]:text-orange\"><span style=\"color: #ECE3CFD9\">Apenas em 120 minutos, descobre\u2026<\/span><\/p>\n            \t                                    <div class=\"grid gap-5\">\n                                                <div>\n                                <h3 class=\"text-21 font-semibold text-yellow\">1. Os B\u00e1sicos<\/h3>\n                                <p class=\"text-lg text-cream\/[85%]\">Revela\u00e7\u00f5es cient\u00edficas sobre quando a vida come\u00e7a. Aprende como factos biol\u00f3gicos claros e um racioc\u00ednio \u00e9tico consistente formam a base de qualquer posi\u00e7\u00e3o pr\u00f3-vida. <\/p>\n                            <\/div>\n                                                <div>\n                                <h3 class=\"text-21 font-semibold text-yellow\">2. Orienta\u00e7\u00e3o para Conversa\u00e7\u00e3o<\/h3>\n                                <p class=\"text-lg text-cream\/[85%]\">Ferramentas pr\u00e1ticas para dialogares na tua universidade e al\u00e9m dela. Vamos mostrar-te como plantar sementes de vida com coragem &#8211; n\u00e3o como ganhar um debate. <\/p>\n                            <\/div>\n                                                <div>\n                                <h3 class=\"text-21 font-semibold text-yellow\">3. Casos Extremos<\/h3>\n                                <p class=\"text-lg text-cream\/[85%]\">E quanto a viola\u00e7\u00f5es ou abortos \u201cpara salvar a vida\u201d? Descobre como responder com compaix\u00e3o, justi\u00e7a e verdade. <\/p>\n                            <\/div>\n                                    <\/div>\n                                        <a class=\"btn text-center btn-yellow\" href=\"https:\/\/docs.google.com\/forms\/d\/e\/1FAIpQLSfgF7ZTB94DNA3ch-1wVQA4WPbqlnIv-8m6ZVjSAX6fD49VFg\/closedform\" role=\"button\" target=\"_blank\">\n                    Inscreve-te no Curso Intensivo                                            <svg width=\"21\" height=\"21\" viewBox=\"0 0 21 21\" fill=\"none\" xmlns=\"http:\/\/www.w3.org\/2000\/svg\">\n                            <path fill-rule=\"evenodd\" clip-rule=\"evenodd\" d=\"M11.1545 4.88892L16.1425 10.2095L11.1545 15.5301L10.4705 14.8889L14.418 10.6783H5.5V9.74076H14.418L10.4705 5.53011L11.1545 4.88892Z\" fill=\"#2C1C12\" stroke=\"#2C1C12\" stroke-width=\"0.4\"\/>\n                        <\/svg>\n                                    <\/a>\n                                <\/div>\n                    <div class=\"image-wrapper \">\n                <img loading=\"lazy\" decoding=\"async\" width=\"683\" height=\"586\" src=\"https:\/\/prolifeeurope.org\/wp-content\/uploads\/2024\/11\/Group-111-1.png\" class=\"attachment-full size-full\" alt=\"\" srcset=\"https:\/\/prolifeeurope.org\/wp-content\/uploads\/2024\/11\/Group-111-1.png 683w, https:\/\/prolifeeurope.org\/wp-content\/uploads\/2024\/11\/Group-111-1-300x257.png 300w\" sizes=\"auto, (max-width: 683px) 100vw, 683px\" \/>            <\/div>\n                    <\/div>\n<\/section>\n\n\n<section  class=\"bg-blue\" x-data=\"lifeTalksCarouselFilter()\">\n    <div class=\"main max-w-[1360px] pt-10 ~pb-10\/108px\">\n        <img loading=\"lazy\" decoding=\"async\" width=\"1360\" height=\"487\" src=\"https:\/\/prolifeeurope.org\/wp-content\/uploads\/2024\/11\/Group-264.jpg\" class=\"~mb-10\/120px\" alt=\"\" srcset=\"https:\/\/prolifeeurope.org\/wp-content\/uploads\/2024\/11\/Group-264.jpg 1360w, https:\/\/prolifeeurope.org\/wp-content\/uploads\/2024\/11\/Group-264-300x107.jpg 300w, https:\/\/prolifeeurope.org\/wp-content\/uploads\/2024\/11\/Group-264-1024x367.jpg 1024w, https:\/\/prolifeeurope.org\/wp-content\/uploads\/2024\/11\/Group-264-768x275.jpg 768w\" sizes=\"auto, (max-width: 1360px) 100vw, 1360px\" \/>        <div class=\"xl:pl-100px\">\n            <h2 class=\"heading-big text-cream ~mb-30px\/10 [&#038;_span]:text-yellow\">Porqu\u00ea <span>Pr\u00f3-Vida?<\/span><\/h2>\n            <p class=\"max-w-[526px] text-blue-light ~mb-20\/100px\">Est\u00e1s pronto para aprender os factos essenciais sobre o aborto, os seus m\u00e9todos, o movimento pr\u00f3-vida e como expressar as tuas convic\u00e7\u00f5es com clareza e compaix\u00e3o? A nossa forma\u00e7\u00e3o oferece quatro m\u00f3dulos completos pensados para te dar o conhecimento e a confian\u00e7a de que precisas para fazer a diferen\u00e7a. <br \/>\r\n<br \/>\r\nAs Forma\u00e7\u00f5es est\u00e3o divididas em quatro t\u00f3picos (4 sess\u00f5es):<\/p>\n\t\t\t                <a class=\"btn text-center btn-yellow\" href=\"https:\/\/docs.google.com\/forms\/d\/e\/1FAIpQLSfb-t5LunjIJtcA1cfH9MfzLtDJVvJwfkNEXhLPDJ-HgbEbfg\/viewform\" role=\"button\" target=\"_blank\">\n                    Inscreve-te na Forma\u00e7\u00e3o                                            <svg width=\"21\" height=\"21\" viewBox=\"0 0 21 21\" fill=\"none\" xmlns=\"http:\/\/www.w3.org\/2000\/svg\">\n                            <path fill-rule=\"evenodd\" clip-rule=\"evenodd\" d=\"M11.1545 4.88892L16.1425 10.2095L11.1545 15.5301L10.4705 14.8889L14.418 10.6783H5.5V9.74076H14.418L10.4705 5.53011L11.1545 4.88892Z\" fill=\"#2C1C12\" stroke=\"#2C1C12\" stroke-width=\"0.4\"\/>\n                        <\/svg>\n                                    <\/a>\n            \t\t\t<p class=\"max-w-[526px] text-blue-light ~mb-20\/100px\"><\/p>\n                            <div x-show=\"active == 0\" x-transition:enter=\"transition ease-out duration-300\" x-transition:enter-start=\"opacity-0 transform scale-90\" x-transition:enter-end=\"opacity-100 transform scale-100\" x-transition:leave=\"transition ease-in duration-300\" x-transition:leave-start=\"opacity-100 transform scale-100\" x-transition:leave-end=\"opacity-0 transform scale-90\">\n                    <div x-data=\"lifeTalksCarousel()\" x-init=\"init()\">\n                        <div class=\"lifeTalksCarousel [&#038;_.flickity-button-icon]:fill-white [&#038;_.flickity-prev-next-button]:-top-[36px] [&#038;_.flickity-prev-next-button]:sm:-top-[9%] [&#038;_.flickity-prev-next-button.previous]:left-auto [&#038;_.flickity-prev-next-button_.flickity-button-icon]:left-[27%] [&#038;_.flickity-prev-next-button_.flickity-button-icon]:w-[40%] [&#038;_.flickity-button]:bg-blue-dark [&#038;_.flickity-button:hover_.flickity-button-icon]:fill-blue-dark [&#038;_.flickity-button:hover]:bg-yellow [&#038;_.flickity-button:hover]:shadow-none [&#038;_.flickity-prev-next-button.previous]:right-55px [&#038;_.flickity-prev-next-button.next]:right-0\" x-ref=\"lifeTalksCarousel\">   \n                                                                <div class=\"w-full min-h-full rounded-2xl bg-blue-dark sm:w-[calc(65%-30px)] md:w-[calc(55%-30px)] lg:w-[calc(45%-30px)] mx-5 p-10\">\n                                                                                    <p class=\"~mb-10\/60px size-[134px] rounded-full border border-solid border-blue-light\/[70%] flex justify-center items-center text-yellow text-64 font-bold\">1<\/p>\n                                                                                <h3 class=\"text-yellow text-21 font-semibold mb-2\">Sess\u00e3o 1: B\u00e1sicos Pr\u00f3-Vida<\/h3>\n                                        <p class=\"text-blue-light\/[90%]\">Obtem uma vis\u00e3o clara dos factos biol\u00f3gicos, dos m\u00e9todos de aborto e das estat\u00edsticas, bem como dos enquadramentos legais. Aprende sobre redes de apoio e centros de ajuda para poderes indicar aos outros solu\u00e7\u00f5es reais. <\/p>\n                                    <\/div>\n                                                                <div class=\"w-full min-h-full rounded-2xl bg-blue-dark sm:w-[calc(65%-30px)] md:w-[calc(55%-30px)] lg:w-[calc(45%-30px)] mx-5 p-10\">\n                                                                                    <p class=\"~mb-10\/60px size-[134px] rounded-full border border-solid border-blue-light\/[70%] flex justify-center items-center text-yellow text-64 font-bold\">2<\/p>\n                                                                                <h3 class=\"text-yellow text-21 font-semibold mb-2\">Sess\u00e3o 2: Ferramentas de Conversa\u00e7\u00e3o<\/h3>\n                                        <p class=\"text-blue-light\/[90%]\">Descobre os fundamentos de um di\u00e1logo frut\u00edfero. Vamos mostrar-te como ouvir, fazer as perguntas certas e responder com empatia, e n\u00e3o apenas com argumentos. <\/p>\n                                    <\/div>\n                                                                <div class=\"w-full min-h-full rounded-2xl bg-blue-dark sm:w-[calc(65%-30px)] md:w-[calc(55%-30px)] lg:w-[calc(45%-30px)] mx-5 p-10\">\n                                                                                    <p class=\"~mb-10\/60px size-[134px] rounded-full border border-solid border-blue-light\/[70%] flex justify-center items-center text-yellow text-64 font-bold\">3<\/p>\n                                                                                <h3 class=\"text-yellow text-21 font-semibold mb-2\">Sess\u00e3o 3: Ci\u00eancia e Filosofia<\/h3>\n                                        <p class=\"text-blue-light\/[90%]\">Aprofunda-te nas raz\u00f5es cient\u00edficas e filos\u00f3ficas da vida. Compreende o que torna cada ser humano \u00fanico, valioso e digno de prote\u00e7\u00e3o desde a conce\u00e7\u00e3o. <\/p>\n                                    <\/div>\n                                                                <div class=\"w-full min-h-full rounded-2xl bg-blue-dark sm:w-[calc(65%-30px)] md:w-[calc(55%-30px)] lg:w-[calc(45%-30px)] mx-5 p-10\">\n                                                                                    <p class=\"~mb-10\/60px size-[134px] rounded-full border border-solid border-blue-light\/[70%] flex justify-center items-center text-yellow text-64 font-bold\">4<\/p>\n                                                                                <h3 class=\"text-yellow text-21 font-semibold mb-2\">Sess\u00e3o 4: Quest\u00f5es Culturais<\/h3>\n                                        <p class=\"text-blue-light\/[90%]\">Explora os debates culturais mais dif\u00edceis \u2014 desde o feminismo e a autonomia corporal at\u00e9 \u00e0 escolha e \u00e0 justi\u00e7a. Aprende como responder aos argumentos pr\u00f3-escolha modernos com verdade e compaix\u00e3o. <\/p>\n                                    <\/div>\n                            \t\n                        <\/div>\t\n                    <\/div>\n                <\/div>\n            \t\t\t<p class=\"max-w-[526px] text-blue-light ~mb-20\/100px\"><\/p>\n\t\t\t                <a class=\"btn text-center btn-yellow\" href=\"https:\/\/docs.google.com\/forms\/d\/e\/1FAIpQLSfb-t5LunjIJtcA1cfH9MfzLtDJVvJwfkNEXhLPDJ-HgbEbfg\/viewform\" role=\"button\" target=\"_blank\">\n                    Inscreve-te na Forma\u00e7\u00e3o                                            <svg width=\"21\" height=\"21\" viewBox=\"0 0 21 21\" fill=\"none\" xmlns=\"http:\/\/www.w3.org\/2000\/svg\">\n                            <path fill-rule=\"evenodd\" clip-rule=\"evenodd\" d=\"M11.1545 4.88892L16.1425 10.2095L11.1545 15.5301L10.4705 14.8889L14.418 10.6783H5.5V9.74076H14.418L10.4705 5.53011L11.1545 4.88892Z\" fill=\"#2C1C12\" stroke=\"#2C1C12\" stroke-width=\"0.4\"\/>\n                        <\/svg>\n                                    <\/a>\n                    <\/div> \n    <\/div>\n<\/section>\n\n\n<script>\n   const lifeTalksCarousel = () => {\n        return {\n            active: 0,\n            init() {\n                const flktyy = new Flickity(this.$refs.lifeTalksCarousel, {\n                    pageDots: false,\n                    wrapAround: true,\n                    cellAlign: 'left',\n                });\n                flktyy.on('change', i => this.active = i);\n            }\n        }\n   } \n     \n    const lifeTalksCarouselFilter = () => {\n        return {\n            active: 0,\n            changeActive(i) {\n            this.active = i;\n            \n                this.$nextTick(() => {\n                    let flkty = Flickity.data( this.$el.querySelectorAll('.carousel')[i] );\n                    flkty.resize();\n                });\n            }\n        }\n    }\n<\/script>\n\n\r\n<section  class=\"bg-cover bg-center bg-no-repeat\" style=\"background-image:url( https:\/\/prolifeeurope.org\/wp-content\/uploads\/2024\/11\/green-star-bg.svg)\">\r\n    <div class=\"main ~py-60px\/120px grid ~gap-10\/20\">\r\n        <div class=\"\">\r\n            <p class=\"text-cream text-lg mb-2.5\">Conte\u00fado sobre \u00e9tica pr\u00f3-vida<\/p>\r\n            <h2 class=\"font-bold text-cream -tracking-2 ~text-4xl\/64 ~leading-9\/64\">Recomenda\u00e7\u00f5es<\/h2>\r\n        <\/div>\r\n        \r\n                    <div class=\"grid sm:grid-cols-3 ~gap-30px\/10\">\r\n                                        <div>\r\n                            <h3 class=\"font-semibold text-21 text-yellow ~mb-5\/8\">Podcasts<\/h3>\r\n                                                            <div class=\"grid ~gap-5\/8\">\r\n                                                                                <div class=\"text-cream\/[75%] [&#038;_a]:underline [&#038;_a]:text-cream [&#038;_a:hover]:text-yellow\"><p>O Podcast de Ellen Fisher:<\/p>\n<p><a href=\"https:\/\/open.spotify.com\/episode\/7cer65zJbzgzjQCBBBFiEc?si=35d063748fa14497&amp;nd=1&amp;dlsi=9091939e07c84850\" target=\"_blank\" rel=\"noopener\">Pro-Life or Pro-choice?<\/a><\/p>\n<\/div>\r\n                                                                                <div class=\"text-cream\/[75%] [&#038;_a]:underline [&#038;_a]:text-cream [&#038;_a:hover]:text-yellow\"><p>O Podcast do Homem Pr\u00f3-Vida:<\/p>\n<p><a href=\"https:\/\/open.spotify.com\/episode\/0vSbRQ0M8y6mRjRj5bOcQ5?si=2f44588d29534a50&amp;nd=1&amp;dlsi=2a4716de6af54d20\" target=\"_blank\" rel=\"noopener\">Unpacking IVF <\/a>com Stephanie Gray Connors<\/p>\n<\/div>\r\n                                                                                <div class=\"text-cream\/[75%] [&#038;_a]:underline [&#038;_a]:text-cream [&#038;_a:hover]:text-yellow\"><p>Os Rapazes Pr\u00f3-Vida:<\/p>\n<p><a href=\"https:\/\/open.spotify.com\/episode\/5xpOiTwXPECs2mKDhmOZCN?si=7f5d01b104ab47bd&amp;nd=1&amp;dlsi=7849203347974f2b\" target=\"_blank\" rel=\"noopener\">Do Abortions Laws Kill Mothers?<\/a><\/p>\n<\/div>\r\n                                                                                <div class=\"text-cream\/[75%] [&#038;_a]:underline [&#038;_a]:text-cream [&#038;_a:hover]:text-yellow\"><p>Exclusivos com Lila Rose:<\/p>\n<p><a href=\"https:\/\/open.spotify.com\/show\/1UifiWsoFF6Q4lPI7WlRSh\" target=\"_blank\" rel=\"noopener\">Dr Speaks up: Abortion Is NEVER Medically Necessary<\/a><\/p>\n<\/div>\r\n                                                                                <div class=\"text-cream\/[75%] [&#038;_a]:underline [&#038;_a]:text-cream [&#038;_a:hover]:text-yellow\"><p>Live Action<\/p>\n<p><a href=\"https:\/\/open.spotify.com\/show\/1UifiWsoFF6Q4lPI7WlRSh\" target=\"_blank\" rel=\"noopener\">Exclusivos com Lila Rose<\/a><\/p>\n<\/div>\r\n                                                                    <\/div>\r\n                                                    <\/div>\r\n                                        <div>\r\n                            <h3 class=\"font-semibold text-21 text-yellow ~mb-5\/8\">Livros<\/h3>\r\n                                                            <div class=\"grid ~gap-5\/8\">\r\n                                                                                <div class=\"text-cream\/[75%] [&#038;_a]:underline [&#038;_a]:text-cream [&#038;_a:hover]:text-yellow\"><p><span style=\"font-weight: 400\">Justina van Manen<\/span><\/p>\n<p><a href=\"https:\/\/www.amazon.com\/STUCK-Complete-Answering-Questions-Abortion\/dp\/0919225586\" target=\"_blank\" rel=\"noopener\">STUCK: A Complete Guide to Answering Tough Questions About Abortion<\/a><\/p>\n<\/div>\r\n                                                                                <div class=\"text-cream\/[75%] [&#038;_a]:underline [&#038;_a]:text-cream [&#038;_a:hover]:text-yellow\"><p>Abby Johnson<\/p>\n<p><a href=\"https:\/\/www.amazon.de\/Walls-Are-Talking-Abortion-Workers\/dp\/162164250X\" target=\"_blank\" rel=\"noopener\">The Walls Are Talking: Former Abortion Clinic Workers Tell Their Stories<\/a><\/p>\n<\/div>\r\n                                                                                <div class=\"text-cream\/[75%] [&#038;_a]:underline [&#038;_a]:text-cream [&#038;_a:hover]:text-yellow\"><p>Stephanie Gray Connors<\/p>\n<p><a href=\"https:\/\/loveunleasheslife.com\/love-unleashes-life\" target=\"_blank\" rel=\"noopener\">Love Unleashes Life<\/a><\/p>\n<\/div>\r\n                                                                    <\/div>\r\n                                                    <\/div>\r\n                                        <div>\r\n                            <h3 class=\"font-semibold text-21 text-yellow ~mb-5\/8\">Outros<\/h3>\r\n                                                            <div class=\"grid ~gap-5\/8\">\r\n                                                                                <div class=\"text-cream\/[75%] [&#038;_a]:underline [&#038;_a]:text-cream [&#038;_a:hover]:text-yellow\"><p>Live Action<\/p>\n<p><a href=\"https:\/\/www.youtube.com\/watch?v=X2Z37kuZwpE\" target=\"_blank\" rel=\"noopener\">Ex-abortion providers meet abortion regret<\/a><\/p>\n<\/div>\r\n                                                                                <div class=\"text-cream\/[75%] [&#038;_a]:underline [&#038;_a]:text-cream [&#038;_a:hover]:text-yellow\"><p>Choice42<\/p>\n<p><a href=\"https:\/\/www.abortionprocedures.com\/\" target=\"_blank\" rel=\"noopener\">Abortion procedures<\/a><\/p>\n<\/div>\r\n                                                                                <div class=\"text-cream\/[75%] [&#038;_a]:underline [&#038;_a]:text-cream [&#038;_a:hover]:text-yellow\"><p>Choice42<\/p>\n<p><a href=\"https:\/\/www.youtube.com\/watch?v=WXc1wdCx0GE\" target=\"_blank\" rel=\"noopener\">Abortion, Pharma and Vaccines<\/a><\/p>\n<\/div>\r\n                                                                                <div class=\"text-cream\/[75%] [&#038;_a]:underline [&#038;_a]:text-cream [&#038;_a:hover]:text-yellow\"><p>Por Dr. Calum Miller<\/p>\n<p><a href=\"https:\/\/calumsblog.com\/abortion-qa\/\" target=\"_blank\" rel=\"noopener\">Abortion Q&amp;A<\/a><\/p>\n<\/div>\r\n                                                                    <\/div>\r\n                                                    <\/div>\r\n                            <\/div>\r\n            <\/div>\r\n<\/section>\n\n\r\n<section id=\"resources\"  class=\"bg-cover bg-center bg-no-repeat\" style=\"background-image:url( https:\/\/prolifeeurope.org\/wp-content\/uploads\/2024\/11\/pink-star-bg-tall-2.svg)\">\r\n    <div class=\"main ~pt-60px\/100px ~pb-60px\/138px\">\r\n        <h2 class=\"text-body\/[90%] font-bold -tracking-2 ~text-4xl\/54 ~leading-9\/60 ~mb-30px\/20\">Recursos para grupos<\/h2>\r\n                    <div class=\"grid [@media(min-width:800px)]:grid-cols-2 ~gap-5\/10 ~mb-60px\/40\">\r\n                                        <div class=\"grid sm:grid-cols-2 items-center bg-[#FFFAF0] rounded-2xl\">\r\n                            <div class=\"h-full flex flex-col ~p-5\/8\">\r\n                                <h3 class=\"text-2xl text-body\/[90%] font-bold mb-3 leading-7\">Autocolantes, panfletos, etc.<\/h3>\r\n                                <p class=\"text-body\/[70%] ~mb-5\/8\">Espalha a consciencializa\u00e7\u00e3o, mas mant\u00e9m o nosso planeta em mente.<\/p>\r\n                                <a class=\"btn mt-auto\" href=\"https:\/\/prolifeeurope.myshopify.com\/en\/\" role=\"button\" target=\"_blank\">\r\n                                    Order                                <\/a>\r\n                            <\/div>\r\n                            <div class=\"w-full h-full\">\r\n                                <img loading=\"lazy\" decoding=\"async\" width=\"520\" height=\"520\" src=\"https:\/\/prolifeeurope.org\/wp-content\/uploads\/2025\/01\/Group-274.png\" class=\"w-full h-full object-cover aspect-video object-cover max-h-[200px] sm:max-h-[none]\" alt=\"\" srcset=\"https:\/\/prolifeeurope.org\/wp-content\/uploads\/2025\/01\/Group-274.png 520w, https:\/\/prolifeeurope.org\/wp-content\/uploads\/2025\/01\/Group-274-300x300.png 300w, https:\/\/prolifeeurope.org\/wp-content\/uploads\/2025\/01\/Group-274-150x150.png 150w\" sizes=\"auto, (max-width: 520px) 100vw, 520px\" \/>                            <\/div>\r\n                        <\/div>\r\n                                        <div class=\"grid sm:grid-cols-2 items-center bg-[#FFFAF0] rounded-2xl\">\r\n                            <div class=\"h-full flex flex-col ~p-5\/8\">\r\n                                <h3 class=\"text-2xl text-body\/[90%] font-bold mb-3 leading-7\">Manual para grupos<\/h3>\r\n                                <p class=\"text-body\/[70%] ~mb-5\/8\">O teu GPS para a dificuldade social.<\/p>\r\n                                <a class=\"btn mt-auto\" href=\"\/wp-content\/uploads\/2025\/03\/2025-Guia-para-Grupos-PT.pdf\" role=\"button\" target=\"_blank\">\r\n                                    Download                                <\/a>\r\n                            <\/div>\r\n                            <div class=\"w-full h-full\">\r\n                                <img loading=\"lazy\" decoding=\"async\" width=\"520\" height=\"520\" src=\"https:\/\/prolifeeurope.org\/wp-content\/uploads\/2025\/01\/Group-276-1.png\" class=\"w-full h-full object-cover aspect-video object-cover max-h-[200px] sm:max-h-[none]\" alt=\"\" srcset=\"https:\/\/prolifeeurope.org\/wp-content\/uploads\/2025\/01\/Group-276-1.png 520w, https:\/\/prolifeeurope.org\/wp-content\/uploads\/2025\/01\/Group-276-1-300x300.png 300w, https:\/\/prolifeeurope.org\/wp-content\/uploads\/2025\/01\/Group-276-1-150x150.png 150w\" sizes=\"auto, (max-width: 520px) 100vw, 520px\" \/>                            <\/div>\r\n                        <\/div>\r\n                                        <div class=\"grid sm:grid-cols-2 items-center bg-[#FFFAF0] rounded-2xl\">\r\n                            <div class=\"h-full flex flex-col ~p-5\/8\">\r\n                                <h3 class=\"text-2xl text-body\/[90%] font-bold mb-3 leading-7\">T-shirt e outros produtos.<\/h3>\r\n                                <p class=\"text-body\/[70%] ~mb-5\/8\">Surpreende os teus colegas de viagem com material pr\u00f3-vida.<\/p>\r\n                                <a class=\"btn mt-auto\" href=\"https:\/\/prolifeeurope.myshopify.com\/en\/\" role=\"button\" target=\"_blank\">\r\n                                    Order                                <\/a>\r\n                            <\/div>\r\n                            <div class=\"w-full h-full\">\r\n                                <img loading=\"lazy\" decoding=\"async\" width=\"520\" height=\"520\" src=\"https:\/\/prolifeeurope.org\/wp-content\/uploads\/2025\/01\/Group-275.png\" class=\"w-full h-full object-cover aspect-video object-cover max-h-[200px] sm:max-h-[none]\" alt=\"\" srcset=\"https:\/\/prolifeeurope.org\/wp-content\/uploads\/2025\/01\/Group-275.png 520w, https:\/\/prolifeeurope.org\/wp-content\/uploads\/2025\/01\/Group-275-300x300.png 300w, https:\/\/prolifeeurope.org\/wp-content\/uploads\/2025\/01\/Group-275-150x150.png 150w\" sizes=\"auto, (max-width: 520px) 100vw, 520px\" \/>                            <\/div>\r\n                        <\/div>\r\n                                        <div class=\"grid sm:grid-cols-2 items-center bg-[#FFFAF0] rounded-2xl\">\r\n                            <div class=\"h-full flex flex-col ~p-5\/8\">\r\n                                <h3 class=\"text-2xl text-body\/[90%] font-bold mb-3 leading-7\">Kit de redes sociais<\/h3>\r\n                                <p class=\"text-body\/[70%] ~mb-5\/8\">Amplifica a tua mensagem enquanto promoves vibra\u00e7\u00f5es positivas online<\/p>\r\n                                <a class=\"btn mt-auto\" href=\"https:\/\/drive.google.com\/drive\/folders\/103ZtISNJEyfSOt-yvu-1eCRm0UUymcWT\" role=\"button\" target=\"_blank\">\r\n                                    Download                                <\/a>\r\n                            <\/div>\r\n                            <div class=\"w-full h-full\">\r\n                                <img loading=\"lazy\" decoding=\"async\" width=\"520\" height=\"520\" src=\"https:\/\/prolifeeurope.org\/wp-content\/uploads\/2025\/01\/Group-279.png\" class=\"w-full h-full object-cover aspect-video object-cover max-h-[200px] sm:max-h-[none]\" alt=\"\" srcset=\"https:\/\/prolifeeurope.org\/wp-content\/uploads\/2025\/01\/Group-279.png 520w, https:\/\/prolifeeurope.org\/wp-content\/uploads\/2025\/01\/Group-279-300x300.png 300w, https:\/\/prolifeeurope.org\/wp-content\/uploads\/2025\/01\/Group-279-150x150.png 150w\" sizes=\"auto, (max-width: 520px) 100vw, 520px\" \/>                            <\/div>\r\n                        <\/div>\r\n                            <\/div>\r\n                <h2 class=\"text-body\/[90%] font-bold -tracking-2 ~text-4xl\/54 ~leading-9\/60 ~mb-30px\/20 text-center\">A educa\u00e7\u00e3o \u00e9 a chave<\/h2>\r\n                    <div class=\"max-w-960px mx-auto grid md:grid-cols-2 gap-y-5 ~md:~gap-x-5\/10\">\r\n                                        <div class=\"p-6 bg-[#FFFAF0] rounded-2xl grid justify-items-start\">\r\n                            <img loading=\"lazy\" decoding=\"async\" width=\"824\" height=\"344\" src=\"https:\/\/prolifeeurope.org\/wp-content\/uploads\/2025\/01\/Group-225.png\" class=\"w-full aspect-video object-cover mb-6\" alt=\"\" srcset=\"https:\/\/prolifeeurope.org\/wp-content\/uploads\/2025\/01\/Group-225.png 824w, https:\/\/prolifeeurope.org\/wp-content\/uploads\/2025\/01\/Group-225-300x125.png 300w, https:\/\/prolifeeurope.org\/wp-content\/uploads\/2025\/01\/Group-225-768x321.png 768w\" sizes=\"auto, (max-width: 824px) 100vw, 824px\" \/>                            <h3 class=\"text-2xl text-body\/[90%] font-bold mb-6 md:min-h-16\">Participa numa Forma\u00e7\u00e3o<\/h3>\r\n                            <a class=\"btn mt-auto\" href=\"\/pt-pt\/events\/category\/training-pt-pt\/\" role=\"button\" target=\"_self\">\r\n                                See Trainings calendar                            <\/a>\r\n                        <\/div>\r\n                                        <div class=\"p-6 bg-[#FFFAF0] rounded-2xl grid justify-items-start\">\r\n                            <img loading=\"lazy\" decoding=\"async\" width=\"824\" height=\"344\" src=\"https:\/\/prolifeeurope.org\/wp-content\/uploads\/2025\/01\/Group-220.png\" class=\"w-full aspect-video object-cover mb-6\" alt=\"\" srcset=\"https:\/\/prolifeeurope.org\/wp-content\/uploads\/2025\/01\/Group-220.png 824w, https:\/\/prolifeeurope.org\/wp-content\/uploads\/2025\/01\/Group-220-300x125.png 300w, https:\/\/prolifeeurope.org\/wp-content\/uploads\/2025\/01\/Group-220-768x321.png 768w\" sizes=\"auto, (max-width: 824px) 100vw, 824px\" \/>                            <h3 class=\"text-2xl text-body\/[90%] font-bold mb-6 md:min-h-16\">Convida-nos para a tua cidade\/localidade para um LifeTALK.<\/h3>\r\n                            <a class=\"btn mt-auto\" href=\"https:\/\/docs.google.com\/forms\/d\/e\/1FAIpQLSdTHlVAcnJJlFXLZFkEi5qbSljwrJKl-nWVp1OyMPTvqvRLew\/viewform\" role=\"button\" target=\"_blank\">\r\n                                Fill out a hosting form                            <\/a>\r\n                        <\/div>\r\n                            <\/div>\r\n            <\/div>\r\n<\/section>","protected":false},"excerpt":{"rendered":"","protected":false},"author":14,"featured_media":0,"parent":0,"menu_order":0,"comment_status":"closed","ping_status":"closed","template":"","meta":{"_acf_changed":false,"_monsterinsights_skip_tracking":false,"_monsterinsights_sitenote_active":false,"_monsterinsights_sitenote_note":"","_monsterinsights_sitenote_category":0,"footnotes":""},"topic":[],"class_list":["post-2565","page","type-page","status-publish","hentry"],"acf":[],"yoast_head":"<!-- This site is optimized with the Yoast SEO plugin v27.2 - https:\/\/yoast.com\/product\/yoast-seo-wordpress\/ -->\n<title>Equipa-te - ProLife Europe<\/title>\n<meta name=\"description\" content=\"Equipa-te com as ferramentas e os recursos para defender a vida com confian\u00e7a. Explora a forma\u00e7\u00e3o pr\u00f3-vida, materiais educativos e medidas de a\u00e7\u00e3o para fazer a diferen\u00e7a.\" \/>\n<meta name=\"robots\" content=\"index, follow, max-snippet:-1, max-image-preview:large, max-video-preview:-1\" \/>\n<link rel=\"canonical\" href=\"https:\/\/prolifeeurope.org\/pt-pt\/equipa-te\/\" \/>\n<meta property=\"og:locale\" content=\"pt_PT\" \/>\n<meta property=\"og:type\" content=\"article\" \/>\n<meta property=\"og:title\" content=\"Equipa-te - ProLife Europe\" \/>\n<meta property=\"og:description\" content=\"Equipa-te com as ferramentas e os recursos para defender a vida com confian\u00e7a. Explora a forma\u00e7\u00e3o pr\u00f3-vida, materiais educativos e medidas de a\u00e7\u00e3o para fazer a diferen\u00e7a.\" \/>\n<meta property=\"og:url\" content=\"https:\/\/prolifeeurope.org\/pt-pt\/equipa-te\/\" \/>\n<meta property=\"og:site_name\" content=\"ProLife Europe\" \/>\n<meta property=\"article:publisher\" content=\"https:\/\/www.facebook.com\/ProLifeEurope\/\" \/>\n<meta property=\"article:modified_time\" content=\"2025-10-28T14:54:50+00:00\" \/>\n<meta property=\"og:image\" content=\"https:\/\/prolifeeurope.org\/wp-content\/uploads\/2025\/02\/crash-course-H7M3qH.tmp_-1024x576.jpg\" \/>\n<meta name=\"twitter:card\" content=\"summary_large_image\" \/>\n<meta name=\"twitter:label1\" content=\"Tempo estimado de leitura\" \/>\n\t<meta name=\"twitter:data1\" content=\"5 minutos\" \/>\n<script type=\"application\/ld+json\" class=\"yoast-schema-graph\">{\"@context\":\"https:\/\/schema.org\",\"@graph\":[{\"@type\":\"WebPage\",\"@id\":\"https:\/\/prolifeeurope.org\/pt-pt\/equipa-te\/\",\"url\":\"https:\/\/prolifeeurope.org\/pt-pt\/equipa-te\/\",\"name\":\"Equipa-te - ProLife Europe\",\"isPartOf\":{\"@id\":\"https:\/\/prolifeeurope.org\/pt-pt\/#website\"},\"datePublished\":\"2024-11-26T14:45:08+00:00\",\"dateModified\":\"2025-10-28T14:54:50+00:00\",\"description\":\"Equipa-te com as ferramentas e os recursos para defender a vida com confian\u00e7a. Explora a forma\u00e7\u00e3o pr\u00f3-vida, materiais educativos e medidas de a\u00e7\u00e3o para fazer a diferen\u00e7a.\",\"breadcrumb\":{\"@id\":\"https:\/\/prolifeeurope.org\/pt-pt\/equipa-te\/#breadcrumb\"},\"inLanguage\":\"pt-PT\",\"potentialAction\":[{\"@type\":\"ReadAction\",\"target\":[\"https:\/\/prolifeeurope.org\/pt-pt\/equipa-te\/\"]}]},{\"@type\":\"BreadcrumbList\",\"@id\":\"https:\/\/prolifeeurope.org\/pt-pt\/equipa-te\/#breadcrumb\",\"itemListElement\":[{\"@type\":\"ListItem\",\"position\":1,\"name\":\"Home\",\"item\":\"https:\/\/prolifeeurope.org\/pt-pt\/\"},{\"@type\":\"ListItem\",\"position\":2,\"name\":\"Equipa-te\"}]},{\"@type\":\"WebSite\",\"@id\":\"https:\/\/prolifeeurope.org\/pt-pt\/#website\",\"url\":\"https:\/\/prolifeeurope.org\/pt-pt\/\",\"name\":\"ProLife Europe\",\"description\":\"\",\"publisher\":{\"@id\":\"https:\/\/prolifeeurope.org\/pt-pt\/#organization\"},\"potentialAction\":[{\"@type\":\"SearchAction\",\"target\":{\"@type\":\"EntryPoint\",\"urlTemplate\":\"https:\/\/prolifeeurope.org\/pt-pt\/?s={search_term_string}\"},\"query-input\":{\"@type\":\"PropertyValueSpecification\",\"valueRequired\":true,\"valueName\":\"search_term_string\"}}],\"inLanguage\":\"pt-PT\"},{\"@type\":\"Organization\",\"@id\":\"https:\/\/prolifeeurope.org\/pt-pt\/#organization\",\"name\":\"ProLife Europe\",\"url\":\"https:\/\/prolifeeurope.org\/pt-pt\/\",\"logo\":{\"@type\":\"ImageObject\",\"inLanguage\":\"pt-PT\",\"@id\":\"https:\/\/prolifeeurope.org\/pt-pt\/#\/schema\/logo\/image\/\",\"url\":\"https:\/\/prolifeeurope.org\/wp-content\/uploads\/2024\/11\/logo-3.svg\",\"contentUrl\":\"https:\/\/prolifeeurope.org\/wp-content\/uploads\/2024\/11\/logo-3.svg\",\"width\":166,\"height\":170,\"caption\":\"ProLife Europe\"},\"image\":{\"@id\":\"https:\/\/prolifeeurope.org\/pt-pt\/#\/schema\/logo\/image\/\"},\"sameAs\":[\"https:\/\/www.facebook.com\/ProLifeEurope\/\",\"https:\/\/www.instagram.com\/prolife_europe\/\",\"https:\/\/www.youtube.com\/channel\/UC7olgmdiSVEHZUiP554XozA\"]}]}<\/script>\n<!-- \/ Yoast SEO plugin. -->","yoast_head_json":{"title":"Equipa-te - ProLife Europe","description":"Equipa-te com as ferramentas e os recursos para defender a vida com confian\u00e7a. Explora a forma\u00e7\u00e3o pr\u00f3-vida, materiais educativos e medidas de a\u00e7\u00e3o para fazer a diferen\u00e7a.","robots":{"index":"index","follow":"follow","max-snippet":"max-snippet:-1","max-image-preview":"max-image-preview:large","max-video-preview":"max-video-preview:-1"},"canonical":"https:\/\/prolifeeurope.org\/pt-pt\/equipa-te\/","og_locale":"pt_PT","og_type":"article","og_title":"Equipa-te - ProLife Europe","og_description":"Equipa-te com as ferramentas e os recursos para defender a vida com confian\u00e7a. Explora a forma\u00e7\u00e3o pr\u00f3-vida, materiais educativos e medidas de a\u00e7\u00e3o para fazer a diferen\u00e7a.","og_url":"https:\/\/prolifeeurope.org\/pt-pt\/equipa-te\/","og_site_name":"ProLife Europe","article_publisher":"https:\/\/www.facebook.com\/ProLifeEurope\/","article_modified_time":"2025-10-28T14:54:50+00:00","og_image":[{"url":"https:\/\/prolifeeurope.org\/wp-content\/uploads\/2025\/02\/crash-course-H7M3qH.tmp_-1024x576.jpg","type":"","width":"","height":""}],"twitter_card":"summary_large_image","twitter_misc":{"Tempo estimado de leitura":"5 minutos"},"schema":{"@context":"https:\/\/schema.org","@graph":[{"@type":"WebPage","@id":"https:\/\/prolifeeurope.org\/pt-pt\/equipa-te\/","url":"https:\/\/prolifeeurope.org\/pt-pt\/equipa-te\/","name":"Equipa-te - ProLife Europe","isPartOf":{"@id":"https:\/\/prolifeeurope.org\/pt-pt\/#website"},"datePublished":"2024-11-26T14:45:08+00:00","dateModified":"2025-10-28T14:54:50+00:00","description":"Equipa-te com as ferramentas e os recursos para defender a vida com confian\u00e7a. Explora a forma\u00e7\u00e3o pr\u00f3-vida, materiais educativos e medidas de a\u00e7\u00e3o para fazer a diferen\u00e7a.","breadcrumb":{"@id":"https:\/\/prolifeeurope.org\/pt-pt\/equipa-te\/#breadcrumb"},"inLanguage":"pt-PT","potentialAction":[{"@type":"ReadAction","target":["https:\/\/prolifeeurope.org\/pt-pt\/equipa-te\/"]}]},{"@type":"BreadcrumbList","@id":"https:\/\/prolifeeurope.org\/pt-pt\/equipa-te\/#breadcrumb","itemListElement":[{"@type":"ListItem","position":1,"name":"Home","item":"https:\/\/prolifeeurope.org\/pt-pt\/"},{"@type":"ListItem","position":2,"name":"Equipa-te"}]},{"@type":"WebSite","@id":"https:\/\/prolifeeurope.org\/pt-pt\/#website","url":"https:\/\/prolifeeurope.org\/pt-pt\/","name":"ProLife Europe","description":"","publisher":{"@id":"https:\/\/prolifeeurope.org\/pt-pt\/#organization"},"potentialAction":[{"@type":"SearchAction","target":{"@type":"EntryPoint","urlTemplate":"https:\/\/prolifeeurope.org\/pt-pt\/?s={search_term_string}"},"query-input":{"@type":"PropertyValueSpecification","valueRequired":true,"valueName":"search_term_string"}}],"inLanguage":"pt-PT"},{"@type":"Organization","@id":"https:\/\/prolifeeurope.org\/pt-pt\/#organization","name":"ProLife Europe","url":"https:\/\/prolifeeurope.org\/pt-pt\/","logo":{"@type":"ImageObject","inLanguage":"pt-PT","@id":"https:\/\/prolifeeurope.org\/pt-pt\/#\/schema\/logo\/image\/","url":"https:\/\/prolifeeurope.org\/wp-content\/uploads\/2024\/11\/logo-3.svg","contentUrl":"https:\/\/prolifeeurope.org\/wp-content\/uploads\/2024\/11\/logo-3.svg","width":166,"height":170,"caption":"ProLife Europe"},"image":{"@id":"https:\/\/prolifeeurope.org\/pt-pt\/#\/schema\/logo\/image\/"},"sameAs":["https:\/\/www.facebook.com\/ProLifeEurope\/","https:\/\/www.instagram.com\/prolife_europe\/","https:\/\/www.youtube.com\/channel\/UC7olgmdiSVEHZUiP554XozA"]}]}},"_links":{"self":[{"href":"https:\/\/prolifeeurope.org\/pt-pt\/wp-json\/wp\/v2\/pages\/2565","targetHints":{"allow":["GET"]}}],"collection":[{"href":"https:\/\/prolifeeurope.org\/pt-pt\/wp-json\/wp\/v2\/pages"}],"about":[{"href":"https:\/\/prolifeeurope.org\/pt-pt\/wp-json\/wp\/v2\/types\/page"}],"author":[{"embeddable":true,"href":"https:\/\/prolifeeurope.org\/pt-pt\/wp-json\/wp\/v2\/users\/14"}],"replies":[{"embeddable":true,"href":"https:\/\/prolifeeurope.org\/pt-pt\/wp-json\/wp\/v2\/comments?post=2565"}],"version-history":[{"count":23,"href":"https:\/\/prolifeeurope.org\/pt-pt\/wp-json\/wp\/v2\/pages\/2565\/revisions"}],"predecessor-version":[{"id":5140,"href":"https:\/\/prolifeeurope.org\/pt-pt\/wp-json\/wp\/v2\/pages\/2565\/revisions\/5140"}],"wp:attachment":[{"href":"https:\/\/prolifeeurope.org\/pt-pt\/wp-json\/wp\/v2\/media?parent=2565"}],"wp:term":[{"taxonomy":"topic","embeddable":true,"href":"https:\/\/prolifeeurope.org\/pt-pt\/wp-json\/wp\/v2\/topic?post=2565"}],"curies":[{"name":"wp","href":"https:\/\/api.w.org\/{rel}","templated":true}]}}