{"id":2969,"date":"2025-02-04T19:51:09","date_gmt":"2025-02-04T18:51:09","guid":{"rendered":"https:\/\/ws-staging.prolifeeurope.org\/ziniu-baze\/milijardine-abortu-pramone\/"},"modified":"2025-03-21T09:57:32","modified_gmt":"2025-03-21T08:57:32","slug":"milijardine-abortu-pramone","status":"publish","type":"page","link":"https:\/\/prolifeeurope.org\/lt\/ziniu-baze\/milijardine-abortu-pramone\/","title":{"rendered":"Milijardin\u0117 abort\u0173 pramon\u0117"},"content":{"rendered":"\n<h3 class=\"wp-block-heading\">Milijardin\u0117s abort\u0173 pramon\u0117s ap\u017evalga<\/h3>\n\n<p>Abort\u0173 pramon\u0117 Jungtin\u0117se Amerikos Valstijose tapo itin politizuota ir gin\u010dytina tema, sulaukian\u010dia didelio tiek \u0161alinink\u0173, tiek prie\u0161inink\u0173 d\u0117mesio. Vykstant diskusijoms d\u0117l \u201ereprodukcini\u0173 teisi\u0173\u201c, re\u010diau aptariama ekonominis rei\u0161kinio aspektas, kartais \u012fvardijamas kaip milijardine abort\u0173 pramone. \u0160is terminas paprastai apib\u016bdina finansinius interesus ir investicijas, susijusias su \u201ereprodukcine sveikata\u201c, konkre\u010diai \u2013 su abort\u0173 paslaugomis, taip pat \u017einomus veik\u0117jus ir organizacijas, daran\u010dias \u012ftak\u0105 \u0161iai aplinkai.  <\/p>\n\n<h3 class=\"wp-block-heading\">Abort\u0173 ekonomika<\/h3>\n\n<p>Abort\u0173 pramon\u0117 yra milijard\u0173 doleri\u0173 vert\u0117s sektorius, kuriam priklauso klinikos, farmacijos bendrov\u0117s ir \u201ereprodukcini\u0173 teisi\u0173\u201c organizacijos. \u0160ios pramon\u0117s ekonomin\u012f gyvybingum\u0105 lemia \u012fvair\u016bs veiksniai: <\/p>\n\n<p><strong>1. Paslaug\u0173 paklausa<\/strong>: Nepaisant nuolatini\u0173 politini\u0173 ir socialini\u0173 gin\u010d\u0173, abort\u0173 paslaug\u0173 paklausa i\u0161lieka stabili. Guttmacherio instituto skai\u010diavimais, beveik viena i\u0161 keturi\u0173 JAV moter\u0173 iki 45 met\u0173 am\u017eiaus pra\u0161ys aborto. Tokia nuolatin\u0117 paklausa u\u017etikrina pastov\u0173 pajam\u0173 sraut\u0105 abort\u0173 paslaug\u0173 teik\u0117jams.  <\/p>\n\n<p><strong>2. Proced\u016br\u0173 kaina<\/strong>: Aborto kaina labai skiriasi priklausomai nuo valstyb\u0117s, proced\u016bros r\u016b\u0161ies ir n\u0117\u0161tumo stadijos. Vidutini\u0161kai abortas gali kainuoti nuo 300 iki 1 500 JAV doleri\u0173 ir daugiau, tod\u0117l tiek paslaug\u0173 teik\u0117jams, tiek susijusioms paslaugoms sukuriama didel\u0117 rinka. <\/p>\n\n<p><strong>3. Investicijos ir filantropija<\/strong>: Didel\u012f turt\u0105 turintys asmenys ir filantropin\u0117s organizacijos vis daugiau investuoja \u012f \u201ereprodukcin\u0117s sveikatos\u201c iniciatyvas. \u0160iomis l\u0117\u0161omis remiamos klinikos, advokat\u0173 grup\u0117s ir \u0161vietimo programos, taip stiprinant ekonominius abort\u0173 pramon\u0117s aspektus. <\/p>\n\n<h3 class=\"wp-block-heading\">Svarbiausi protagonistai<\/h3>\n\n<p>Milijardus doleri\u0173 kainuojan\u010dioje abort\u0173 pramon\u0117je \u012fsitvirtino kelios \u012ftakingos asmenyb\u0117s ir organizacijos:<\/p>\n\n<ol class=\"wp-block-list\">\n<li><strong>Planuotos t\u0117vyst\u0117s asociacija (Planned Parenthood)<\/strong>: Kaip did\u017eiausia sveikatos prie\u017ei\u016bros paslaug\u0173 teik\u0117ja JAV, Planuotos t\u0117vyst\u0117s asociacija atlieka svarb\u0173 vaidmen\u012f abort\u0173 pramon\u0117je. Organizacijos pajamos gaunamos i\u0161 \u012fvairi\u0173 \u0161altini\u0173, \u012fskaitant vyriausyb\u0117s finansavim\u0105, priva\u010dias aukas ir pacient\u0173 mokes\u010dius. 2021 m. organizacija prane\u0161\u0117 apie daugiau nei 1,6 mlrd. doleri\u0173 pajamas, kuri\u0173 didel\u0117 dalis buvo panaudota abort\u0173 paslaugoms. (1)   <\/li>\n\n\n\n<li><strong>Filantropai ir investuotojai<\/strong>: Asmenys kaip Warrenas Buffettas ir organizacijos kaip Billo ir Melindos Gates\u0173 fondas daug prisid\u0117jo prie \u201ereprodukcin\u0117s sveikatos\u201c ir \u201ereprodukcini\u0173 teisi\u0173\u201c iniciatyv\u0173. J\u0173 finansin\u0117 parama gali daryti \u012ftak\u0105 vie\u0161ajai politikai ir remti abort\u0173 pramon\u0117s infrastrukt\u016br\u0105 (2).  <\/li>\n<\/ol>\n\n<p><strong>Spaudimo grup\u0117s<\/strong>: Reprodukcini\u0173 teisi\u0173 centras ir NARAL Pro-Choice America aktyviai siekia apsaugoti ir i\u0161pl\u0117sti abort\u0173 \u201epaslaug\u0173\u201c prieinamum\u0105. \u0160ios grup\u0117s da\u017enai gauna didel\u012f finansavim\u0105 i\u0161 turting\u0173 r\u0117m\u0117j\u0173 ir fond\u0173, tod\u0117l gali dalyvauti teisin\u0117se kovose ir propaguoti savo siekius. (2)  <\/p>\n\n<h3 class=\"wp-block-heading\"><strong>Teis\u0117k\u016bros ir politikos poveikis<\/strong><\/h3>\n\n<p>Abort\u0173 pramonei didel\u0119 \u012ftak\u0105 daro teisinis reguliavimas ir politiniai poky\u010diai. Pastaraisiais metais padaug\u0117jo teis\u0117s akt\u0173, kuriais siekiama apriboti abort\u0173 prieinamum\u0105. \u0160ie \u012fstatymai da\u017enai sukelia ilgus teisinius gin\u010dus, reikalaujan\u010dius dideli\u0173 finansini\u0173 i\u0161tekli\u0173: <\/p>\n\n<ul class=\"wp-block-list\">\n<li><strong>Teisiniai i\u0161\u0161\u016bkiai<\/strong>: Daugeliui abort\u0173 teik\u0117j\u0173 ir spaudimo grupi\u0173 teko skirti daug l\u0117\u0161\u0173 kovai su gyvyb\u0119 saugan\u010diais \u012fstatymais. D\u0117l to susidar\u0117 aplinka, kurioje j\u0173 pastangos pasidar\u0117 labai svarbi finansin\u0117 parama. <\/li>\n<\/ul>\n\n<p><strong>Valstybinis finansavimas<\/strong>: Valstybinis abort\u0173 finansavimas teb\u0117ra kar\u0161tos diskusijos tema. Vieni pasisako u\u017e valstybin\u012f finansavim\u0105, kad b\u016bt\u0173 u\u017etikrintas abort\u0173 prieinamumas, tuo tarpu oponentai nepritaria tam, kad abortams b\u016bt\u0173 naudojami mokes\u010di\u0173 mok\u0117toj\u0173 pinigai. <\/p>\n\n<h3 class=\"wp-block-heading\"><strong>Moraliniai aspektai<\/strong><\/h3>\n\n<p>Finansinio turto ir \u201ereprodukcini\u0173 teisi\u0173\u201c susipynimas kelia etini\u0173 klausim\u0173 apie tikruosius investavimo \u012f abort\u0173 pramon\u0119 motyvus. Kritikai teigia, kad milijardieri\u0173 finansiniai interesai ne visada sutampa su sveikatos prie\u017ei\u016bros paslaug\u0173 siekian\u010di\u0173 moter\u0173 poreikiais. \u0160\u012f susir\u016bpinim\u0105 dar labiau didina tai, kad pelno motyvai gali u\u017ego\u017eti pagrindin\u012f tiksl\u0105 \u2013 teikti kokybi\u0161k\u0105 ir prieinam\u0105 sveikatos prie\u017ei\u016br\u0105.  <\/p>\n\n<p>Milijardin\u0117 abort\u0173 pramon\u0117 yra sud\u0117tinga ekonomikos, politikos ir etikos sankirta. Kadangi diskusijos d\u0117l \u201ereprodukcini\u0173 teisi\u0173\u201c toliau vystosi, norint pagr\u012fstai diskutuoti b\u016btina suprasti finansin\u0119 dinamik\u0105. Turting\u0173 asmen\u0173 ir organizacij\u0173 vaidmuo formuojant abort\u0173 paslaug\u0173 prieinamum\u0105 pabr\u0117\u017eia nuolatinio propagavimo ir investicij\u0173 \u012f reprodukcin\u0119 sveikatos prie\u017ei\u016br\u0105 svarb\u0105. Ta\u010diau labai naivu manyti, kad vadinamosios \u201ereprodukcini\u0173 teisi\u0173\u201c gyn\u0117j\u0173 grup\u0117s i\u0161 ties\u0173 gina moter\u0173 interesus. \u0160ios organizacijos da\u017enai veikia veikiamos didel\u0117s finansin\u0117s \u012ftakos, kuri gali neatspind\u0117ti tikr\u0173j\u0173 moter\u0173 poreiki\u0173 ir teisi\u0173.    <\/p>\n\n<p>Nor\u0117dami i\u0161samiau susipa\u017einti su abort\u0173 pramon\u0117s finansiniais aspektais, galite susipa\u017einti su naujausiomis Tarptautin\u0117s planuotos t\u0117vyst\u0117s ir Planuotos t\u0117vyst\u0117s asociacijos metin\u0117mis ataskaitomis:<\/p>\n\n<ul class=\"wp-block-list\">\n<li>(1) <a href=\"https:\/\/cdn.plannedparenthood.org\/uploads\/filer_public\/ec\/f4\/ecf43d92-fcd2-4d11-b299-e67b5c3ac394\/2024-ppfa-annualreport-c3-digital.pdf\" target=\"_blank\" rel=\"noreferrer noopener\">Planned Parenthood Annual Report 2022-2023<\/a><\/li>\n\n\n\n<li>(2) <a href=\"https:\/\/www.ippf.org\/resource\/2022-annual-performance-report#:~:text=IPPF%20delivered%20a%20total%20of,of%2010%20million%20in%202022\" target=\"_blank\" rel=\"noreferrer noopener\">International Planned Parenthood Federation Annual Report 2022<\/a><\/li>\n<\/ul>\n","protected":false},"excerpt":{"rendered":"<p>Milijardin\u0117s abort\u0173 pramon\u0117s ap\u017evalga Abort\u0173 pramon\u0117 Jungtin\u0117se Amerikos Valstijose tapo itin politizuota ir gin\u010dytina tema, sulaukian\u010dia didelio tiek \u0161alinink\u0173, tiek prie\u0161inink\u0173 d\u0117mesio. Vykstant diskusijoms d\u0117l \u201ereprodukcini\u0173 teisi\u0173\u201c, re\u010diau aptariama ekonominis<a href=\"https:\/\/prolifeeurope.org\/lt\/ziniu-baze\/milijardine-abortu-pramone\/\">Continue reading <span class=\"sr-only\">&#8222;Milijardin\u0117 abort\u0173 pramon\u0117&#8221;<\/span><\/a><\/p>\n","protected":false},"author":14,"featured_media":0,"parent":2525,"menu_order":0,"comment_status":"closed","ping_status":"closed","template":"page-topic.php","meta":{"_acf_changed":false,"_monsterinsights_skip_tracking":false,"_monsterinsights_sitenote_active":false,"_monsterinsights_sitenote_note":"","_monsterinsights_sitenote_category":0,"footnotes":""},"topic":[],"class_list":["post-2969","page","type-page","status-publish","hentry"],"acf":[],"yoast_head":"<!-- This site is optimized with the Yoast SEO plugin v27.2 - https:\/\/yoast.com\/product\/yoast-seo-wordpress\/ -->\n<title>Milijardin\u0117 abort\u0173 pramon\u0117 - ProLife Europe<\/title>\n<meta name=\"description\" content=\"Abort\u0173 pramon\u0117 ne tik daro didel\u0119 \u012ftak\u0105 politin\u0117ms diskusijoms, bet ir yra milijard\u0173 doleri\u0173 vert\u0117s verslas.\" \/>\n<meta name=\"robots\" content=\"index, follow, max-snippet:-1, max-image-preview:large, max-video-preview:-1\" \/>\n<link rel=\"canonical\" href=\"https:\/\/prolifeeurope.org\/lt\/ziniu-baze\/milijardine-abortu-pramone\/\" \/>\n<meta property=\"og:locale\" content=\"lt_LT\" \/>\n<meta property=\"og:type\" content=\"article\" \/>\n<meta property=\"og:title\" content=\"Milijardin\u0117 abort\u0173 pramon\u0117 - ProLife Europe\" \/>\n<meta property=\"og:description\" content=\"Abort\u0173 pramon\u0117 ne tik daro didel\u0119 \u012ftak\u0105 politin\u0117ms diskusijoms, bet ir yra milijard\u0173 doleri\u0173 vert\u0117s verslas.\" \/>\n<meta property=\"og:url\" content=\"https:\/\/prolifeeurope.org\/lt\/ziniu-baze\/milijardine-abortu-pramone\/\" \/>\n<meta property=\"og:site_name\" content=\"ProLife Europe\" \/>\n<meta property=\"article:publisher\" content=\"https:\/\/www.facebook.com\/ProLifeEurope\/\" \/>\n<meta property=\"article:modified_time\" content=\"2025-03-21T08:57:32+00:00\" \/>\n<meta name=\"twitter:card\" content=\"summary_large_image\" \/>\n<meta name=\"twitter:label1\" content=\"Est. reading time\" \/>\n\t<meta name=\"twitter:data1\" content=\"3 minut\u0117s\" \/>\n<script type=\"application\/ld+json\" class=\"yoast-schema-graph\">{\"@context\":\"https:\/\/schema.org\",\"@graph\":[{\"@type\":\"WebPage\",\"@id\":\"https:\/\/prolifeeurope.org\/lt\/ziniu-baze\/milijardine-abortu-pramone\/\",\"url\":\"https:\/\/prolifeeurope.org\/lt\/ziniu-baze\/milijardine-abortu-pramone\/\",\"name\":\"Milijardin\u0117 abort\u0173 pramon\u0117 - ProLife Europe\",\"isPartOf\":{\"@id\":\"https:\/\/prolifeeurope.org\/lt\/#website\"},\"datePublished\":\"2025-02-04T18:51:09+00:00\",\"dateModified\":\"2025-03-21T08:57:32+00:00\",\"description\":\"Abort\u0173 pramon\u0117 ne tik daro didel\u0119 \u012ftak\u0105 politin\u0117ms diskusijoms, bet ir yra milijard\u0173 doleri\u0173 vert\u0117s verslas.\",\"breadcrumb\":{\"@id\":\"https:\/\/prolifeeurope.org\/lt\/ziniu-baze\/milijardine-abortu-pramone\/#breadcrumb\"},\"inLanguage\":\"lt-LT\",\"potentialAction\":[{\"@type\":\"ReadAction\",\"target\":[\"https:\/\/prolifeeurope.org\/lt\/ziniu-baze\/milijardine-abortu-pramone\/\"]}]},{\"@type\":\"BreadcrumbList\",\"@id\":\"https:\/\/prolifeeurope.org\/lt\/ziniu-baze\/milijardine-abortu-pramone\/#breadcrumb\",\"itemListElement\":[{\"@type\":\"ListItem\",\"position\":1,\"name\":\"Home\",\"item\":\"https:\/\/prolifeeurope.org\/lt\/\"},{\"@type\":\"ListItem\",\"position\":2,\"name\":\"\u017dini\u0173 baz\u0117\",\"item\":\"https:\/\/prolifeeurope.org\/lt\/ziniu-baze\/\"},{\"@type\":\"ListItem\",\"position\":3,\"name\":\"Milijardin\u0117 abort\u0173 pramon\u0117\"}]},{\"@type\":\"WebSite\",\"@id\":\"https:\/\/prolifeeurope.org\/lt\/#website\",\"url\":\"https:\/\/prolifeeurope.org\/lt\/\",\"name\":\"ProLife Europe\",\"description\":\"\",\"publisher\":{\"@id\":\"https:\/\/prolifeeurope.org\/lt\/#organization\"},\"potentialAction\":[{\"@type\":\"SearchAction\",\"target\":{\"@type\":\"EntryPoint\",\"urlTemplate\":\"https:\/\/prolifeeurope.org\/lt\/?s={search_term_string}\"},\"query-input\":{\"@type\":\"PropertyValueSpecification\",\"valueRequired\":true,\"valueName\":\"search_term_string\"}}],\"inLanguage\":\"lt-LT\"},{\"@type\":\"Organization\",\"@id\":\"https:\/\/prolifeeurope.org\/lt\/#organization\",\"name\":\"ProLife Europe\",\"url\":\"https:\/\/prolifeeurope.org\/lt\/\",\"logo\":{\"@type\":\"ImageObject\",\"inLanguage\":\"lt-LT\",\"@id\":\"https:\/\/prolifeeurope.org\/lt\/#\/schema\/logo\/image\/\",\"url\":\"https:\/\/prolifeeurope.org\/wp-content\/uploads\/2024\/11\/logo-3.svg\",\"contentUrl\":\"https:\/\/prolifeeurope.org\/wp-content\/uploads\/2024\/11\/logo-3.svg\",\"width\":166,\"height\":170,\"caption\":\"ProLife Europe\"},\"image\":{\"@id\":\"https:\/\/prolifeeurope.org\/lt\/#\/schema\/logo\/image\/\"},\"sameAs\":[\"https:\/\/www.facebook.com\/ProLifeEurope\/\",\"https:\/\/www.instagram.com\/prolife_europe\/\",\"https:\/\/www.youtube.com\/channel\/UC7olgmdiSVEHZUiP554XozA\"]}]}<\/script>\n<!-- \/ Yoast SEO plugin. -->","yoast_head_json":{"title":"Milijardin\u0117 abort\u0173 pramon\u0117 - ProLife Europe","description":"Abort\u0173 pramon\u0117 ne tik daro didel\u0119 \u012ftak\u0105 politin\u0117ms diskusijoms, bet ir yra milijard\u0173 doleri\u0173 vert\u0117s verslas.","robots":{"index":"index","follow":"follow","max-snippet":"max-snippet:-1","max-image-preview":"max-image-preview:large","max-video-preview":"max-video-preview:-1"},"canonical":"https:\/\/prolifeeurope.org\/lt\/ziniu-baze\/milijardine-abortu-pramone\/","og_locale":"lt_LT","og_type":"article","og_title":"Milijardin\u0117 abort\u0173 pramon\u0117 - ProLife Europe","og_description":"Abort\u0173 pramon\u0117 ne tik daro didel\u0119 \u012ftak\u0105 politin\u0117ms diskusijoms, bet ir yra milijard\u0173 doleri\u0173 vert\u0117s verslas.","og_url":"https:\/\/prolifeeurope.org\/lt\/ziniu-baze\/milijardine-abortu-pramone\/","og_site_name":"ProLife Europe","article_publisher":"https:\/\/www.facebook.com\/ProLifeEurope\/","article_modified_time":"2025-03-21T08:57:32+00:00","twitter_card":"summary_large_image","twitter_misc":{"Est. reading time":"3 minut\u0117s"},"schema":{"@context":"https:\/\/schema.org","@graph":[{"@type":"WebPage","@id":"https:\/\/prolifeeurope.org\/lt\/ziniu-baze\/milijardine-abortu-pramone\/","url":"https:\/\/prolifeeurope.org\/lt\/ziniu-baze\/milijardine-abortu-pramone\/","name":"Milijardin\u0117 abort\u0173 pramon\u0117 - ProLife Europe","isPartOf":{"@id":"https:\/\/prolifeeurope.org\/lt\/#website"},"datePublished":"2025-02-04T18:51:09+00:00","dateModified":"2025-03-21T08:57:32+00:00","description":"Abort\u0173 pramon\u0117 ne tik daro didel\u0119 \u012ftak\u0105 politin\u0117ms diskusijoms, bet ir yra milijard\u0173 doleri\u0173 vert\u0117s verslas.","breadcrumb":{"@id":"https:\/\/prolifeeurope.org\/lt\/ziniu-baze\/milijardine-abortu-pramone\/#breadcrumb"},"inLanguage":"lt-LT","potentialAction":[{"@type":"ReadAction","target":["https:\/\/prolifeeurope.org\/lt\/ziniu-baze\/milijardine-abortu-pramone\/"]}]},{"@type":"BreadcrumbList","@id":"https:\/\/prolifeeurope.org\/lt\/ziniu-baze\/milijardine-abortu-pramone\/#breadcrumb","itemListElement":[{"@type":"ListItem","position":1,"name":"Home","item":"https:\/\/prolifeeurope.org\/lt\/"},{"@type":"ListItem","position":2,"name":"\u017dini\u0173 baz\u0117","item":"https:\/\/prolifeeurope.org\/lt\/ziniu-baze\/"},{"@type":"ListItem","position":3,"name":"Milijardin\u0117 abort\u0173 pramon\u0117"}]},{"@type":"WebSite","@id":"https:\/\/prolifeeurope.org\/lt\/#website","url":"https:\/\/prolifeeurope.org\/lt\/","name":"ProLife Europe","description":"","publisher":{"@id":"https:\/\/prolifeeurope.org\/lt\/#organization"},"potentialAction":[{"@type":"SearchAction","target":{"@type":"EntryPoint","urlTemplate":"https:\/\/prolifeeurope.org\/lt\/?s={search_term_string}"},"query-input":{"@type":"PropertyValueSpecification","valueRequired":true,"valueName":"search_term_string"}}],"inLanguage":"lt-LT"},{"@type":"Organization","@id":"https:\/\/prolifeeurope.org\/lt\/#organization","name":"ProLife Europe","url":"https:\/\/prolifeeurope.org\/lt\/","logo":{"@type":"ImageObject","inLanguage":"lt-LT","@id":"https:\/\/prolifeeurope.org\/lt\/#\/schema\/logo\/image\/","url":"https:\/\/prolifeeurope.org\/wp-content\/uploads\/2024\/11\/logo-3.svg","contentUrl":"https:\/\/prolifeeurope.org\/wp-content\/uploads\/2024\/11\/logo-3.svg","width":166,"height":170,"caption":"ProLife Europe"},"image":{"@id":"https:\/\/prolifeeurope.org\/lt\/#\/schema\/logo\/image\/"},"sameAs":["https:\/\/www.facebook.com\/ProLifeEurope\/","https:\/\/www.instagram.com\/prolife_europe\/","https:\/\/www.youtube.com\/channel\/UC7olgmdiSVEHZUiP554XozA"]}]}},"_links":{"self":[{"href":"https:\/\/prolifeeurope.org\/lt\/wp-json\/wp\/v2\/pages\/2969","targetHints":{"allow":["GET"]}}],"collection":[{"href":"https:\/\/prolifeeurope.org\/lt\/wp-json\/wp\/v2\/pages"}],"about":[{"href":"https:\/\/prolifeeurope.org\/lt\/wp-json\/wp\/v2\/types\/page"}],"author":[{"embeddable":true,"href":"https:\/\/prolifeeurope.org\/lt\/wp-json\/wp\/v2\/users\/14"}],"replies":[{"embeddable":true,"href":"https:\/\/prolifeeurope.org\/lt\/wp-json\/wp\/v2\/comments?post=2969"}],"version-history":[{"count":3,"href":"https:\/\/prolifeeurope.org\/lt\/wp-json\/wp\/v2\/pages\/2969\/revisions"}],"predecessor-version":[{"id":2972,"href":"https:\/\/prolifeeurope.org\/lt\/wp-json\/wp\/v2\/pages\/2969\/revisions\/2972"}],"up":[{"embeddable":true,"href":"https:\/\/prolifeeurope.org\/lt\/wp-json\/wp\/v2\/pages\/2525"}],"wp:attachment":[{"href":"https:\/\/prolifeeurope.org\/lt\/wp-json\/wp\/v2\/media?parent=2969"}],"wp:term":[{"taxonomy":"topic","embeddable":true,"href":"https:\/\/prolifeeurope.org\/lt\/wp-json\/wp\/v2\/topic?post=2969"}],"curies":[{"name":"wp","href":"https:\/\/api.w.org\/{rel}","templated":true}]}}