{"id":2676,"date":"2025-01-28T17:21:32","date_gmt":"2025-01-28T16:21:32","guid":{"rendered":"https:\/\/ws-staging.prolifeeurope.org\/ziniu-baze\/ivaikinimas-realus-pasirinkimo-variantas\/"},"modified":"2025-05-15T14:11:09","modified_gmt":"2025-05-15T12:11:09","slug":"ivaikinimas-realus-pasirinkimo-variantas","status":"publish","type":"page","link":"https:\/\/prolifeeurope.org\/lt\/ziniu-baze\/ivaikinimas-realus-pasirinkimo-variantas\/","title":{"rendered":"\u012evaikinimas \u2013 realus pasirinkimo variantas?"},"content":{"rendered":"\n<p>\u0160i ilga \u012fvairi\u0173 \u012fstatym\u0173, taisykli\u0173 ir proces\u0173 ap\u017evalga neabejotinai rodo vien\u0105 dalyk\u0105: \u012fvaikinimas yra ilgas ir sud\u0117tingas procesas. I\u0161 dalies tai suprantama, ta\u010diau, kod\u0117l \u012fvaikinimo sistemos n\u0117ra nuolat per\u017ei\u016brimos ir atnaujinamos, kad \u012fvaikinimas atitikt\u0173 geriausi\u0105 vaiko interes\u0105? Kai ne\u012fmanoma i\u0161saugoti vaiko ry\u0161io su biologiniais t\u0117vais, \u012fvaikinimas mylin\u010dios \u0161eimos, kurioje vaikas gali patirti mamos ir t\u0117\u010dio meil\u0117s \u0161ilum\u0105, tur\u0117t\u0173 b\u016bti visiems ma\u017eyliams prieinama galimyb\u0117.    <\/p>\n\n<p>Tiesa, ne kiekvienas \u012fvaikinti atiduotas vaikas gyvena nuostab\u0173 gyvenim\u0105 be r\u016bpes\u010di\u0173. Tiesa, kad globos sistemai labai reikia poky\u010di\u0173. Bet ne, abortuoti vaik\u0105, kad jis i\u0161vengt\u0173 galim\u0173 kan\u010di\u0173 \u0161ioje sistemoje, n\u0117ra geresn\u0117 i\u0161eitis! Ver\u010diau imkim\u0117s \u0161i\u0173 b\u016btin\u0173 esamos sistemos poky\u010di\u0173 ir suteikime \u0161iems vaikams galimyb\u0119 gyventi savo gyvenim\u0105!    <\/p>\n","protected":false},"excerpt":{"rendered":"<p>\u0160i ilga \u012fvairi\u0173 \u012fstatym\u0173, taisykli\u0173 ir proces\u0173 ap\u017evalga neabejotinai rodo vien\u0105 dalyk\u0105: \u012fvaikinimas yra ilgas ir sud\u0117tingas procesas. I\u0161 dalies tai suprantama, ta\u010diau, kod\u0117l \u012fvaikinimo sistemos n\u0117ra nuolat per\u017ei\u016brimos ir<a href=\"https:\/\/prolifeeurope.org\/lt\/ziniu-baze\/ivaikinimas-realus-pasirinkimo-variantas\/\">Continue reading <span class=\"sr-only\">&#8222;\u012evaikinimas \u2013 realus pasirinkimo variantas?&#8221;<\/span><\/a><\/p>\n","protected":false},"author":14,"featured_media":0,"parent":2525,"menu_order":0,"comment_status":"closed","ping_status":"closed","template":"page-topic.php","meta":{"_acf_changed":false,"_monsterinsights_skip_tracking":false,"_monsterinsights_sitenote_active":false,"_monsterinsights_sitenote_note":"","_monsterinsights_sitenote_category":0,"footnotes":""},"topic":[],"class_list":["post-2676","page","type-page","status-publish","hentry"],"acf":[],"yoast_head":"<!-- This site is optimized with the Yoast SEO plugin v27.2 - https:\/\/yoast.com\/product\/yoast-seo-wordpress\/ -->\n<title>\u012evaikinimas \u2013 realus pasirinkimo variantas? - ProLife Europe<\/title>\n<meta name=\"description\" content=\"Biologiniai t\u0117vai suteikia savo vaikams gyvyb\u0119. O \u012fvaikinimas gali u\u017etikrinti vaikams \u0161eim\u0105.\" \/>\n<meta name=\"robots\" content=\"index, follow, max-snippet:-1, max-image-preview:large, max-video-preview:-1\" \/>\n<link rel=\"canonical\" href=\"https:\/\/prolifeeurope.org\/lt\/ziniu-baze\/ivaikinimas-realus-pasirinkimo-variantas\/\" \/>\n<meta property=\"og:locale\" content=\"lt_LT\" \/>\n<meta property=\"og:type\" content=\"article\" \/>\n<meta property=\"og:title\" content=\"\u012evaikinimas \u2013 realus pasirinkimo variantas? - ProLife Europe\" \/>\n<meta property=\"og:description\" content=\"Biologiniai t\u0117vai suteikia savo vaikams gyvyb\u0119. O \u012fvaikinimas gali u\u017etikrinti vaikams \u0161eim\u0105.\" \/>\n<meta property=\"og:url\" content=\"https:\/\/prolifeeurope.org\/lt\/ziniu-baze\/ivaikinimas-realus-pasirinkimo-variantas\/\" \/>\n<meta property=\"og:site_name\" content=\"ProLife Europe\" \/>\n<meta property=\"article:publisher\" content=\"https:\/\/www.facebook.com\/ProLifeEurope\/\" \/>\n<meta property=\"article:modified_time\" content=\"2025-05-15T12:11:09+00:00\" \/>\n<meta name=\"twitter:card\" content=\"summary_large_image\" \/>\n<meta name=\"twitter:label1\" content=\"Est. reading time\" \/>\n\t<meta name=\"twitter:data1\" content=\"1 minut\u0117\" \/>\n<script type=\"application\/ld+json\" class=\"yoast-schema-graph\">{\"@context\":\"https:\/\/schema.org\",\"@graph\":[{\"@type\":\"WebPage\",\"@id\":\"https:\/\/prolifeeurope.org\/lt\/ziniu-baze\/ivaikinimas-realus-pasirinkimo-variantas\/\",\"url\":\"https:\/\/prolifeeurope.org\/lt\/ziniu-baze\/ivaikinimas-realus-pasirinkimo-variantas\/\",\"name\":\"\u012evaikinimas \u2013 realus pasirinkimo variantas? - ProLife Europe\",\"isPartOf\":{\"@id\":\"https:\/\/prolifeeurope.org\/lt\/#website\"},\"datePublished\":\"2025-01-28T16:21:32+00:00\",\"dateModified\":\"2025-05-15T12:11:09+00:00\",\"description\":\"Biologiniai t\u0117vai suteikia savo vaikams gyvyb\u0119. O \u012fvaikinimas gali u\u017etikrinti vaikams \u0161eim\u0105.\",\"breadcrumb\":{\"@id\":\"https:\/\/prolifeeurope.org\/lt\/ziniu-baze\/ivaikinimas-realus-pasirinkimo-variantas\/#breadcrumb\"},\"inLanguage\":\"lt-LT\",\"potentialAction\":[{\"@type\":\"ReadAction\",\"target\":[\"https:\/\/prolifeeurope.org\/lt\/ziniu-baze\/ivaikinimas-realus-pasirinkimo-variantas\/\"]}]},{\"@type\":\"BreadcrumbList\",\"@id\":\"https:\/\/prolifeeurope.org\/lt\/ziniu-baze\/ivaikinimas-realus-pasirinkimo-variantas\/#breadcrumb\",\"itemListElement\":[{\"@type\":\"ListItem\",\"position\":1,\"name\":\"Home\",\"item\":\"https:\/\/prolifeeurope.org\/lt\/\"},{\"@type\":\"ListItem\",\"position\":2,\"name\":\"\u017dini\u0173 baz\u0117\",\"item\":\"https:\/\/prolifeeurope.org\/lt\/ziniu-baze\/\"},{\"@type\":\"ListItem\",\"position\":3,\"name\":\"\u012evaikinimas \u2013 realus pasirinkimo variantas?\"}]},{\"@type\":\"WebSite\",\"@id\":\"https:\/\/prolifeeurope.org\/lt\/#website\",\"url\":\"https:\/\/prolifeeurope.org\/lt\/\",\"name\":\"ProLife Europe\",\"description\":\"\",\"publisher\":{\"@id\":\"https:\/\/prolifeeurope.org\/lt\/#organization\"},\"potentialAction\":[{\"@type\":\"SearchAction\",\"target\":{\"@type\":\"EntryPoint\",\"urlTemplate\":\"https:\/\/prolifeeurope.org\/lt\/?s={search_term_string}\"},\"query-input\":{\"@type\":\"PropertyValueSpecification\",\"valueRequired\":true,\"valueName\":\"search_term_string\"}}],\"inLanguage\":\"lt-LT\"},{\"@type\":\"Organization\",\"@id\":\"https:\/\/prolifeeurope.org\/lt\/#organization\",\"name\":\"ProLife Europe\",\"url\":\"https:\/\/prolifeeurope.org\/lt\/\",\"logo\":{\"@type\":\"ImageObject\",\"inLanguage\":\"lt-LT\",\"@id\":\"https:\/\/prolifeeurope.org\/lt\/#\/schema\/logo\/image\/\",\"url\":\"https:\/\/prolifeeurope.org\/wp-content\/uploads\/2024\/11\/logo-3.svg\",\"contentUrl\":\"https:\/\/prolifeeurope.org\/wp-content\/uploads\/2024\/11\/logo-3.svg\",\"width\":166,\"height\":170,\"caption\":\"ProLife Europe\"},\"image\":{\"@id\":\"https:\/\/prolifeeurope.org\/lt\/#\/schema\/logo\/image\/\"},\"sameAs\":[\"https:\/\/www.facebook.com\/ProLifeEurope\/\",\"https:\/\/www.instagram.com\/prolife_europe\/\",\"https:\/\/www.youtube.com\/channel\/UC7olgmdiSVEHZUiP554XozA\"]}]}<\/script>\n<!-- \/ Yoast SEO plugin. -->","yoast_head_json":{"title":"\u012evaikinimas \u2013 realus pasirinkimo variantas? - ProLife Europe","description":"Biologiniai t\u0117vai suteikia savo vaikams gyvyb\u0119. O \u012fvaikinimas gali u\u017etikrinti vaikams \u0161eim\u0105.","robots":{"index":"index","follow":"follow","max-snippet":"max-snippet:-1","max-image-preview":"max-image-preview:large","max-video-preview":"max-video-preview:-1"},"canonical":"https:\/\/prolifeeurope.org\/lt\/ziniu-baze\/ivaikinimas-realus-pasirinkimo-variantas\/","og_locale":"lt_LT","og_type":"article","og_title":"\u012evaikinimas \u2013 realus pasirinkimo variantas? - ProLife Europe","og_description":"Biologiniai t\u0117vai suteikia savo vaikams gyvyb\u0119. O \u012fvaikinimas gali u\u017etikrinti vaikams \u0161eim\u0105.","og_url":"https:\/\/prolifeeurope.org\/lt\/ziniu-baze\/ivaikinimas-realus-pasirinkimo-variantas\/","og_site_name":"ProLife Europe","article_publisher":"https:\/\/www.facebook.com\/ProLifeEurope\/","article_modified_time":"2025-05-15T12:11:09+00:00","twitter_card":"summary_large_image","twitter_misc":{"Est. reading time":"1 minut\u0117"},"schema":{"@context":"https:\/\/schema.org","@graph":[{"@type":"WebPage","@id":"https:\/\/prolifeeurope.org\/lt\/ziniu-baze\/ivaikinimas-realus-pasirinkimo-variantas\/","url":"https:\/\/prolifeeurope.org\/lt\/ziniu-baze\/ivaikinimas-realus-pasirinkimo-variantas\/","name":"\u012evaikinimas \u2013 realus pasirinkimo variantas? - ProLife Europe","isPartOf":{"@id":"https:\/\/prolifeeurope.org\/lt\/#website"},"datePublished":"2025-01-28T16:21:32+00:00","dateModified":"2025-05-15T12:11:09+00:00","description":"Biologiniai t\u0117vai suteikia savo vaikams gyvyb\u0119. O \u012fvaikinimas gali u\u017etikrinti vaikams \u0161eim\u0105.","breadcrumb":{"@id":"https:\/\/prolifeeurope.org\/lt\/ziniu-baze\/ivaikinimas-realus-pasirinkimo-variantas\/#breadcrumb"},"inLanguage":"lt-LT","potentialAction":[{"@type":"ReadAction","target":["https:\/\/prolifeeurope.org\/lt\/ziniu-baze\/ivaikinimas-realus-pasirinkimo-variantas\/"]}]},{"@type":"BreadcrumbList","@id":"https:\/\/prolifeeurope.org\/lt\/ziniu-baze\/ivaikinimas-realus-pasirinkimo-variantas\/#breadcrumb","itemListElement":[{"@type":"ListItem","position":1,"name":"Home","item":"https:\/\/prolifeeurope.org\/lt\/"},{"@type":"ListItem","position":2,"name":"\u017dini\u0173 baz\u0117","item":"https:\/\/prolifeeurope.org\/lt\/ziniu-baze\/"},{"@type":"ListItem","position":3,"name":"\u012evaikinimas \u2013 realus pasirinkimo variantas?"}]},{"@type":"WebSite","@id":"https:\/\/prolifeeurope.org\/lt\/#website","url":"https:\/\/prolifeeurope.org\/lt\/","name":"ProLife Europe","description":"","publisher":{"@id":"https:\/\/prolifeeurope.org\/lt\/#organization"},"potentialAction":[{"@type":"SearchAction","target":{"@type":"EntryPoint","urlTemplate":"https:\/\/prolifeeurope.org\/lt\/?s={search_term_string}"},"query-input":{"@type":"PropertyValueSpecification","valueRequired":true,"valueName":"search_term_string"}}],"inLanguage":"lt-LT"},{"@type":"Organization","@id":"https:\/\/prolifeeurope.org\/lt\/#organization","name":"ProLife Europe","url":"https:\/\/prolifeeurope.org\/lt\/","logo":{"@type":"ImageObject","inLanguage":"lt-LT","@id":"https:\/\/prolifeeurope.org\/lt\/#\/schema\/logo\/image\/","url":"https:\/\/prolifeeurope.org\/wp-content\/uploads\/2024\/11\/logo-3.svg","contentUrl":"https:\/\/prolifeeurope.org\/wp-content\/uploads\/2024\/11\/logo-3.svg","width":166,"height":170,"caption":"ProLife Europe"},"image":{"@id":"https:\/\/prolifeeurope.org\/lt\/#\/schema\/logo\/image\/"},"sameAs":["https:\/\/www.facebook.com\/ProLifeEurope\/","https:\/\/www.instagram.com\/prolife_europe\/","https:\/\/www.youtube.com\/channel\/UC7olgmdiSVEHZUiP554XozA"]}]}},"_links":{"self":[{"href":"https:\/\/prolifeeurope.org\/lt\/wp-json\/wp\/v2\/pages\/2676","targetHints":{"allow":["GET"]}}],"collection":[{"href":"https:\/\/prolifeeurope.org\/lt\/wp-json\/wp\/v2\/pages"}],"about":[{"href":"https:\/\/prolifeeurope.org\/lt\/wp-json\/wp\/v2\/types\/page"}],"author":[{"embeddable":true,"href":"https:\/\/prolifeeurope.org\/lt\/wp-json\/wp\/v2\/users\/14"}],"replies":[{"embeddable":true,"href":"https:\/\/prolifeeurope.org\/lt\/wp-json\/wp\/v2\/comments?post=2676"}],"version-history":[{"count":7,"href":"https:\/\/prolifeeurope.org\/lt\/wp-json\/wp\/v2\/pages\/2676\/revisions"}],"predecessor-version":[{"id":4214,"href":"https:\/\/prolifeeurope.org\/lt\/wp-json\/wp\/v2\/pages\/2676\/revisions\/4214"}],"up":[{"embeddable":true,"href":"https:\/\/prolifeeurope.org\/lt\/wp-json\/wp\/v2\/pages\/2525"}],"wp:attachment":[{"href":"https:\/\/prolifeeurope.org\/lt\/wp-json\/wp\/v2\/media?parent=2676"}],"wp:term":[{"taxonomy":"topic","embeddable":true,"href":"https:\/\/prolifeeurope.org\/lt\/wp-json\/wp\/v2\/topic?post=2676"}],"curies":[{"name":"wp","href":"https:\/\/api.w.org\/{rel}","templated":true}]}}