{"id":2635,"date":"2025-01-15T17:49:42","date_gmt":"2025-01-15T16:49:42","guid":{"rendered":"https:\/\/ws-staging.prolifeeurope.org\/ziniu-baze\/abortai-ir-zmogaus-teises\/"},"modified":"2025-03-21T09:49:26","modified_gmt":"2025-03-21T08:49:26","slug":"abortai-ir-zmogaus-teises","status":"publish","type":"page","link":"https:\/\/prolifeeurope.org\/lt\/ziniu-baze\/abortai-ir-zmogaus-teises\/","title":{"rendered":"Abortai ir \u017emogaus teis\u0117s"},"content":{"rendered":"\n<p>Po Antrojo pasaulinio karo pabaigos susiformavo stiprus \u017emogaus teisi\u0173 jud\u0117jimas, prasid\u0117j\u0119s nuo Visuotin\u0117s \u017emogaus teisi\u0173 deklaracijos (V\u017dTD), kuri\u0105 1948 m., atsi\u017evelgiant \u012f Antrojo pasaulinio karo baisumus, pri\u0117m\u0117 JT Generalin\u0117 Asambl\u0117ja. Po \u0161ios deklaracijos 1950 m. buvo priimta Europos \u017emogaus teisi\u0173 konvencija (E\u017dTK), o 2000 m. \u2013 Europos S\u0105jungos pagrindini\u0173 teisi\u0173 chartija. Nors n\u0117 vienas i\u0161 min\u0117t\u0173 dokument\u0173 n\u0117ra privalomi \u012fstatymai, juos remian\u010dios \u0161alys pri\u0117m\u0117 juos kaip sutartas gaires, kurioms negali prie\u0161tarauti \u0161alyje galiojantys \u012fstatymai.   <\/p>\n\n<p>Kiekviename i\u0161 j\u0173 teis\u0117 \u012f gyvyb\u0119 apibr\u0117\u017eiama kaip pagrindin\u0117 \u017emogaus teis\u0117: <em>\u201eKiekvienas turi teis\u0119 \u012f gyvyb\u0119, laisv\u0119 ir asmens saugum\u0105.\u201c<\/em> (V\u017dTD 3 straipsnis)<\/p>\n\n<p><em>\u201eKiekvieno asmens teis\u0119 \u012f gyvyb\u0119 saugo \u012fstatymas.\u201c<\/em> (E\u017dTK 2 straipsnis)<\/p>\n\n<p><em>\u201e\u017dmogaus orumas yra nelie\u010diamas. J\u012f reikia gerbti ir saugoti. Kiekvienas asmuo turi teis\u0119 \u012f gyvyb\u0119. [&#8230;] Kiekvienas asmuo turi teis\u0119 \u012f fizin\u0119 ir psichin\u0119 nelie\u010diamyb\u0119.\u201c<\/em> (ES pagrindini\u0173 teisi\u0173 chartija, straipsniai 1\u20133) <\/p>\n\n<p>N\u0117 viename i\u0161 \u0161i\u0173 dokument\u0173 nenurodoma prie\u017eastis, kod\u0117l i\u0161 negimusio \u017emogaus atimama \u0161i pagrindin\u0117 \u017emogaus teis\u0117 \u2013 be teis\u0117s \u012f gyvyb\u0119 ne\u012fmanoma gauti joki\u0173 kit\u0173 teisi\u0173. Kovoti u\u017e \u017emogaus teises ir tuo pat metu i\u0161 labai didel\u0117s \u017emoni\u0173 grup\u0117s (apie 73 mln. \u017emoni\u0173 per metus) atimti pagrindin\u0119 \u017emogaus teis\u0119 \u2013 teis\u0119 \u012f gyvyb\u0119 \u2013 yra absurdas. Abortai gali b\u016bti priskiriami tik prie \u017emogaus teisi\u0173 pa\u017eeidim\u0173 ir tur\u0117t\u0173 b\u016bti smerkiami vis\u0173, kovojan\u010di\u0173 u\u017e \u017emogaus teises.  <\/p>\n","protected":false},"excerpt":{"rendered":"<p>Po Antrojo pasaulinio karo pabaigos susiformavo stiprus \u017emogaus teisi\u0173 jud\u0117jimas, prasid\u0117j\u0119s nuo Visuotin\u0117s \u017emogaus teisi\u0173 deklaracijos (V\u017dTD), kuri\u0105 1948 m., atsi\u017evelgiant \u012f Antrojo pasaulinio karo baisumus, pri\u0117m\u0117 JT Generalin\u0117 Asambl\u0117ja.<a href=\"https:\/\/prolifeeurope.org\/lt\/ziniu-baze\/abortai-ir-zmogaus-teises\/\">Continue reading <span class=\"sr-only\">&#8222;Abortai ir \u017emogaus teis\u0117s&#8221;<\/span><\/a><\/p>\n","protected":false},"author":14,"featured_media":0,"parent":2525,"menu_order":0,"comment_status":"closed","ping_status":"closed","template":"page-topic.php","meta":{"_acf_changed":false,"_monsterinsights_skip_tracking":false,"_monsterinsights_sitenote_active":false,"_monsterinsights_sitenote_note":"","_monsterinsights_sitenote_category":0,"footnotes":""},"topic":[],"class_list":["post-2635","page","type-page","status-publish","hentry"],"acf":[],"yoast_head":"<!-- This site is optimized with the Yoast SEO plugin v27.2 - https:\/\/yoast.com\/product\/yoast-seo-wordpress\/ -->\n<title>Abortai ir \u017emogaus teis\u0117s - ProLife Europe<\/title>\n<meta name=\"description\" content=\"Gyvyb\u0117 yra ginama \u017emogaus teisi\u0173. K\u0117sindamiesi \u012f negimus\u012f k\u016bdik\u012f, abortai kelia kritini\u0173 klausim\u0173 d\u0117l \u0161i\u0173 teisi\u0173 pa\u017eeidimo.\" \/>\n<meta name=\"robots\" content=\"index, follow, max-snippet:-1, max-image-preview:large, max-video-preview:-1\" \/>\n<link rel=\"canonical\" href=\"https:\/\/prolifeeurope.org\/lt\/ziniu-baze\/abortai-ir-zmogaus-teises\/\" \/>\n<meta property=\"og:locale\" content=\"lt_LT\" \/>\n<meta property=\"og:type\" content=\"article\" \/>\n<meta property=\"og:title\" content=\"Abortai ir \u017emogaus teis\u0117s - ProLife Europe\" \/>\n<meta property=\"og:description\" content=\"Gyvyb\u0117 yra ginama \u017emogaus teisi\u0173. K\u0117sindamiesi \u012f negimus\u012f k\u016bdik\u012f, abortai kelia kritini\u0173 klausim\u0173 d\u0117l \u0161i\u0173 teisi\u0173 pa\u017eeidimo.\" \/>\n<meta property=\"og:url\" content=\"https:\/\/prolifeeurope.org\/lt\/ziniu-baze\/abortai-ir-zmogaus-teises\/\" \/>\n<meta property=\"og:site_name\" content=\"ProLife Europe\" \/>\n<meta property=\"article:publisher\" content=\"https:\/\/www.facebook.com\/ProLifeEurope\/\" \/>\n<meta property=\"article:modified_time\" content=\"2025-03-21T08:49:26+00:00\" \/>\n<meta name=\"twitter:card\" content=\"summary_large_image\" \/>\n<meta name=\"twitter:label1\" content=\"Est. reading time\" \/>\n\t<meta name=\"twitter:data1\" content=\"1 minut\u0117\" \/>\n<script type=\"application\/ld+json\" class=\"yoast-schema-graph\">{\"@context\":\"https:\/\/schema.org\",\"@graph\":[{\"@type\":\"WebPage\",\"@id\":\"https:\/\/prolifeeurope.org\/lt\/ziniu-baze\/abortai-ir-zmogaus-teises\/\",\"url\":\"https:\/\/prolifeeurope.org\/lt\/ziniu-baze\/abortai-ir-zmogaus-teises\/\",\"name\":\"Abortai ir \u017emogaus teis\u0117s - ProLife Europe\",\"isPartOf\":{\"@id\":\"https:\/\/prolifeeurope.org\/lt\/#website\"},\"datePublished\":\"2025-01-15T16:49:42+00:00\",\"dateModified\":\"2025-03-21T08:49:26+00:00\",\"description\":\"Gyvyb\u0117 yra ginama \u017emogaus teisi\u0173. K\u0117sindamiesi \u012f negimus\u012f k\u016bdik\u012f, abortai kelia kritini\u0173 klausim\u0173 d\u0117l \u0161i\u0173 teisi\u0173 pa\u017eeidimo.\",\"breadcrumb\":{\"@id\":\"https:\/\/prolifeeurope.org\/lt\/ziniu-baze\/abortai-ir-zmogaus-teises\/#breadcrumb\"},\"inLanguage\":\"lt-LT\",\"potentialAction\":[{\"@type\":\"ReadAction\",\"target\":[\"https:\/\/prolifeeurope.org\/lt\/ziniu-baze\/abortai-ir-zmogaus-teises\/\"]}]},{\"@type\":\"BreadcrumbList\",\"@id\":\"https:\/\/prolifeeurope.org\/lt\/ziniu-baze\/abortai-ir-zmogaus-teises\/#breadcrumb\",\"itemListElement\":[{\"@type\":\"ListItem\",\"position\":1,\"name\":\"Home\",\"item\":\"https:\/\/prolifeeurope.org\/lt\/\"},{\"@type\":\"ListItem\",\"position\":2,\"name\":\"\u017dini\u0173 baz\u0117\",\"item\":\"https:\/\/prolifeeurope.org\/lt\/ziniu-baze\/\"},{\"@type\":\"ListItem\",\"position\":3,\"name\":\"Abortai ir \u017emogaus teis\u0117s\"}]},{\"@type\":\"WebSite\",\"@id\":\"https:\/\/prolifeeurope.org\/lt\/#website\",\"url\":\"https:\/\/prolifeeurope.org\/lt\/\",\"name\":\"ProLife Europe\",\"description\":\"\",\"publisher\":{\"@id\":\"https:\/\/prolifeeurope.org\/lt\/#organization\"},\"potentialAction\":[{\"@type\":\"SearchAction\",\"target\":{\"@type\":\"EntryPoint\",\"urlTemplate\":\"https:\/\/prolifeeurope.org\/lt\/?s={search_term_string}\"},\"query-input\":{\"@type\":\"PropertyValueSpecification\",\"valueRequired\":true,\"valueName\":\"search_term_string\"}}],\"inLanguage\":\"lt-LT\"},{\"@type\":\"Organization\",\"@id\":\"https:\/\/prolifeeurope.org\/lt\/#organization\",\"name\":\"ProLife Europe\",\"url\":\"https:\/\/prolifeeurope.org\/lt\/\",\"logo\":{\"@type\":\"ImageObject\",\"inLanguage\":\"lt-LT\",\"@id\":\"https:\/\/prolifeeurope.org\/lt\/#\/schema\/logo\/image\/\",\"url\":\"https:\/\/prolifeeurope.org\/wp-content\/uploads\/2024\/11\/logo-3.svg\",\"contentUrl\":\"https:\/\/prolifeeurope.org\/wp-content\/uploads\/2024\/11\/logo-3.svg\",\"width\":166,\"height\":170,\"caption\":\"ProLife Europe\"},\"image\":{\"@id\":\"https:\/\/prolifeeurope.org\/lt\/#\/schema\/logo\/image\/\"},\"sameAs\":[\"https:\/\/www.facebook.com\/ProLifeEurope\/\",\"https:\/\/www.instagram.com\/prolife_europe\/\",\"https:\/\/www.youtube.com\/channel\/UC7olgmdiSVEHZUiP554XozA\"]}]}<\/script>\n<!-- \/ Yoast SEO plugin. -->","yoast_head_json":{"title":"Abortai ir \u017emogaus teis\u0117s - ProLife Europe","description":"Gyvyb\u0117 yra ginama \u017emogaus teisi\u0173. K\u0117sindamiesi \u012f negimus\u012f k\u016bdik\u012f, abortai kelia kritini\u0173 klausim\u0173 d\u0117l \u0161i\u0173 teisi\u0173 pa\u017eeidimo.","robots":{"index":"index","follow":"follow","max-snippet":"max-snippet:-1","max-image-preview":"max-image-preview:large","max-video-preview":"max-video-preview:-1"},"canonical":"https:\/\/prolifeeurope.org\/lt\/ziniu-baze\/abortai-ir-zmogaus-teises\/","og_locale":"lt_LT","og_type":"article","og_title":"Abortai ir \u017emogaus teis\u0117s - ProLife Europe","og_description":"Gyvyb\u0117 yra ginama \u017emogaus teisi\u0173. K\u0117sindamiesi \u012f negimus\u012f k\u016bdik\u012f, abortai kelia kritini\u0173 klausim\u0173 d\u0117l \u0161i\u0173 teisi\u0173 pa\u017eeidimo.","og_url":"https:\/\/prolifeeurope.org\/lt\/ziniu-baze\/abortai-ir-zmogaus-teises\/","og_site_name":"ProLife Europe","article_publisher":"https:\/\/www.facebook.com\/ProLifeEurope\/","article_modified_time":"2025-03-21T08:49:26+00:00","twitter_card":"summary_large_image","twitter_misc":{"Est. reading time":"1 minut\u0117"},"schema":{"@context":"https:\/\/schema.org","@graph":[{"@type":"WebPage","@id":"https:\/\/prolifeeurope.org\/lt\/ziniu-baze\/abortai-ir-zmogaus-teises\/","url":"https:\/\/prolifeeurope.org\/lt\/ziniu-baze\/abortai-ir-zmogaus-teises\/","name":"Abortai ir \u017emogaus teis\u0117s - ProLife Europe","isPartOf":{"@id":"https:\/\/prolifeeurope.org\/lt\/#website"},"datePublished":"2025-01-15T16:49:42+00:00","dateModified":"2025-03-21T08:49:26+00:00","description":"Gyvyb\u0117 yra ginama \u017emogaus teisi\u0173. K\u0117sindamiesi \u012f negimus\u012f k\u016bdik\u012f, abortai kelia kritini\u0173 klausim\u0173 d\u0117l \u0161i\u0173 teisi\u0173 pa\u017eeidimo.","breadcrumb":{"@id":"https:\/\/prolifeeurope.org\/lt\/ziniu-baze\/abortai-ir-zmogaus-teises\/#breadcrumb"},"inLanguage":"lt-LT","potentialAction":[{"@type":"ReadAction","target":["https:\/\/prolifeeurope.org\/lt\/ziniu-baze\/abortai-ir-zmogaus-teises\/"]}]},{"@type":"BreadcrumbList","@id":"https:\/\/prolifeeurope.org\/lt\/ziniu-baze\/abortai-ir-zmogaus-teises\/#breadcrumb","itemListElement":[{"@type":"ListItem","position":1,"name":"Home","item":"https:\/\/prolifeeurope.org\/lt\/"},{"@type":"ListItem","position":2,"name":"\u017dini\u0173 baz\u0117","item":"https:\/\/prolifeeurope.org\/lt\/ziniu-baze\/"},{"@type":"ListItem","position":3,"name":"Abortai ir \u017emogaus teis\u0117s"}]},{"@type":"WebSite","@id":"https:\/\/prolifeeurope.org\/lt\/#website","url":"https:\/\/prolifeeurope.org\/lt\/","name":"ProLife Europe","description":"","publisher":{"@id":"https:\/\/prolifeeurope.org\/lt\/#organization"},"potentialAction":[{"@type":"SearchAction","target":{"@type":"EntryPoint","urlTemplate":"https:\/\/prolifeeurope.org\/lt\/?s={search_term_string}"},"query-input":{"@type":"PropertyValueSpecification","valueRequired":true,"valueName":"search_term_string"}}],"inLanguage":"lt-LT"},{"@type":"Organization","@id":"https:\/\/prolifeeurope.org\/lt\/#organization","name":"ProLife Europe","url":"https:\/\/prolifeeurope.org\/lt\/","logo":{"@type":"ImageObject","inLanguage":"lt-LT","@id":"https:\/\/prolifeeurope.org\/lt\/#\/schema\/logo\/image\/","url":"https:\/\/prolifeeurope.org\/wp-content\/uploads\/2024\/11\/logo-3.svg","contentUrl":"https:\/\/prolifeeurope.org\/wp-content\/uploads\/2024\/11\/logo-3.svg","width":166,"height":170,"caption":"ProLife Europe"},"image":{"@id":"https:\/\/prolifeeurope.org\/lt\/#\/schema\/logo\/image\/"},"sameAs":["https:\/\/www.facebook.com\/ProLifeEurope\/","https:\/\/www.instagram.com\/prolife_europe\/","https:\/\/www.youtube.com\/channel\/UC7olgmdiSVEHZUiP554XozA"]}]}},"_links":{"self":[{"href":"https:\/\/prolifeeurope.org\/lt\/wp-json\/wp\/v2\/pages\/2635","targetHints":{"allow":["GET"]}}],"collection":[{"href":"https:\/\/prolifeeurope.org\/lt\/wp-json\/wp\/v2\/pages"}],"about":[{"href":"https:\/\/prolifeeurope.org\/lt\/wp-json\/wp\/v2\/types\/page"}],"author":[{"embeddable":true,"href":"https:\/\/prolifeeurope.org\/lt\/wp-json\/wp\/v2\/users\/14"}],"replies":[{"embeddable":true,"href":"https:\/\/prolifeeurope.org\/lt\/wp-json\/wp\/v2\/comments?post=2635"}],"version-history":[{"count":1,"href":"https:\/\/prolifeeurope.org\/lt\/wp-json\/wp\/v2\/pages\/2635\/revisions"}],"predecessor-version":[{"id":2636,"href":"https:\/\/prolifeeurope.org\/lt\/wp-json\/wp\/v2\/pages\/2635\/revisions\/2636"}],"up":[{"embeddable":true,"href":"https:\/\/prolifeeurope.org\/lt\/wp-json\/wp\/v2\/pages\/2525"}],"wp:attachment":[{"href":"https:\/\/prolifeeurope.org\/lt\/wp-json\/wp\/v2\/media?parent=2635"}],"wp:term":[{"taxonomy":"topic","embeddable":true,"href":"https:\/\/prolifeeurope.org\/lt\/wp-json\/wp\/v2\/topic?post=2635"}],"curies":[{"name":"wp","href":"https:\/\/api.w.org\/{rel}","templated":true}]}}