{"id":1933,"date":"2024-12-01T23:22:31","date_gmt":"2024-12-01T22:22:31","guid":{"rendered":"https:\/\/ws-staging.prolifeeurope.org\/spenden\/"},"modified":"2026-04-15T15:17:19","modified_gmt":"2026-04-15T13:17:19","slug":"spende","status":"publish","type":"page","link":"https:\/\/prolifeeurope.org\/de\/spende\/","title":{"rendered":"Spenden"},"content":{"rendered":"\r\n<section  class=\"bg-brown\">\r\n    <div class=\"wide py-6 grid items-center ~md:~gap-30px\/12 md:grid-cols-2\">\r\n        <div class=\"xl:ml-120px\">\r\n            <h1 class=\"heading-big ~text-56\/85 ~leading-56\/80 ~mb-5\/20 text-orange [&#038;_span]:font-['Reckless_Light'] [&#038;_span]:font-light [&#038;_span]:-tracking-3 [&#038;_span]:text-cream xl:w-[116%]\">&#8222;Wir k\u00f6nnen nichts dagegen tun&#8220; <span>\u2013 sagten zwei Millionen Menschen.<\/span><\/h1>\r\n            <p class=\"text-cream\/[70%] md:max-w-560px\">Gemeinsam werden wir die Wahrheit \u00fcber Abtreibung aufdecken und andere dazu bef\u00e4higen, eine Kultur des Lebens in ganz Europa zu verteidigen und zu f\u00f6rdern. F\u00fcr Wahrheit, Liebe und Leben. <\/p>\r\n        <\/div>\r\n        <div class=\"flex md:justify-end\">\r\n            <img loading=\"lazy\" decoding=\"async\" width=\"536\" height=\"700\" src=\"https:\/\/prolifeeurope.org\/wp-content\/uploads\/2024\/12\/Group-221-1.png\" class=\"attachment-full size-full\" alt=\"An illustrated graphic of a floating orange hand with a present hovering above it and the ribbon opening\" srcset=\"https:\/\/prolifeeurope.org\/wp-content\/uploads\/2024\/12\/Group-221-1.png 536w, https:\/\/prolifeeurope.org\/wp-content\/uploads\/2024\/12\/Group-221-1-230x300.png 230w\" sizes=\"auto, (max-width: 536px) 100vw, 536px\" \/>        <\/div>\r\n    <\/div>\r\n<\/section>\n\n\n<section id=\"content-with-image__donate\"  style=\"background-color:#ECE3CF\">\n    <div class=\"main grid grid-cols-1 items-center ~md:~gap-10\/36 ~py-60px\/100px md:grid-cols-2\">\n        <div class=\"content flex flex-col items-start ~gap-y-26px\/8 md:max-w-460px md:order-1\">\n            <h2 class=\"heading text-body\/[90%]  \">Mit dir erreichen wir <span style=\"color:#F36025;\">das<br>Unm\u00f6gliche<\/span><\/h2>\n                                                    <p class=\"text-lg text-body\/[75%] [&#038;_span]:text-orange\">ProLife Europe setzt sich f\u00fcr ein Ziel ein: die Verteidigung der W\u00fcrde des menschlichen Lebens. Wir helfen Studenten, R\u00e4ume f\u00fcr Dialog und kulturellen Wandel zu schaffen. Wir bleiben wachsam gegen\u00fcber sch\u00e4dlichen Narrativen einer Kultur des Todes, die sich in Europa ausbreiten, und konzentrieren uns auf die lebensbejahende Wahrheit. F\u00fcr Wahrheit, Liebe und Leben.   <\/p>\n            \t                                                    <\/div>\n                            <div>\n                <video class=\"rounded-2xl\" playsinline autoplay loop muted>\n                    <source src=\"https:\/\/prolifeeurope.org\/wp-content\/themes\/ple\/theme\/videos\/video.webm\" type=\"video\/webm\">\n                <\/video>\n            <\/div>\n            <\/div>\n<\/section>\n\n\n<section  class=\"bg-cream\">\n    <div class=\"main\">\n        <iframe loading=\"lazy\" src=\"https:\/\/secure.spendenbank.de\/form\/3372?langid=1&#038;verwendungszweck=\" frameborder=\"0\" width=\"100%\" height=\"1313px\" class=\"rounded-2xl\"><\/iframe>\n    <\/div>\n<\/section>\n\n\n<section  class=\"bg-cream\">\n    <div class=\"main ~py-60px\/100px\">\n        <h2 class=\"heading mb-4\">\u00dcberweisungs-Optionen<\/h2>\n        <p class=\"text-lg text-body\/[75%] max-w-[492px] ~mb-10\/12\">Wenn du m\u00f6chtest, kannst du auch eine \u00dcberweisung t\u00e4tigen:<\/p>\n                    <div class=\"max-w-660px rounded-2xl px-28px py-10 bg-[#F5F2E9]\">\n                                        <p class=\"text-lg text-body\/[75%] font-medium\">\n                            <span class=\"text-orange font-semibold\"><\/span>\n                        <\/p>\n\t\t\t\t\t\t<p class=\"text-lg text-body\/[75%] font-medium\">\n                            <span><\/span>\n                        <\/p>\n\n\t\t\t\t\t\t<p class=\"text-lg text-body\/[75%] font-medium\">\n                            <span><b>Kontoinhaber: ProLife Europe e.V.<\/b><\/span>\n                        <\/p>\n\t\t\t\t\t\t<p class=\"text-lg text-body\/[75%] font-medium\">\n                            <span>Adresse: Memminger Str. 30, D\u201389264 Wei\u00dfenhorn.<\/span>\n                        <\/p>\n\t\t\t\t\t\t<p class=\"text-lg text-body\/[75%] font-medium\">\n                            <a href=\"\" target=\"_blank\" rel=\"noopener\"><u><\/u><\/a>\n                        <\/p>\n\t\t\t\t\t\t<p class=\"text-lg text-body\/[75%] font-medium\">\n                            <a href=\"\" target=\"_blank\" rel=\"noopener\"><u><\/u><\/a>\n                        <\/p>\n\t\t\t\t\t\t<p class=\"text-lg text-body\/[75%] font-medium [&#038;:not(:last-child)]:mb-4\">\n                                        <p class=\"text-lg text-body\/[75%] font-medium\">\n                            <span class=\"text-orange font-semibold\">Deutschland<\/span>\n                        <\/p>\n\t\t\t\t\t\t<p class=\"text-lg text-body\/[75%] font-medium\">\n                            <span><\/span>\n                        <\/p>\n\n\t\t\t\t\t\t<p class=\"text-lg text-body\/[75%] font-medium\">\n                            <span><b>IBAN: DE91 3702 0500 0001 6602 01 | BIC: BFSWDE33MUE<\/b><\/span>\n                        <\/p>\n\t\t\t\t\t\t<p class=\"text-lg text-body\/[75%] font-medium\">\n                            <span>Ihre Spende ist steuerlich absetzbar.<\/span>\n                        <\/p>\n\t\t\t\t\t\t<p class=\"text-lg text-body\/[75%] font-medium\">\n                            <a href=\"\" target=\"_blank\" rel=\"noopener\"><u><\/u><\/a>\n                        <\/p>\n\t\t\t\t\t\t<p class=\"text-lg text-body\/[75%] font-medium\">\n                            <a href=\"\" target=\"_blank\" rel=\"noopener\"><u><\/u><\/a>\n                        <\/p>\n\t\t\t\t\t\t<p class=\"text-lg text-body\/[75%] font-medium [&#038;:not(:last-child)]:mb-4\">\n                                        <p class=\"text-lg text-body\/[75%] font-medium\">\n                            <span class=\"text-orange font-semibold\">\u00d6sterreich<\/span>\n                        <\/p>\n\t\t\t\t\t\t<p class=\"text-lg text-body\/[75%] font-medium\">\n                            <span><\/span>\n                        <\/p>\n\n\t\t\t\t\t\t<p class=\"text-lg text-body\/[75%] font-medium\">\n                            <span><b>IBAN: AT30 5400 0000 0070 6283 | BIC: OBLAAT2L<\/b><\/span>\n                        <\/p>\n\t\t\t\t\t\t<p class=\"text-lg text-body\/[75%] font-medium\">\n                            <span><\/span>\n                        <\/p>\n\t\t\t\t\t\t<p class=\"text-lg text-body\/[75%] font-medium\">\n                            <a href=\"\" target=\"_blank\" rel=\"noopener\"><u><\/u><\/a>\n                        <\/p>\n\t\t\t\t\t\t<p class=\"text-lg text-body\/[75%] font-medium\">\n                            <a href=\"\" target=\"_blank\" rel=\"noopener\"><u><\/u><\/a>\n                        <\/p>\n\t\t\t\t\t\t<p class=\"text-lg text-body\/[75%] font-medium [&#038;:not(:last-child)]:mb-4\">\n                                        <p class=\"text-lg text-body\/[75%] font-medium\">\n                            <span class=\"text-orange font-semibold\">Schweiz<\/span>\n                        <\/p>\n\t\t\t\t\t\t<p class=\"text-lg text-body\/[75%] font-medium\">\n                            <span><\/span>\n                        <\/p>\n\n\t\t\t\t\t\t<p class=\"text-lg text-body\/[75%] font-medium\">\n                            <span><b>IBAN: CH34 0900 0000 1581 1952 5 | BIC: POFICHBEXXX<\/b><\/span>\n                        <\/p>\n\t\t\t\t\t\t<p class=\"text-lg text-body\/[75%] font-medium\">\n                            <span><\/span>\n                        <\/p>\n\t\t\t\t\t\t<p class=\"text-lg text-body\/[75%] font-medium\">\n                            <a href=\"\" target=\"_blank\" rel=\"noopener\"><u><\/u><\/a>\n                        <\/p>\n\t\t\t\t\t\t<p class=\"text-lg text-body\/[75%] font-medium\">\n                            <a href=\"\" target=\"_blank\" rel=\"noopener\"><u><\/u><\/a>\n                        <\/p>\n\t\t\t\t\t\t<p class=\"text-lg text-body\/[75%] font-medium [&#038;:not(:last-child)]:mb-4\">\n                                        <p class=\"text-lg text-body\/[75%] font-medium\">\n                            <span class=\"text-orange font-semibold\">Niederlande<\/span>\n                        <\/p>\n\t\t\t\t\t\t<p class=\"text-lg text-body\/[75%] font-medium\">\n                            <span>F\u00fcr Ihre Spende zugunsten der niederl\u00e4ndischen Studentengruppen verwenden Sie bitte unser Konto in Deutschland.<\/span>\n                        <\/p>\n\n\t\t\t\t\t\t<p class=\"text-lg text-body\/[75%] font-medium\">\n                            <span><b>IBAN: DE91 3702 0500 0001 6602 01 | BIC: BFSWDE33MUE<\/b><\/span>\n                        <\/p>\n\t\t\t\t\t\t<p class=\"text-lg text-body\/[75%] font-medium\">\n                            <span>Ihre Spende ist steuerlich absetzbar.<\/span>\n                        <\/p>\n\t\t\t\t\t\t<p class=\"text-lg text-body\/[75%] font-medium\">\n                            <a href=\"https:\/\/drive.google.com\/file\/d\/1U9x2mA4a5-LgLA4yEd6OUNL3iHqKkqFw\/view?usp=sharing\" target=\"_blank\" rel=\"noopener\"><u>ANBI<\/u><\/a>\n                        <\/p>\n\t\t\t\t\t\t<p class=\"text-lg text-body\/[75%] font-medium\">\n                            <a href=\"https:\/\/drive.google.com\/file\/d\/1owBvywu30AZiRVW_GDlzJDSfjF_PerVC\/view?usp=sharing\" target=\"_blank\" rel=\"noopener\"><u>Finanzbericht<\/u><\/a>\n                        <\/p>\n\t\t\t\t\t\t<p class=\"text-lg text-body\/[75%] font-medium [&#038;:not(:last-child)]:mb-4\">\n                                        <p class=\"text-lg text-body\/[75%] font-medium\">\n                            <span class=\"text-orange font-semibold\">Ungarn:<\/span>\n                        <\/p>\n\t\t\t\t\t\t<p class=\"text-lg text-body\/[75%] font-medium\">\n                            <span><\/span>\n                        <\/p>\n\n\t\t\t\t\t\t<p class=\"text-lg text-body\/[75%] font-medium\">\n                            <span><b>IBAN: HU96 1173 7007 2372 5601 0000 0000 | BIC: OTPVHUHB<\/b><\/span>\n                        <\/p>\n\t\t\t\t\t\t<p class=\"text-lg text-body\/[75%] font-medium\">\n                            <span><\/span>\n                        <\/p>\n\t\t\t\t\t\t<p class=\"text-lg text-body\/[75%] font-medium\">\n                            <a href=\"\" target=\"_blank\" rel=\"noopener\"><u><\/u><\/a>\n                        <\/p>\n\t\t\t\t\t\t<p class=\"text-lg text-body\/[75%] font-medium\">\n                            <a href=\"\" target=\"_blank\" rel=\"noopener\"><u><\/u><\/a>\n                        <\/p>\n\t\t\t\t\t\t<p class=\"text-lg text-body\/[75%] font-medium [&#038;:not(:last-child)]:mb-4\">\n                            <\/div>\n            <\/div>\n<\/section>\n\n\r\n<section  class=\"bg-cream\" x-data=\"carouselFilter()\">\r\n    <div class=\"main ~pt-60px\/120px ~pb-60px\/165px relative\">\r\n        <div class=\"~mb-10\/60px\">\r\n            <h2 class=\"~text-40\/62 ~leading-40\/62 -tracking-2 font-bold text-orange\/[90%] mb-4\">Wieso ProLife Europe?<\/h2>\r\n            <p class=\"text-orange\/[90%] text-2xl font-bold\">Was unsere Gruppen sagen<\/p>\r\n        <\/div>\r\n                    <div x-show=\"active == 0\" x-transition:enter=\"transition ease-out duration-300\" x-transition:enter-start=\"opacity-0 transform scale-90\" x-transition:enter-end=\"opacity-100 transform scale-100\" x-transition:leave=\"transition ease-in duration-300\" x-transition:leave-start=\"opacity-100 transform scale-100\" x-transition:leave-end=\"opacity-0 transform scale-90\">\r\n                <div x-data=\"carousel()\" x-init=\"init()\">\r\n                    <div class=\"carousel [&#038;_.flickity-button]:bg-yellow [&#038;_.flickity-button]:border [&#038;_.flickity-button]:border-solid [&#038;_.flickity-button]:border-body\/[90%] [&#038;_.flickity-button]:!bg-no-repeat [&#038;_.flickity-button]:!bg-center [&#038;_.flickity-button-icon]:hidden [&#038;_.flickity-prev-next-button]:-top-[36px] [&#038;_.flickity-prev-next-button]:sm:-top-[15%] [&#038;_.flickity-prev-next-button.previous]:left-auto [&#038;_.flickity-button:hover]:bg-orange [&#038;_.flickity-button:hover]:shadow-none [&#038;_.flickity-prev-next-button.previous]:right-55px [&#038;_.flickity-prev-next-button.previous]:bg-[url('.\/images\/arrow-left.svg')] [&#038;_.flickity-prev-next-button.next]:right-0 [&#038;_.flickity-prev-next-button.next]:bg-[url('.\/images\/arrow-right.svg')] [&#038;_.flickity-page-dots]:-bottom-10\" x-ref=\"carousel\">   \r\n                                                        <div class=\"w-full sm:w-[calc(50%-20px)] lg:w-[calc(33.333333%-27px)] xl:w-[calc(25%-30px)] min-h-full grid gap-7 mx-5 bg-[rgba(255,250,240,1)] rounded-2xl px-6 py-9\">\r\n                                    <p class=\"text-15 text-body\/[90%]\">Die Schw\u00e4chsten zu besch\u00fctzen, vor allem die Ungeborenen, war immer schon ein zentrales Ziel f\u00fcr mich. Durch ProLife Europe habe ich die M\u00f6glichkeit, diesen Kindern eine Stimme zu geben. <\/p>\r\n                                    <div class=\"flex items-center gap-4 mt-auto\">\r\n                                        <img loading=\"lazy\" decoding=\"async\" width=\"48\" height=\"48\" src=\"https:\/\/prolifeeurope.org\/wp-content\/uploads\/2025\/03\/Group-351.png\" class=\"w-12 h-12 rounded-full\" alt=\"\" \/>                                        <div class=\"\">\r\n                                            <p class=\"text-body\/[90%] text-13 font-bold\">Joaquin<\/p>\r\n                                            <p class=\"text-body\/[60%] text-13\">ProLife K\u00f6ln<\/p>\r\n                                        <\/div>\r\n                                    <\/div>\r\n                                <\/div>\r\n                                                        <div class=\"w-full sm:w-[calc(50%-20px)] lg:w-[calc(33.333333%-27px)] xl:w-[calc(25%-30px)] min-h-full grid gap-7 mx-5 bg-[rgba(255,250,240,1)] rounded-2xl px-6 py-9\">\r\n                                    <p class=\"text-15 text-body\/[90%]\">Die Trainings von ProLife Europe halfen mir, Abtreibung besser zu verstehen und haben mich daf\u00fcr ausger\u00fcstet, Missverst\u00e4ndnisse auszur\u00e4umen. Egal, von welchem Standpunkt aus &#8211; Biologie, Recht oder Ethik &#8211; ich kann mit Selbstsicherheit erkl\u00e4ren, warum jedes Leben z\u00e4hlt. <\/p>\r\n                                    <div class=\"flex items-center gap-4 mt-auto\">\r\n                                        <img loading=\"lazy\" decoding=\"async\" width=\"48\" height=\"48\" src=\"https:\/\/prolifeeurope.org\/wp-content\/uploads\/2025\/03\/Group-356.png\" class=\"w-12 h-12 rounded-full\" alt=\"\" \/>                                        <div class=\"\">\r\n                                            <p class=\"text-body\/[90%] text-13 font-bold\">Stefanie<\/p>\r\n                                            <p class=\"text-body\/[60%] text-13\">ProLife Wuppertal<\/p>\r\n                                        <\/div>\r\n                                    <\/div>\r\n                                <\/div>\r\n                                                        <div class=\"w-full sm:w-[calc(50%-20px)] lg:w-[calc(33.333333%-27px)] xl:w-[calc(25%-30px)] min-h-full grid gap-7 mx-5 bg-[rgba(255,250,240,1)] rounded-2xl px-6 py-9\">\r\n                                    <p class=\"text-15 text-body\/[90%]\">Ein Teil von ProLife Europe zu sein hat mein Leben ver\u00e4ndert. Es hat mir Hoffnung gegeben, das Gef\u00fchl, dazuzugeh\u00f6ren, und die M\u00f6glichkeit, etwas zu ver\u00e4ndern. <\/p>\r\n                                    <div class=\"flex items-center gap-4 mt-auto\">\r\n                                        <img loading=\"lazy\" decoding=\"async\" width=\"48\" height=\"48\" src=\"https:\/\/prolifeeurope.org\/wp-content\/uploads\/2025\/03\/Group-352.png\" class=\"w-12 h-12 rounded-full\" alt=\"\" \/>                                        <div class=\"\">\r\n                                            <p class=\"text-body\/[90%] text-13 font-bold\">Sophia<\/p>\r\n                                            <p class=\"text-body\/[60%] text-13\">ProLife Heidelberg<\/p>\r\n                                        <\/div>\r\n                                    <\/div>\r\n                                <\/div>\r\n                                                        <div class=\"w-full sm:w-[calc(50%-20px)] lg:w-[calc(33.333333%-27px)] xl:w-[calc(25%-30px)] min-h-full grid gap-7 mx-5 bg-[rgba(255,250,240,1)] rounded-2xl px-6 py-9\">\r\n                                    <p class=\"text-15 text-body\/[90%]\">Wir brauchen definitiv eine universelle Europ\u00e4ische Bewegung, und ich bin stolz, ein Mitglied davon zu sein.<\/p>\r\n                                    <div class=\"flex items-center gap-4 mt-auto\">\r\n                                        <img loading=\"lazy\" decoding=\"async\" width=\"48\" height=\"48\" src=\"https:\/\/prolifeeurope.org\/wp-content\/uploads\/2025\/03\/Group-353.png\" class=\"w-12 h-12 rounded-full\" alt=\"\" \/>                                        <div class=\"\">\r\n                                            <p class=\"text-body\/[90%] text-13 font-bold\">Vladislav<\/p>\r\n                                            <p class=\"text-body\/[60%] text-13\">ProLife Heidelberg<\/p>\r\n                                        <\/div>\r\n                                    <\/div>\r\n                                <\/div>\r\n                                                        <div class=\"w-full sm:w-[calc(50%-20px)] lg:w-[calc(33.333333%-27px)] xl:w-[calc(25%-30px)] min-h-full grid gap-7 mx-5 bg-[rgba(255,250,240,1)] rounded-2xl px-6 py-9\">\r\n                                    <p class=\"text-15 text-body\/[90%]\">PLE hat mir nicht nur klarer gezeigt, wie wichtig der Einsatz f\u00fcr ungeborenes Leben ist, es hat mir auch den Rahmen gezeigt, meine \u00dcberzeugung in bedeutungsvolle Aktion umzuwandeln.<\/p>\r\n                                    <div class=\"flex items-center gap-4 mt-auto\">\r\n                                        <img loading=\"lazy\" decoding=\"async\" width=\"48\" height=\"48\" src=\"https:\/\/prolifeeurope.org\/wp-content\/uploads\/2025\/03\/Group-354.png\" class=\"w-12 h-12 rounded-full\" alt=\"\" \/>                                        <div class=\"\">\r\n                                            <p class=\"text-body\/[90%] text-13 font-bold\">Clara<\/p>\r\n                                            <p class=\"text-body\/[60%] text-13\">ProLife Regensburg<\/p>\r\n                                        <\/div>\r\n                                    <\/div>\r\n                                <\/div>\r\n                                                        <div class=\"w-full sm:w-[calc(50%-20px)] lg:w-[calc(33.333333%-27px)] xl:w-[calc(25%-30px)] min-h-full grid gap-7 mx-5 bg-[rgba(255,250,240,1)] rounded-2xl px-6 py-9\">\r\n                                    <p class=\"text-15 text-body\/[90%]\">Bei ProLife Europe habe ich die Macht von Menschenn\u00e4he und Mitmenschlichkeit erfahren. Es ist unglaublich, dass ein einfaches L\u00e4cheln und eine geteilte Meinung in einem Face-to-Face Gespr\u00e4ch wirklich Leben retten k\u00f6nnen! <\/p>\r\n                                    <div class=\"flex items-center gap-4 mt-auto\">\r\n                                        <img loading=\"lazy\" decoding=\"async\" width=\"48\" height=\"48\" src=\"https:\/\/prolifeeurope.org\/wp-content\/uploads\/2025\/03\/Group-355.png\" class=\"w-12 h-12 rounded-full\" alt=\"\" \/>                                        <div class=\"\">\r\n                                            <p class=\"text-body\/[90%] text-13 font-bold\">Antanas<\/p>\r\n                                            <p class=\"text-body\/[60%] text-13\">ProLife Vilnius<\/p>\r\n                                        <\/div>\r\n                                    <\/div>\r\n                                <\/div>\r\n                                                        <div class=\"w-full sm:w-[calc(50%-20px)] lg:w-[calc(33.333333%-27px)] xl:w-[calc(25%-30px)] min-h-full grid gap-7 mx-5 bg-[rgba(255,250,240,1)] rounded-2xl px-6 py-9\">\r\n                                    <p class=\"text-15 text-body\/[90%]\">ProLife Europe hat mir gezeigt, dass jeder die F\u00e4higkeit dazu hat, etwas zu ver\u00e4ndern.<\/p>\r\n                                    <div class=\"flex items-center gap-4 mt-auto\">\r\n                                        <img loading=\"lazy\" decoding=\"async\" width=\"48\" height=\"48\" src=\"https:\/\/prolifeeurope.org\/wp-content\/uploads\/2025\/03\/Group-350.png\" class=\"w-12 h-12 rounded-full\" alt=\"\" \/>                                        <div class=\"\">\r\n                                            <p class=\"text-body\/[90%] text-13 font-bold\">Fabian<\/p>\r\n                                            <p class=\"text-body\/[60%] text-13\">ProLife Duisburg<\/p>\r\n                                        <\/div>\r\n                                    <\/div>\r\n                                <\/div>\r\n                                                        <div class=\"w-full sm:w-[calc(50%-20px)] lg:w-[calc(33.333333%-27px)] xl:w-[calc(25%-30px)] min-h-full grid gap-7 mx-5 bg-[rgba(255,250,240,1)] rounded-2xl px-6 py-9\">\r\n                                    <p class=\"text-15 text-body\/[90%]\">Mit der Hilfe von ProLife Europe konnten wir eine leidenschaftlich aktive Pro-Life Gruppe in Aachen starten und die Botschaft verbreiten, dass jedes Leben unseren Schutz verdient. In einer Welt, in der der Wert des Lebens hinterfragt wird, stehen wir f\u00fcr die Schw\u00e4chsten ein. <\/p>\r\n                                    <div class=\"flex items-center gap-4 mt-auto\">\r\n                                        <img loading=\"lazy\" decoding=\"async\" width=\"48\" height=\"48\" src=\"https:\/\/prolifeeurope.org\/wp-content\/uploads\/2025\/03\/Group-357.png\" class=\"w-12 h-12 rounded-full\" alt=\"\" \/>                                        <div class=\"\">\r\n                                            <p class=\"text-body\/[90%] text-13 font-bold\">Lea<\/p>\r\n                                            <p class=\"text-body\/[60%] text-13\">ProLife Aachen<\/p>\r\n                                        <\/div>\r\n                                    <\/div>\r\n                                <\/div>\r\n                                                        <div class=\"w-full sm:w-[calc(50%-20px)] lg:w-[calc(33.333333%-27px)] xl:w-[calc(25%-30px)] min-h-full grid gap-7 mx-5 bg-[rgba(255,250,240,1)] rounded-2xl px-6 py-9\">\r\n                                    <p class=\"text-15 text-body\/[90%]\">Teil einer Pro-Life Gruppe zu sein bedeutet, gemeinsam f\u00fcr Menschenrechte und die Ungeborenen einzustehen. Vom Gespr\u00e4chstraining bis zum Outreach gibt es viele M\u00f6glichkeiten, mitzumachen. Probier es aus und ver\u00e4ndere etwas!  <\/p>\r\n                                    <div class=\"flex items-center gap-4 mt-auto\">\r\n                                        <img loading=\"lazy\" decoding=\"async\" width=\"48\" height=\"48\" src=\"https:\/\/prolifeeurope.org\/wp-content\/uploads\/2025\/03\/Group-358.png\" class=\"w-12 h-12 rounded-full\" alt=\"\" \/>                                        <div class=\"\">\r\n                                            <p class=\"text-body\/[90%] text-13 font-bold\">Maren<\/p>\r\n                                            <p class=\"text-body\/[60%] text-13\">ProLife Gie\u00dfen<\/p>\r\n                                        <\/div>\r\n                                    <\/div>\r\n                                <\/div>\r\n                                                        <div class=\"w-full sm:w-[calc(50%-20px)] lg:w-[calc(33.333333%-27px)] xl:w-[calc(25%-30px)] min-h-full grid gap-7 mx-5 bg-[rgba(255,250,240,1)] rounded-2xl px-6 py-9\">\r\n                                    <p class=\"text-15 text-body\/[90%]\">ProLife Europe gibt mir die Gelegenheit, Menschenw\u00fcrde zu verteidigen und daf\u00fcr meine F\u00e4higkeiten in Kommunikation und Sozialer Arbeit einzusetzen. Es ist eine junge, dynamische Bewegung, die sich den fundamentalen, ethischen Problemen der heutigen Gesellschaft stellt. <\/p>\r\n                                    <div class=\"flex items-center gap-4 mt-auto\">\r\n                                        <img loading=\"lazy\" decoding=\"async\" width=\"48\" height=\"48\" src=\"https:\/\/prolifeeurope.org\/wp-content\/uploads\/2025\/03\/Group-359.png\" class=\"w-12 h-12 rounded-full\" alt=\"\" \/>                                        <div class=\"\">\r\n                                            <p class=\"text-body\/[90%] text-13 font-bold\">Michael<\/p>\r\n                                            <p class=\"text-body\/[60%] text-13\">ProLife Braunschweig<\/p>\r\n                                        <\/div>\r\n                                    <\/div>\r\n                                <\/div>\r\n                                                        <div class=\"w-full sm:w-[calc(50%-20px)] lg:w-[calc(33.333333%-27px)] xl:w-[calc(25%-30px)] min-h-full grid gap-7 mx-5 bg-[rgba(255,250,240,1)] rounded-2xl px-6 py-9\">\r\n                                    <p class=\"text-15 text-body\/[90%]\">Pro-Life zu sein ist erf\u00fcllend! Mit Menschen verschiedener Kulturen und Religionen zu sprechen bereichert meine eigene Perspektive, und gemeinsam geben wir den Ungeborenen eine Stimme. Sich mit Pro-Life Gruppen aus ganz Europa zu vernetzen ist unglaublich.  <\/p>\r\n                                    <div class=\"flex items-center gap-4 mt-auto\">\r\n                                        <img loading=\"lazy\" decoding=\"async\" width=\"48\" height=\"48\" src=\"https:\/\/prolifeeurope.org\/wp-content\/uploads\/2025\/03\/Group-360.png\" class=\"w-12 h-12 rounded-full\" alt=\"\" \/>                                        <div class=\"\">\r\n                                            <p class=\"text-body\/[90%] text-13 font-bold\">Anneke<\/p>\r\n                                            <p class=\"text-body\/[60%] text-13\">ProLife Aachen<\/p>\r\n                                        <\/div>\r\n                                    <\/div>\r\n                                <\/div>\r\n                                                        <div class=\"w-full sm:w-[calc(50%-20px)] lg:w-[calc(33.333333%-27px)] xl:w-[calc(25%-30px)] min-h-full grid gap-7 mx-5 bg-[rgba(255,250,240,1)] rounded-2xl px-6 py-9\">\r\n                                    <p class=\"text-15 text-body\/[90%]\">Mir war immer klar, wie wichtig der Schutz des ungeborenen Lebens ist, und ProLife Europe gab mir das richtige Werkzeug, um aktiv zu werden. Jetzt arbeite ich mit gleichgesinnten Studenten zusammen, um in meiner Heimatstadt etwas zu ver\u00e4ndern. <\/p>\r\n                                    <div class=\"flex items-center gap-4 mt-auto\">\r\n                                        <img loading=\"lazy\" decoding=\"async\" width=\"48\" height=\"48\" src=\"https:\/\/prolifeeurope.org\/wp-content\/uploads\/2025\/03\/Group-361.png\" class=\"w-12 h-12 rounded-full\" alt=\"\" \/>                                        <div class=\"\">\r\n                                            <p class=\"text-body\/[90%] text-13 font-bold\">Karol<\/p>\r\n                                            <p class=\"text-body\/[60%] text-13\">ProLife Braunschweig<\/p>\r\n                                        <\/div>\r\n                                    <\/div>\r\n                                <\/div>\r\n                        \t\r\n                    <\/div>\t\r\n                <\/div>\r\n            <\/div>\r\n                <img decoding=\"async\" src=\"https:\/\/prolifeeurope.org\/wp-content\/themes\/ple\/theme\/images\/pro-life-1.png\" alt=\"Pro-Life\" class=\"hidden xl:block absolute left-[-110px] bottom-[45px]\" \/>\r\n        <img decoding=\"async\" src=\"https:\/\/prolifeeurope.org\/wp-content\/themes\/ple\/theme\/images\/pro-life-2.png\" alt=\"Pro-Life\" class=\"hidden xl:block absolute top-0 right-[371px]\" \/>\r\n        <img decoding=\"async\" src=\"https:\/\/prolifeeurope.org\/wp-content\/themes\/ple\/theme\/images\/pro-life-3.png\" alt=\"Pro-Life\" class=\"hidden xl:block absolute right-[63px] bottom-0\" \/>\r\n    <\/div> \r\n<\/section>\r\n\r\n<script>\r\n   const carousel = () => {\r\n        return {\r\n            active: 0,\r\n            init() {\r\n                const flkty = new Flickity(this.$refs.carousel, {\r\n                    cellAlign: 'left',\r\n                    draggable: true,\r\n                    groupCells: true\r\n                });\r\n                    flkty.on('change', i => this.active = i);\r\n            }\r\n        }\r\n   } \r\n     \r\n    const carouselFilter = () => {\r\n        return {\r\n            active: 0,\r\n            changeActive(i) {\r\n            this.active = i;\r\n            \r\n                this.$nextTick(() => {\r\n                    let flkty = Flickity.data( this.$el.querySelectorAll('.carousel')[i] );\r\n                    flkty.resize();\r\n                });\r\n            }\r\n        }\r\n    }\r\n<\/script>\r\n","protected":false},"excerpt":{"rendered":"","protected":false},"author":14,"featured_media":0,"parent":0,"menu_order":0,"comment_status":"closed","ping_status":"closed","template":"","meta":{"_acf_changed":false,"_monsterinsights_skip_tracking":false,"_monsterinsights_sitenote_active":false,"_monsterinsights_sitenote_note":"","_monsterinsights_sitenote_category":0,"footnotes":""},"topic":[],"class_list":["post-1933","page","type-page","status-publish","hentry"],"acf":[],"yoast_head":"<!-- This site is optimized with the Yoast SEO plugin v27.2 - https:\/\/yoast.com\/product\/yoast-seo-wordpress\/ -->\n<title>Spenden - ProLife Europe<\/title>\n<meta name=\"description\" content=\"Hilf uns, Studierende daf\u00fcr zu begeistern, die W\u00fcrde des menschlichen Lebens zu verteidigen. Mit deiner Spende k\u00f6nnen wir Leben und Hoffnung in ganz Europa verbreiten.\" \/>\n<meta name=\"robots\" content=\"index, follow, max-snippet:-1, max-image-preview:large, max-video-preview:-1\" \/>\n<link rel=\"canonical\" href=\"https:\/\/prolifeeurope.org\/de\/spende\/\" \/>\n<meta property=\"og:locale\" content=\"de_DE\" \/>\n<meta property=\"og:type\" content=\"article\" \/>\n<meta property=\"og:title\" content=\"Spenden - ProLife Europe\" \/>\n<meta property=\"og:description\" content=\"Hilf uns, Studierende daf\u00fcr zu begeistern, die W\u00fcrde des menschlichen Lebens zu verteidigen. Mit deiner Spende k\u00f6nnen wir Leben und Hoffnung in ganz Europa verbreiten.\" \/>\n<meta property=\"og:url\" content=\"https:\/\/prolifeeurope.org\/de\/spende\/\" \/>\n<meta property=\"og:site_name\" content=\"ProLife Europe\" \/>\n<meta property=\"article:publisher\" content=\"https:\/\/www.facebook.com\/ProLifeEurope\/\" \/>\n<meta property=\"article:modified_time\" content=\"2026-04-15T13:17:19+00:00\" \/>\n<meta name=\"twitter:card\" content=\"summary_large_image\" \/>\n<meta name=\"twitter:label1\" content=\"Gesch\u00e4tzte Lesezeit\" \/>\n\t<meta name=\"twitter:data1\" content=\"6\u00a0Minuten\" \/>\n<script type=\"application\/ld+json\" class=\"yoast-schema-graph\">{\"@context\":\"https:\/\/schema.org\",\"@graph\":[{\"@type\":\"WebPage\",\"@id\":\"https:\/\/prolifeeurope.org\/de\/spende\/\",\"url\":\"https:\/\/prolifeeurope.org\/de\/spende\/\",\"name\":\"Spenden - ProLife Europe\",\"isPartOf\":{\"@id\":\"https:\/\/prolifeeurope.org\/de\/#website\"},\"datePublished\":\"2024-12-01T22:22:31+00:00\",\"dateModified\":\"2026-04-15T13:17:19+00:00\",\"description\":\"Hilf uns, Studierende daf\u00fcr zu begeistern, die W\u00fcrde des menschlichen Lebens zu verteidigen. Mit deiner Spende k\u00f6nnen wir Leben und Hoffnung in ganz Europa verbreiten.\",\"breadcrumb\":{\"@id\":\"https:\/\/prolifeeurope.org\/de\/spende\/#breadcrumb\"},\"inLanguage\":\"de\",\"potentialAction\":[{\"@type\":\"ReadAction\",\"target\":[\"https:\/\/prolifeeurope.org\/de\/spende\/\"]}]},{\"@type\":\"BreadcrumbList\",\"@id\":\"https:\/\/prolifeeurope.org\/de\/spende\/#breadcrumb\",\"itemListElement\":[{\"@type\":\"ListItem\",\"position\":1,\"name\":\"Home\",\"item\":\"https:\/\/prolifeeurope.org\/de\/\"},{\"@type\":\"ListItem\",\"position\":2,\"name\":\"Spenden\"}]},{\"@type\":\"WebSite\",\"@id\":\"https:\/\/prolifeeurope.org\/de\/#website\",\"url\":\"https:\/\/prolifeeurope.org\/de\/\",\"name\":\"ProLife Europe\",\"description\":\"\",\"publisher\":{\"@id\":\"https:\/\/prolifeeurope.org\/de\/#organization\"},\"potentialAction\":[{\"@type\":\"SearchAction\",\"target\":{\"@type\":\"EntryPoint\",\"urlTemplate\":\"https:\/\/prolifeeurope.org\/de\/?s={search_term_string}\"},\"query-input\":{\"@type\":\"PropertyValueSpecification\",\"valueRequired\":true,\"valueName\":\"search_term_string\"}}],\"inLanguage\":\"de\"},{\"@type\":\"Organization\",\"@id\":\"https:\/\/prolifeeurope.org\/de\/#organization\",\"name\":\"ProLife Europe\",\"url\":\"https:\/\/prolifeeurope.org\/de\/\",\"logo\":{\"@type\":\"ImageObject\",\"inLanguage\":\"de\",\"@id\":\"https:\/\/prolifeeurope.org\/de\/#\/schema\/logo\/image\/\",\"url\":\"https:\/\/prolifeeurope.org\/wp-content\/uploads\/2024\/11\/logo-3.svg\",\"contentUrl\":\"https:\/\/prolifeeurope.org\/wp-content\/uploads\/2024\/11\/logo-3.svg\",\"width\":166,\"height\":170,\"caption\":\"ProLife Europe\"},\"image\":{\"@id\":\"https:\/\/prolifeeurope.org\/de\/#\/schema\/logo\/image\/\"},\"sameAs\":[\"https:\/\/www.facebook.com\/ProLifeEurope\/\",\"https:\/\/www.instagram.com\/prolife_europe\/\",\"https:\/\/www.youtube.com\/channel\/UC7olgmdiSVEHZUiP554XozA\"]}]}<\/script>\n<!-- \/ Yoast SEO plugin. -->","yoast_head_json":{"title":"Spenden - ProLife Europe","description":"Hilf uns, Studierende daf\u00fcr zu begeistern, die W\u00fcrde des menschlichen Lebens zu verteidigen. Mit deiner Spende k\u00f6nnen wir Leben und Hoffnung in ganz Europa verbreiten.","robots":{"index":"index","follow":"follow","max-snippet":"max-snippet:-1","max-image-preview":"max-image-preview:large","max-video-preview":"max-video-preview:-1"},"canonical":"https:\/\/prolifeeurope.org\/de\/spende\/","og_locale":"de_DE","og_type":"article","og_title":"Spenden - ProLife Europe","og_description":"Hilf uns, Studierende daf\u00fcr zu begeistern, die W\u00fcrde des menschlichen Lebens zu verteidigen. Mit deiner Spende k\u00f6nnen wir Leben und Hoffnung in ganz Europa verbreiten.","og_url":"https:\/\/prolifeeurope.org\/de\/spende\/","og_site_name":"ProLife Europe","article_publisher":"https:\/\/www.facebook.com\/ProLifeEurope\/","article_modified_time":"2026-04-15T13:17:19+00:00","twitter_card":"summary_large_image","twitter_misc":{"Gesch\u00e4tzte Lesezeit":"6\u00a0Minuten"},"schema":{"@context":"https:\/\/schema.org","@graph":[{"@type":"WebPage","@id":"https:\/\/prolifeeurope.org\/de\/spende\/","url":"https:\/\/prolifeeurope.org\/de\/spende\/","name":"Spenden - ProLife Europe","isPartOf":{"@id":"https:\/\/prolifeeurope.org\/de\/#website"},"datePublished":"2024-12-01T22:22:31+00:00","dateModified":"2026-04-15T13:17:19+00:00","description":"Hilf uns, Studierende daf\u00fcr zu begeistern, die W\u00fcrde des menschlichen Lebens zu verteidigen. Mit deiner Spende k\u00f6nnen wir Leben und Hoffnung in ganz Europa verbreiten.","breadcrumb":{"@id":"https:\/\/prolifeeurope.org\/de\/spende\/#breadcrumb"},"inLanguage":"de","potentialAction":[{"@type":"ReadAction","target":["https:\/\/prolifeeurope.org\/de\/spende\/"]}]},{"@type":"BreadcrumbList","@id":"https:\/\/prolifeeurope.org\/de\/spende\/#breadcrumb","itemListElement":[{"@type":"ListItem","position":1,"name":"Home","item":"https:\/\/prolifeeurope.org\/de\/"},{"@type":"ListItem","position":2,"name":"Spenden"}]},{"@type":"WebSite","@id":"https:\/\/prolifeeurope.org\/de\/#website","url":"https:\/\/prolifeeurope.org\/de\/","name":"ProLife Europe","description":"","publisher":{"@id":"https:\/\/prolifeeurope.org\/de\/#organization"},"potentialAction":[{"@type":"SearchAction","target":{"@type":"EntryPoint","urlTemplate":"https:\/\/prolifeeurope.org\/de\/?s={search_term_string}"},"query-input":{"@type":"PropertyValueSpecification","valueRequired":true,"valueName":"search_term_string"}}],"inLanguage":"de"},{"@type":"Organization","@id":"https:\/\/prolifeeurope.org\/de\/#organization","name":"ProLife Europe","url":"https:\/\/prolifeeurope.org\/de\/","logo":{"@type":"ImageObject","inLanguage":"de","@id":"https:\/\/prolifeeurope.org\/de\/#\/schema\/logo\/image\/","url":"https:\/\/prolifeeurope.org\/wp-content\/uploads\/2024\/11\/logo-3.svg","contentUrl":"https:\/\/prolifeeurope.org\/wp-content\/uploads\/2024\/11\/logo-3.svg","width":166,"height":170,"caption":"ProLife Europe"},"image":{"@id":"https:\/\/prolifeeurope.org\/de\/#\/schema\/logo\/image\/"},"sameAs":["https:\/\/www.facebook.com\/ProLifeEurope\/","https:\/\/www.instagram.com\/prolife_europe\/","https:\/\/www.youtube.com\/channel\/UC7olgmdiSVEHZUiP554XozA"]}]}},"_links":{"self":[{"href":"https:\/\/prolifeeurope.org\/de\/wp-json\/wp\/v2\/pages\/1933","targetHints":{"allow":["GET"]}}],"collection":[{"href":"https:\/\/prolifeeurope.org\/de\/wp-json\/wp\/v2\/pages"}],"about":[{"href":"https:\/\/prolifeeurope.org\/de\/wp-json\/wp\/v2\/types\/page"}],"author":[{"embeddable":true,"href":"https:\/\/prolifeeurope.org\/de\/wp-json\/wp\/v2\/users\/14"}],"replies":[{"embeddable":true,"href":"https:\/\/prolifeeurope.org\/de\/wp-json\/wp\/v2\/comments?post=1933"}],"version-history":[{"count":16,"href":"https:\/\/prolifeeurope.org\/de\/wp-json\/wp\/v2\/pages\/1933\/revisions"}],"predecessor-version":[{"id":5960,"href":"https:\/\/prolifeeurope.org\/de\/wp-json\/wp\/v2\/pages\/1933\/revisions\/5960"}],"wp:attachment":[{"href":"https:\/\/prolifeeurope.org\/de\/wp-json\/wp\/v2\/media?parent=1933"}],"wp:term":[{"taxonomy":"topic","embeddable":true,"href":"https:\/\/prolifeeurope.org\/de\/wp-json\/wp\/v2\/topic?post=1933"}],"curies":[{"name":"wp","href":"https:\/\/api.w.org\/{rel}","templated":true}]}}